{"id":183,"date":"2023-06-20T16:26:25","date_gmt":"2023-06-20T14:26:25","guid":{"rendered":"http:\/\/localhost\/wordpress\/?page_id=183"},"modified":"2024-05-28T10:21:08","modified_gmt":"2024-05-28T08:21:08","slug":"home","status":"publish","type":"page","link":"https:\/\/www.oddmuseum.it\/","title":{"rendered":"home"},"content":{"rendered":"\t\t<div data-elementor-type=\"wp-page\" data-elementor-id=\"183\" class=\"elementor elementor-183\">\n\t\t\t\t\t\t\t<div class=\"elementor-element elementor-element-91f6538 e-con-full wd-section-stretch e-flex e-con\" data-id=\"91f6538\" data-element_type=\"container\" data-settings=\"{&quot;content_width&quot;:&quot;full&quot;}\">\n\t\t<div class=\"elementor-element elementor-element-7e7faa6 e-con-full e-flex e-con\" data-id=\"7e7faa6\" data-element_type=\"container\" data-settings=\"{&quot;content_width&quot;:&quot;full&quot;}\">\n\t\t\t\t<div class=\"elementor-element elementor-element-090b703 elementor-widget elementor-widget-heading\" data-id=\"090b703\" data-element_type=\"widget\" data-widget_type=\"heading.default\">\n\t\t\t\t<div class=\"elementor-widget-container\">\n\t\t\t<style>\/*! elementor - v3.15.0 - 20-08-2023 *\/\n.elementor-heading-title{padding:0;margin:0;line-height:1}.elementor-widget-heading .elementor-heading-title[class*=elementor-size-]>a{color:inherit;font-size:inherit;line-height:inherit}.elementor-widget-heading .elementor-heading-title.elementor-size-small{font-size:15px}.elementor-widget-heading .elementor-heading-title.elementor-size-medium{font-size:19px}.elementor-widget-heading .elementor-heading-title.elementor-size-large{font-size:29px}.elementor-widget-heading .elementor-heading-title.elementor-size-xl{font-size:39px}.elementor-widget-heading .elementor-heading-title.elementor-size-xxl{font-size:59px}<\/style><h2 class=\"elementor-heading-title elementor-size-default\">CONTESTO STORICO<\/h2>\t\t<\/div>\n\t\t\t\t<\/div>\n\t\t\t\t<div class=\"elementor-element elementor-element-6de1c7b elementor-absolute color-scheme-inherit text-left elementor-widget elementor-widget-text-editor\" data-id=\"6de1c7b\" data-element_type=\"widget\" data-settings=\"{&quot;_position&quot;:&quot;absolute&quot;}\" data-widget_type=\"text-editor.default\">\n\t\t\t\t<div class=\"elementor-widget-container\">\n\t\t\t<style>\/*! elementor - v3.15.0 - 20-08-2023 *\/\n.elementor-widget-text-editor.elementor-drop-cap-view-stacked .elementor-drop-cap{background-color:#69727d;color:#fff}.elementor-widget-text-editor.elementor-drop-cap-view-framed .elementor-drop-cap{color:#69727d;border:3px solid;background-color:transparent}.elementor-widget-text-editor:not(.elementor-drop-cap-view-default) .elementor-drop-cap{margin-top:8px}.elementor-widget-text-editor:not(.elementor-drop-cap-view-default) .elementor-drop-cap-letter{width:1em;height:1em}.elementor-widget-text-editor .elementor-drop-cap{float:left;text-align:center;line-height:1;font-size:50px}.elementor-widget-text-editor .elementor-drop-cap-letter{display:inline-block}<\/style>\t\t\t\t<p><a href=\"https:\/\/www.oddmuseum.it\/?page_id=2766&amp;lang=en\">| ENG<\/a><\/p>\t\t\t\t\t\t<\/div>\n\t\t\t\t<\/div>\n\t\t\t\t<\/div>\n\t\t<div class=\"elementor-element elementor-element-25ca8dc e-con-full e-flex e-con\" data-id=\"25ca8dc\" data-element_type=\"container\" data-settings=\"{&quot;content_width&quot;:&quot;full&quot;,&quot;position&quot;:&quot;absolute&quot;}\">\n\t\t\t\t<\/div>\n\t\t\t\t<\/div>\n\t\t<div class=\"elementor-element elementor-element-a1d678f e-con-full wd-section-stretch e-flex e-con\" data-id=\"a1d678f\" data-element_type=\"container\" data-settings=\"{&quot;content_width&quot;:&quot;full&quot;,&quot;background_background&quot;:&quot;classic&quot;}\">\n\t\t\t\t<div class=\"elementor-element elementor-element-701cd21 elementor-widget elementor-widget-fpg-carousel\" data-id=\"701cd21\" data-element_type=\"widget\" data-widget_type=\"fpg-carousel.default\">\n\t\t\t\t<div class=\"elementor-widget-container\">\n\t\t\t<div class=\"clearfix\"><\/div><style type=\"text\/css\">.fpg-general-container.fpg-container-number-1 {\n\t\t\t\tfont-family:;\n\t\t\t}\n\t\t\t.fpg-grid.fpg-1 h1 {\n\t\t\t\tfont-size:px;\n\t\t\t}\n\t\t\t.fpg-grid.fpg-1 p, .fpg-grid.fpg-1 .fpg-read-more,\n\t\t\t.fpg-container-portfolio,\n\t\t\t.fpg-header-container\n\t\t\t {\n\t\t\t\tfont-size:px;\n\t\t\t}.fpg-container-number-1 .fpg-pagination span {\n\t\t\t\tcolor:#000000;\n\t\t\t}\n\t\t\t.fpg-container-number-1 .fpg-pagination a {\n\t\t\t\tcolor:#FFFFFF;\t\n\t\t\t}\n\t\t\t.fpg-container-number-1 .fpg-pagination a:hover {\n\t\t\t\tcolor:#000000;\t\n\t\t\t}.fpg-container-number-1.sangiovanni .fpg-grid-item .ac-container {\n\t\t\t\tbackground:#D3D800;\t\n\t\t\t}\n\t\t\t.fpg-container-number-1.sangiovanni .fpg-grid-item .title {\n\t\t\t\tcolor:#FFFFFF;\n\t\t\t}\n\t\t\t.fpg-container-number-1.sangiovanni .fpg-grid-item .ac-icon a,\n\t\t\t.fpg-container-number-1.sangiovanni .owl-theme .owl-controls .owl-dots  span {\n\t\t\t\tborder-color:#747474;\n\t\t\t}\n\t\t\t.fpg-container-number-1.sangiovanni .fpg-grid-item .ac-icon a {\n\t\t\t\tcolor:#FFFFFF;\n\t\t\t}\n\t\t\t.fpg-container-number-1.sangiovanni .fpg-grid-item .ac-icon a:hover {\n\t\t\t\tcolor:#000000;\n\t\t\t\tborder-color:#000000;\n\t\t\t}\n\t\t\t.fpg-container-number-1.sangiovanni .owl-next,\n\t\t\t.fpg-container-number-1.sangiovanni .owl-prev {\n\t\t\t\tcolor:#FFFFFF!important;\n\t\t\t}\n\t\t\t.fpg-container-number-1.sangiovanni .owl-next:hover,\n\t\t\t.fpg-container-number-1.sangiovanni .owl-prev:hover {\n\t\t\t\tcolor:#000000;\n\t\t\t}\n\t\t\t.fpg-container-number-1.sangiovanni .fpg-grid-item .text {\n\t\t\t\tfont-size:px;\n\t\t\t}\n\t\t\t<\/style><div class=\"fpg-general-container fpg-container-number-1 sangiovanni\"><div \r\n\t\t\t\t\t\t\tdata-fpg-carousel-owl-items=\"2\" \r\n\t\t\t\t\t\t\tdata-fpg-carousel-owl-items-900=\"2\" \r\n\t\t\t\t\t\t\tdata-fpg-carousel-owl-items-600=\"2\" \r\n\t\t\t\t\t\t\tdata-fpg-carousel-owl-loop=\"true\" \r\n\t\t\t\t\t\t\tdata-fpg-carousel-owl-autoplay=\"3000\" \r\n\t\t\t\t\t\t\tdata-fpg-carousel-owl-smart-speed=\"3000\" \r\n\t\t\t\t\t\t\tdata-fpg-carousel-owl-navigation=\"true\" \r\n\t\t\t\t\t\t\tdata-fpg-carousel-owl-pagination=\"false\" \r\n\t\t\t\t\t\t\tdata-fpg-carousel-owl-margin=\"10\" \r\n\t\t\t\t\t\t\tdata-fpg-carousel-owl-rtl=\"false\"\t\r\n\t\tclass=\"fpg-container fpg-type-carousel grid-columns-1 fpg-grid fpg-icon  fpg-1 sangiovanni wpfpg_grid \"><figure class=\"fpg-grid-item\"><img decoding=\"async\" class=\"fpg-thumbs\" src=\"https:\/\/www.oddmuseum.it\/wp-content\/uploads\/2023\/06\/nuova-timeline_GENERICA-giusta-01-800x500.jpg\" alt=\"1870\"><div class=\"ac-container\">\t<h1 class=\"title\">1870<\/h1>\r\n\t\t\t\t\t\t\t\t<div class=\"ac-icon\">\r\n                           \t\t\t<div class=\"line-top\"><\/div>\r\n                            \t\t<div class=\"text\">Iniziata convenzionalmente nel 1870,\nla seconda rivoluzione ha comportato una trasformazione radicale nella vita e nelle prospettive del genere umano <\/div>\r\n                            \t\t<div class=\"line-bottom\"><\/div>\r\n\t\t\t\t\t\t\t\t\t<div class=\"ac-social-container\"><a target=\"_blank\" class=\"icon-facebook fa fa-facebook\" href=\"http:\/\/www.facebook.com\/sharer.php?u=https:\/\/www.oddmuseum.it\/?p=695&amp;t=1870\" title=\"Click to share this post on Facebook\"><\/a>\r\n\t\t\t\t\t\t\t\t\t\t\t\t<a target=\"_blank\" class=\"icon-twitter fa fa-twitter\" href=\"http:\/\/twitter.com\/home?status=https:\/\/www.oddmuseum.it\/?p=695\" title=\"Click to share this post on Twitter\"><\/a>\r\n        \t\t\t\t\t\t\t\t\t\t<a target=\"_blank\" class=\"icon-pinterest fa fa-pinterest\" href=\"http:\/\/pinterest.com\/pin\/create\/button\/?url=https%3A%2F%2Fwww.oddmuseum.it%2F%3Fp%3D695&media=https:\/\/www.oddmuseum.it\/wp-content\/uploads\/2023\/06\/nuova-timeline_GENERICA-giusta-01-scaled.jpg&description=1870\" title=\"Click to share this post on Pinterest\"><\/a><\/div>\r\n\t\t\t\t\t\t\t\t<\/div>\r\n\t\t\t\t\t\t   <\/div><\/figure><figure class=\"fpg-grid-item\"><img decoding=\"async\" class=\"fpg-thumbs\" src=\"https:\/\/www.oddmuseum.it\/wp-content\/uploads\/2023\/06\/nuova-timeline_GENERICA-giusta-02-800x500.jpg\" alt=\"1871\"><div class=\"ac-container\">\t<h1 class=\"title\">1871<\/h1>\r\n\t\t\t\t\t\t\t\t<div class=\"ac-icon\">\r\n                           \t\t\t<div class=\"line-top\"><\/div>\r\n                            \t\t<div class=\"text\">Dopo la presa di Porta Pia, Roma viene proclamata capitale d\u2019Italia con la legge n.33 del 3 febbraio del 1871.\n<\/div>\r\n                            \t\t<div class=\"line-bottom\"><\/div>\r\n\t\t\t\t\t\t\t\t\t<div class=\"ac-social-container\"><a target=\"_blank\" class=\"icon-facebook fa fa-facebook\" href=\"http:\/\/www.facebook.com\/sharer.php?u=https:\/\/www.oddmuseum.it\/?p=701&amp;t=1871\" title=\"Click to share this post on Facebook\"><\/a>\r\n\t\t\t\t\t\t\t\t\t\t\t\t<a target=\"_blank\" class=\"icon-twitter fa fa-twitter\" href=\"http:\/\/twitter.com\/home?status=https:\/\/www.oddmuseum.it\/?p=701\" title=\"Click to share this post on Twitter\"><\/a>\r\n        \t\t\t\t\t\t\t\t\t\t<a target=\"_blank\" class=\"icon-pinterest fa fa-pinterest\" href=\"http:\/\/pinterest.com\/pin\/create\/button\/?url=https%3A%2F%2Fwww.oddmuseum.it%2F%3Fp%3D701&media=https:\/\/www.oddmuseum.it\/wp-content\/uploads\/2023\/06\/nuova-timeline_GENERICA-giusta-02-scaled.jpg&description=1871\" title=\"Click to share this post on Pinterest\"><\/a><\/div>\r\n\t\t\t\t\t\t\t\t<\/div>\r\n\t\t\t\t\t\t   <\/div><\/figure><figure class=\"fpg-grid-item\"><img decoding=\"async\" class=\"fpg-thumbs\" src=\"https:\/\/www.oddmuseum.it\/wp-content\/uploads\/2023\/06\/nuova-timeline_GENERICA-giusta-03-800x500.jpg\" alt=\"1872\"><div class=\"ac-container\">\t<h1 class=\"title\">1872<\/h1>\r\n\t\t\t\t\t\t\t\t<div class=\"ac-icon\">\r\n                           \t\t\t<div class=\"line-top\"><\/div>\r\n                            \t\t<div class=\"text\">Negli Stati Uniti si diffonde la vendita a distanza su catalogo, nata per sopperire alle difficolt\u00e0 di approvvigionamento delle merci. \n\n<\/div>\r\n                            \t\t<div class=\"line-bottom\"><\/div>\r\n\t\t\t\t\t\t\t\t\t<div class=\"ac-social-container\"><a target=\"_blank\" class=\"icon-facebook fa fa-facebook\" href=\"http:\/\/www.facebook.com\/sharer.php?u=https:\/\/www.oddmuseum.it\/?p=712&amp;t=1872\" title=\"Click to share this post on Facebook\"><\/a>\r\n\t\t\t\t\t\t\t\t\t\t\t\t<a target=\"_blank\" class=\"icon-twitter fa fa-twitter\" href=\"http:\/\/twitter.com\/home?status=https:\/\/www.oddmuseum.it\/?p=712\" title=\"Click to share this post on Twitter\"><\/a>\r\n        \t\t\t\t\t\t\t\t\t\t<a target=\"_blank\" class=\"icon-pinterest fa fa-pinterest\" href=\"http:\/\/pinterest.com\/pin\/create\/button\/?url=https%3A%2F%2Fwww.oddmuseum.it%2F%3Fp%3D712&media=https:\/\/www.oddmuseum.it\/wp-content\/uploads\/2023\/06\/nuova-timeline_GENERICA-giusta-03-scaled.jpg&description=1872\" title=\"Click to share this post on Pinterest\"><\/a><\/div>\r\n\t\t\t\t\t\t\t\t<\/div>\r\n\t\t\t\t\t\t   <\/div><\/figure><figure class=\"fpg-grid-item\"><img decoding=\"async\" class=\"fpg-thumbs\" src=\"https:\/\/www.oddmuseum.it\/wp-content\/uploads\/2023\/06\/nuova-timeline_GENERICA-giusta-04-800x500.jpg\" alt=\"1873\"><div class=\"ac-container\">\t<h1 class=\"title\">1873<\/h1>\r\n\t\t\t\t\t\t\t\t<div class=\"ac-icon\">\r\n                           \t\t\t<div class=\"line-top\"><\/div>\r\n                            \t\t<div class=\"text\">Una crisi economica dei settori agrario e industriale che inizia a Vienna e si propaga fino agli Stati Uniti, caratterizzata da una forte deflazione.<\/div>\r\n                            \t\t<div class=\"line-bottom\"><\/div>\r\n\t\t\t\t\t\t\t\t\t<div class=\"ac-social-container\"><a target=\"_blank\" class=\"icon-facebook fa fa-facebook\" href=\"http:\/\/www.facebook.com\/sharer.php?u=https:\/\/www.oddmuseum.it\/?p=715&amp;t=1873\" title=\"Click to share this post on Facebook\"><\/a>\r\n\t\t\t\t\t\t\t\t\t\t\t\t<a target=\"_blank\" class=\"icon-twitter fa fa-twitter\" href=\"http:\/\/twitter.com\/home?status=https:\/\/www.oddmuseum.it\/?p=715\" title=\"Click to share this post on Twitter\"><\/a>\r\n        \t\t\t\t\t\t\t\t\t\t<a target=\"_blank\" class=\"icon-pinterest fa fa-pinterest\" href=\"http:\/\/pinterest.com\/pin\/create\/button\/?url=https%3A%2F%2Fwww.oddmuseum.it%2F%3Fp%3D715&media=https:\/\/www.oddmuseum.it\/wp-content\/uploads\/2023\/06\/nuova-timeline_GENERICA-giusta-04-scaled.jpg&description=1873\" title=\"Click to share this post on Pinterest\"><\/a><\/div>\r\n\t\t\t\t\t\t\t\t<\/div>\r\n\t\t\t\t\t\t   <\/div><\/figure><figure class=\"fpg-grid-item\"><img decoding=\"async\" class=\"fpg-thumbs\" src=\"https:\/\/www.oddmuseum.it\/wp-content\/uploads\/2023\/06\/nuova-timeline_GENERICA-giusta-05-800x500.jpg\" alt=\"1874\"><div class=\"ac-container\">\t<h1 class=\"title\">1874<\/h1>\r\n\t\t\t\t\t\t\t\t<div class=\"ac-icon\">\r\n                           \t\t\t<div class=\"line-top\"><\/div>\r\n                            \t\t<div class=\"text\">Si tiene a Parigi la prima mostra ufficiale degli Impressionisti, presso l\u2019atelier di Felix Nadar, che inaugura una nuova fase della storia dell\u2019arte.\n<\/div>\r\n                            \t\t<div class=\"line-bottom\"><\/div>\r\n\t\t\t\t\t\t\t\t\t<div class=\"ac-social-container\"><a target=\"_blank\" class=\"icon-facebook fa fa-facebook\" href=\"http:\/\/www.facebook.com\/sharer.php?u=https:\/\/www.oddmuseum.it\/?p=718&amp;t=1874\" title=\"Click to share this post on Facebook\"><\/a>\r\n\t\t\t\t\t\t\t\t\t\t\t\t<a target=\"_blank\" class=\"icon-twitter fa fa-twitter\" href=\"http:\/\/twitter.com\/home?status=https:\/\/www.oddmuseum.it\/?p=718\" title=\"Click to share this post on Twitter\"><\/a>\r\n        \t\t\t\t\t\t\t\t\t\t<a target=\"_blank\" class=\"icon-pinterest fa fa-pinterest\" href=\"http:\/\/pinterest.com\/pin\/create\/button\/?url=https%3A%2F%2Fwww.oddmuseum.it%2F%3Fp%3D718&media=https:\/\/www.oddmuseum.it\/wp-content\/uploads\/2023\/06\/nuova-timeline_GENERICA-giusta-05-scaled.jpg&description=1874\" title=\"Click to share this post on Pinterest\"><\/a><\/div>\r\n\t\t\t\t\t\t\t\t<\/div>\r\n\t\t\t\t\t\t   <\/div><\/figure><figure class=\"fpg-grid-item\"><img decoding=\"async\" class=\"fpg-thumbs\" src=\"https:\/\/www.oddmuseum.it\/wp-content\/uploads\/2023\/06\/nuova-timeline_GENERICA-giusta-06-800x500.jpg\" alt=\"1875\"><div class=\"ac-container\">\t<h1 class=\"title\">1875<\/h1>\r\n\t\t\t\t\t\t\t\t<div class=\"ac-icon\">\r\n                           \t\t\t<div class=\"line-top\"><\/div>\r\n                            \t\t<div class=\"text\">Costruzione del villaggio degli operai a Crespi d\u2019Adda, che risponde all'esigenza di conciliare casa e lavoro in un unico centro abitato. <\/div>\r\n                            \t\t<div class=\"line-bottom\"><\/div>\r\n\t\t\t\t\t\t\t\t\t<div class=\"ac-social-container\"><a target=\"_blank\" class=\"icon-facebook fa fa-facebook\" href=\"http:\/\/www.facebook.com\/sharer.php?u=https:\/\/www.oddmuseum.it\/?p=721&amp;t=1875\" title=\"Click to share this post on Facebook\"><\/a>\r\n\t\t\t\t\t\t\t\t\t\t\t\t<a target=\"_blank\" class=\"icon-twitter fa fa-twitter\" href=\"http:\/\/twitter.com\/home?status=https:\/\/www.oddmuseum.it\/?p=721\" title=\"Click to share this post on Twitter\"><\/a>\r\n        \t\t\t\t\t\t\t\t\t\t<a target=\"_blank\" class=\"icon-pinterest fa fa-pinterest\" href=\"http:\/\/pinterest.com\/pin\/create\/button\/?url=https%3A%2F%2Fwww.oddmuseum.it%2F%3Fp%3D721&media=https:\/\/www.oddmuseum.it\/wp-content\/uploads\/2023\/06\/nuova-timeline_GENERICA-giusta-06-scaled.jpg&description=1875\" title=\"Click to share this post on Pinterest\"><\/a><\/div>\r\n\t\t\t\t\t\t\t\t<\/div>\r\n\t\t\t\t\t\t   <\/div><\/figure><figure class=\"fpg-grid-item\"><img decoding=\"async\" class=\"fpg-thumbs\" src=\"https:\/\/www.oddmuseum.it\/wp-content\/uploads\/2023\/06\/nuova-timeline_GENERICA-giusta-07-800x500.jpg\" alt=\"1876\"><div class=\"ac-container\">\t<h1 class=\"title\">1876<\/h1>\r\n\t\t\t\t\t\t\t\t<div class=\"ac-icon\">\r\n                           \t\t\t<div class=\"line-top\"><\/div>\r\n                            \t\t<div class=\"text\">Altri avvenimenti:<br>\n-Invenzione del telefono.<br>\n-Si svolge la Milano-Torino, la prima corsa ciclistica al mondo.<br>\n<\/div>\r\n                            \t\t<div class=\"line-bottom\"><\/div>\r\n\t\t\t\t\t\t\t\t\t<div class=\"ac-social-container\"><a target=\"_blank\" class=\"icon-facebook fa fa-facebook\" href=\"http:\/\/www.facebook.com\/sharer.php?u=https:\/\/www.oddmuseum.it\/?p=727&amp;t=1876\" title=\"Click to share this post on Facebook\"><\/a>\r\n\t\t\t\t\t\t\t\t\t\t\t\t<a target=\"_blank\" class=\"icon-twitter fa fa-twitter\" href=\"http:\/\/twitter.com\/home?status=https:\/\/www.oddmuseum.it\/?p=727\" title=\"Click to share this post on Twitter\"><\/a>\r\n        \t\t\t\t\t\t\t\t\t\t<a target=\"_blank\" class=\"icon-pinterest fa fa-pinterest\" href=\"http:\/\/pinterest.com\/pin\/create\/button\/?url=https%3A%2F%2Fwww.oddmuseum.it%2F%3Fp%3D727&media=https:\/\/www.oddmuseum.it\/wp-content\/uploads\/2023\/06\/nuova-timeline_GENERICA-giusta-07-scaled.jpg&description=1876\" title=\"Click to share this post on Pinterest\"><\/a><\/div>\r\n\t\t\t\t\t\t\t\t<\/div>\r\n\t\t\t\t\t\t   <\/div><\/figure><figure class=\"fpg-grid-item\"><img decoding=\"async\" class=\"fpg-thumbs\" src=\"https:\/\/www.oddmuseum.it\/wp-content\/uploads\/2023\/06\/nuova-timeline_GENERICA-giusta-08-800x500.jpg\" alt=\"1877\"><div class=\"ac-container\">\t<h1 class=\"title\">1877<\/h1>\r\n\t\t\t\t\t\t\t\t<div class=\"ac-icon\">\r\n                           \t\t\t<div class=\"line-top\"><\/div>\r\n                            \t\t<div class=\"text\">Il fonografo \u00e8 stato progettato da T.A. Edison.<br>\nAltri avvenimenti:<br>\n-Nasce \u201cAlle citt\u00e0 d\u2019Italia\u201d, il primo grande magazzino italiano<br>\n\n<\/div>\r\n                            \t\t<div class=\"line-bottom\"><\/div>\r\n\t\t\t\t\t\t\t\t\t<div class=\"ac-social-container\"><a target=\"_blank\" class=\"icon-facebook fa fa-facebook\" href=\"http:\/\/www.facebook.com\/sharer.php?u=https:\/\/www.oddmuseum.it\/?p=734&amp;t=1877\" title=\"Click to share this post on Facebook\"><\/a>\r\n\t\t\t\t\t\t\t\t\t\t\t\t<a target=\"_blank\" class=\"icon-twitter fa fa-twitter\" href=\"http:\/\/twitter.com\/home?status=https:\/\/www.oddmuseum.it\/?p=734\" title=\"Click to share this post on Twitter\"><\/a>\r\n        \t\t\t\t\t\t\t\t\t\t<a target=\"_blank\" class=\"icon-pinterest fa fa-pinterest\" href=\"http:\/\/pinterest.com\/pin\/create\/button\/?url=https%3A%2F%2Fwww.oddmuseum.it%2F%3Fp%3D734&media=https:\/\/www.oddmuseum.it\/wp-content\/uploads\/2023\/06\/nuova-timeline_GENERICA-giusta-08-scaled.jpg&description=1877\" title=\"Click to share this post on Pinterest\"><\/a><\/div>\r\n\t\t\t\t\t\t\t\t<\/div>\r\n\t\t\t\t\t\t   <\/div><\/figure><figure class=\"fpg-grid-item\"><img decoding=\"async\" class=\"fpg-thumbs\" src=\"https:\/\/www.oddmuseum.it\/wp-content\/uploads\/2023\/06\/nuova-timeline_GENERICA-giusta-09-800x500.jpg\" alt=\"1878\"><div class=\"ac-container\">\t<h1 class=\"title\">1878<\/h1>\r\n\t\t\t\t\t\t\t\t<div class=\"ac-icon\">\r\n                           \t\t\t<div class=\"line-top\"><\/div>\r\n                            \t\t<div class=\"text\">Uno dei primi eventi femministi del mondo occidentale. Si \u00e8 concentrato prevalentemente sul miglioramento dei diritti delle donne nella vita quotidiana<\/div>\r\n                            \t\t<div class=\"line-bottom\"><\/div>\r\n\t\t\t\t\t\t\t\t\t<div class=\"ac-social-container\"><a target=\"_blank\" class=\"icon-facebook fa fa-facebook\" href=\"http:\/\/www.facebook.com\/sharer.php?u=https:\/\/www.oddmuseum.it\/?p=737&amp;t=1878\" title=\"Click to share this post on Facebook\"><\/a>\r\n\t\t\t\t\t\t\t\t\t\t\t\t<a target=\"_blank\" class=\"icon-twitter fa fa-twitter\" href=\"http:\/\/twitter.com\/home?status=https:\/\/www.oddmuseum.it\/?p=737\" title=\"Click to share this post on Twitter\"><\/a>\r\n        \t\t\t\t\t\t\t\t\t\t<a target=\"_blank\" class=\"icon-pinterest fa fa-pinterest\" href=\"http:\/\/pinterest.com\/pin\/create\/button\/?url=https%3A%2F%2Fwww.oddmuseum.it%2F%3Fp%3D737&media=https:\/\/www.oddmuseum.it\/wp-content\/uploads\/2023\/06\/nuova-timeline_GENERICA-giusta-09-scaled.jpg&description=1878\" title=\"Click to share this post on Pinterest\"><\/a><\/div>\r\n\t\t\t\t\t\t\t\t<\/div>\r\n\t\t\t\t\t\t   <\/div><\/figure><figure class=\"fpg-grid-item\"><img decoding=\"async\" class=\"fpg-thumbs\" src=\"https:\/\/www.oddmuseum.it\/wp-content\/uploads\/2023\/06\/nuova-timeline_GENERICA-giusta-10-800x500.jpg\" alt=\"1879\"><div class=\"ac-container\">\t<h1 class=\"title\">1879<\/h1>\r\n\t\t\t\t\t\t\t\t<div class=\"ac-icon\">\r\n                           \t\t\t<div class=\"line-top\"><\/div>\r\n                            \t\t<div class=\"text\">Inventata e brevettata da Joseph Swan nel 1878, la lampadina verr\u00e0 poi migliorata e presentata al pubblico nel 1879 da Thomas Edison.\n\n<\/div>\r\n                            \t\t<div class=\"line-bottom\"><\/div>\r\n\t\t\t\t\t\t\t\t\t<div class=\"ac-social-container\"><a target=\"_blank\" class=\"icon-facebook fa fa-facebook\" href=\"http:\/\/www.facebook.com\/sharer.php?u=https:\/\/www.oddmuseum.it\/?p=761&amp;t=1879\" title=\"Click to share this post on Facebook\"><\/a>\r\n\t\t\t\t\t\t\t\t\t\t\t\t<a target=\"_blank\" class=\"icon-twitter fa fa-twitter\" href=\"http:\/\/twitter.com\/home?status=https:\/\/www.oddmuseum.it\/?p=761\" title=\"Click to share this post on Twitter\"><\/a>\r\n        \t\t\t\t\t\t\t\t\t\t<a target=\"_blank\" class=\"icon-pinterest fa fa-pinterest\" href=\"http:\/\/pinterest.com\/pin\/create\/button\/?url=https%3A%2F%2Fwww.oddmuseum.it%2F%3Fp%3D761&media=https:\/\/www.oddmuseum.it\/wp-content\/uploads\/2023\/06\/nuova-timeline_GENERICA-giusta-10-scaled.jpg&description=1879\" title=\"Click to share this post on Pinterest\"><\/a><\/div>\r\n\t\t\t\t\t\t\t\t<\/div>\r\n\t\t\t\t\t\t   <\/div><\/figure><figure class=\"fpg-grid-item\"><img decoding=\"async\" class=\"fpg-thumbs\" src=\"https:\/\/www.oddmuseum.it\/wp-content\/uploads\/2023\/06\/nuova-timeline_GENERICA-giusta-11-800x500.jpg\" alt=\"1880\"><div class=\"ac-container\">\t<h1 class=\"title\">1880<\/h1>\r\n\t\t\t\t\t\t\t\t<div class=\"ac-icon\">\r\n                           \t\t\t<div class=\"line-top\"><\/div>\r\n                            \t\t<div class=\"text\">La richiesta di elettricit\u00e0 \u00e8 in continua crescita, sia per le industrie che per i privati. Nasce cos\u00ec la Holborn Viaduct della Edison Company, la prima centrale elettrica del mondo<\/div>\r\n                            \t\t<div class=\"line-bottom\"><\/div>\r\n\t\t\t\t\t\t\t\t\t<div class=\"ac-social-container\"><a target=\"_blank\" class=\"icon-facebook fa fa-facebook\" href=\"http:\/\/www.facebook.com\/sharer.php?u=https:\/\/www.oddmuseum.it\/?p=764&amp;t=1880\" title=\"Click to share this post on Facebook\"><\/a>\r\n\t\t\t\t\t\t\t\t\t\t\t\t<a target=\"_blank\" class=\"icon-twitter fa fa-twitter\" href=\"http:\/\/twitter.com\/home?status=https:\/\/www.oddmuseum.it\/?p=764\" title=\"Click to share this post on Twitter\"><\/a>\r\n        \t\t\t\t\t\t\t\t\t\t<a target=\"_blank\" class=\"icon-pinterest fa fa-pinterest\" href=\"http:\/\/pinterest.com\/pin\/create\/button\/?url=https%3A%2F%2Fwww.oddmuseum.it%2F%3Fp%3D764&media=https:\/\/www.oddmuseum.it\/wp-content\/uploads\/2023\/06\/nuova-timeline_GENERICA-giusta-11-scaled.jpg&description=1880\" title=\"Click to share this post on Pinterest\"><\/a><\/div>\r\n\t\t\t\t\t\t\t\t<\/div>\r\n\t\t\t\t\t\t   <\/div><\/figure><figure class=\"fpg-grid-item\"><img decoding=\"async\" class=\"fpg-thumbs\" src=\"https:\/\/www.oddmuseum.it\/wp-content\/uploads\/2023\/06\/nuova-timeline_GENERICA-giusta-12-800x500.jpg\" alt=\"1881\"><div class=\"ac-container\">\t<h1 class=\"title\">1881<\/h1>\r\n\t\t\t\t\t\t\t\t<div class=\"ac-icon\">\r\n                           \t\t\t<div class=\"line-top\"><\/div>\r\n                            \t\t<div class=\"text\">Il pi\u00f9 grande complesso armatoriale mai realizzato in Italia fino ad allora, nato dalla fusione delle compagnie di navigazione Florio e Rubattino.\n\n\n\n<\/div>\r\n                            \t\t<div class=\"line-bottom\"><\/div>\r\n\t\t\t\t\t\t\t\t\t<div class=\"ac-social-container\"><a target=\"_blank\" class=\"icon-facebook fa fa-facebook\" href=\"http:\/\/www.facebook.com\/sharer.php?u=https:\/\/www.oddmuseum.it\/?p=768&amp;t=1881\" title=\"Click to share this post on Facebook\"><\/a>\r\n\t\t\t\t\t\t\t\t\t\t\t\t<a target=\"_blank\" class=\"icon-twitter fa fa-twitter\" href=\"http:\/\/twitter.com\/home?status=https:\/\/www.oddmuseum.it\/?p=768\" title=\"Click to share this post on Twitter\"><\/a>\r\n        \t\t\t\t\t\t\t\t\t\t<a target=\"_blank\" class=\"icon-pinterest fa fa-pinterest\" href=\"http:\/\/pinterest.com\/pin\/create\/button\/?url=https%3A%2F%2Fwww.oddmuseum.it%2F%3Fp%3D768&media=https:\/\/www.oddmuseum.it\/wp-content\/uploads\/2023\/06\/nuova-timeline_GENERICA-giusta-12-scaled.jpg&description=1881\" title=\"Click to share this post on Pinterest\"><\/a><\/div>\r\n\t\t\t\t\t\t\t\t<\/div>\r\n\t\t\t\t\t\t   <\/div><\/figure><figure class=\"fpg-grid-item\"><img decoding=\"async\" class=\"fpg-thumbs\" src=\"https:\/\/www.oddmuseum.it\/wp-content\/uploads\/2023\/06\/nuova-timeline_GENERICA-giusta-13-800x500.jpg\" alt=\"1882\"><div class=\"ac-container\">\t<h1 class=\"title\">1882<\/h1>\r\n\t\t\t\t\t\t\t\t<div class=\"ac-icon\">\r\n                           \t\t\t<div class=\"line-top\"><\/div>\r\n                            \t\t<div class=\"text\">Robert Koch identifica il bacillo che causa la tubercolosi, una delle malattie pi\u00f9 temute e pericolose dell\u2019epoca.\n<\/div>\r\n                            \t\t<div class=\"line-bottom\"><\/div>\r\n\t\t\t\t\t\t\t\t\t<div class=\"ac-social-container\"><a target=\"_blank\" class=\"icon-facebook fa fa-facebook\" href=\"http:\/\/www.facebook.com\/sharer.php?u=https:\/\/www.oddmuseum.it\/?p=772&amp;t=1882\" title=\"Click to share this post on Facebook\"><\/a>\r\n\t\t\t\t\t\t\t\t\t\t\t\t<a target=\"_blank\" class=\"icon-twitter fa fa-twitter\" href=\"http:\/\/twitter.com\/home?status=https:\/\/www.oddmuseum.it\/?p=772\" title=\"Click to share this post on Twitter\"><\/a>\r\n        \t\t\t\t\t\t\t\t\t\t<a target=\"_blank\" class=\"icon-pinterest fa fa-pinterest\" href=\"http:\/\/pinterest.com\/pin\/create\/button\/?url=https%3A%2F%2Fwww.oddmuseum.it%2F%3Fp%3D772&media=https:\/\/www.oddmuseum.it\/wp-content\/uploads\/2023\/06\/nuova-timeline_GENERICA-giusta-13-scaled.jpg&description=1882\" title=\"Click to share this post on Pinterest\"><\/a><\/div>\r\n\t\t\t\t\t\t\t\t<\/div>\r\n\t\t\t\t\t\t   <\/div><\/figure><figure class=\"fpg-grid-item\"><img decoding=\"async\" class=\"fpg-thumbs\" src=\"https:\/\/www.oddmuseum.it\/wp-content\/uploads\/2023\/06\/nuova-timeline_GENERICA-giusta-14-800x500.jpg\" alt=\"1883\"><div class=\"ac-container\">\t<h1 class=\"title\">1883<\/h1>\r\n\t\t\t\t\t\t\t\t<div class=\"ac-icon\">\r\n                           \t\t\t<div class=\"line-top\"><\/div>\r\n                            \t\t<div class=\"text\">Il Teatro Alla Scala di Milano viene illuminato per la prima volta con l\u2019energia elettrica, in occasione della prima della Gioconda di Ponichelli, con 2450 lampadine elettriche.<\/div>\r\n                            \t\t<div class=\"line-bottom\"><\/div>\r\n\t\t\t\t\t\t\t\t\t<div class=\"ac-social-container\"><a target=\"_blank\" class=\"icon-facebook fa fa-facebook\" href=\"http:\/\/www.facebook.com\/sharer.php?u=https:\/\/www.oddmuseum.it\/?p=775&amp;t=1883\" title=\"Click to share this post on Facebook\"><\/a>\r\n\t\t\t\t\t\t\t\t\t\t\t\t<a target=\"_blank\" class=\"icon-twitter fa fa-twitter\" href=\"http:\/\/twitter.com\/home?status=https:\/\/www.oddmuseum.it\/?p=775\" title=\"Click to share this post on Twitter\"><\/a>\r\n        \t\t\t\t\t\t\t\t\t\t<a target=\"_blank\" class=\"icon-pinterest fa fa-pinterest\" href=\"http:\/\/pinterest.com\/pin\/create\/button\/?url=https%3A%2F%2Fwww.oddmuseum.it%2F%3Fp%3D775&media=https:\/\/www.oddmuseum.it\/wp-content\/uploads\/2023\/06\/nuova-timeline_GENERICA-giusta-14-scaled.jpg&description=1883\" title=\"Click to share this post on Pinterest\"><\/a><\/div>\r\n\t\t\t\t\t\t\t\t<\/div>\r\n\t\t\t\t\t\t   <\/div><\/figure><figure class=\"fpg-grid-item\"><img decoding=\"async\" class=\"fpg-thumbs\" src=\"https:\/\/www.oddmuseum.it\/wp-content\/uploads\/2023\/06\/nuova-timeline_GENERICA-giusta-15-800x500.jpg\" alt=\"1884\"><div class=\"ac-container\">\t<h1 class=\"title\">1884<\/h1>\r\n\t\t\t\t\t\t\t\t<div class=\"ac-icon\">\r\n                           \t\t\t<div class=\"line-top\"><\/div>\r\n                            \t\t<div class=\"text\">Nasce a Parigi il Salon des Ind\u00e9pendants, un\u2019esposizione d\u2019arte avanguardista.\n<\/div>\r\n                            \t\t<div class=\"line-bottom\"><\/div>\r\n\t\t\t\t\t\t\t\t\t<div class=\"ac-social-container\"><a target=\"_blank\" class=\"icon-facebook fa fa-facebook\" href=\"http:\/\/www.facebook.com\/sharer.php?u=https:\/\/www.oddmuseum.it\/?p=778&amp;t=1884\" title=\"Click to share this post on Facebook\"><\/a>\r\n\t\t\t\t\t\t\t\t\t\t\t\t<a target=\"_blank\" class=\"icon-twitter fa fa-twitter\" href=\"http:\/\/twitter.com\/home?status=https:\/\/www.oddmuseum.it\/?p=778\" title=\"Click to share this post on Twitter\"><\/a>\r\n        \t\t\t\t\t\t\t\t\t\t<a target=\"_blank\" class=\"icon-pinterest fa fa-pinterest\" href=\"http:\/\/pinterest.com\/pin\/create\/button\/?url=https%3A%2F%2Fwww.oddmuseum.it%2F%3Fp%3D778&media=https:\/\/www.oddmuseum.it\/wp-content\/uploads\/2023\/06\/nuova-timeline_GENERICA-giusta-15-scaled.jpg&description=1884\" title=\"Click to share this post on Pinterest\"><\/a><\/div>\r\n\t\t\t\t\t\t\t\t<\/div>\r\n\t\t\t\t\t\t   <\/div><\/figure><figure class=\"fpg-grid-item\"><img decoding=\"async\" class=\"fpg-thumbs\" src=\"https:\/\/www.oddmuseum.it\/wp-content\/uploads\/2023\/06\/nuova-timeline_GENERICA-giusta-16-800x500.jpg\" alt=\"1885\"><div class=\"ac-container\">\t<h1 class=\"title\">1885<\/h1>\r\n\t\t\t\t\t\t\t\t<div class=\"ac-icon\">\r\n                           \t\t\t<div class=\"line-top\"><\/div>\r\n                            \t\t<div class=\"text\">Dopo aver testato il vaccino con successo sugli animali, Pasteur decide di provarlo sul piccolo Joseph Meister, facendolo guarire.<\/div>\r\n                            \t\t<div class=\"line-bottom\"><\/div>\r\n\t\t\t\t\t\t\t\t\t<div class=\"ac-social-container\"><a target=\"_blank\" class=\"icon-facebook fa fa-facebook\" href=\"http:\/\/www.facebook.com\/sharer.php?u=https:\/\/www.oddmuseum.it\/?p=781&amp;t=1885\" title=\"Click to share this post on Facebook\"><\/a>\r\n\t\t\t\t\t\t\t\t\t\t\t\t<a target=\"_blank\" class=\"icon-twitter fa fa-twitter\" href=\"http:\/\/twitter.com\/home?status=https:\/\/www.oddmuseum.it\/?p=781\" title=\"Click to share this post on Twitter\"><\/a>\r\n        \t\t\t\t\t\t\t\t\t\t<a target=\"_blank\" class=\"icon-pinterest fa fa-pinterest\" href=\"http:\/\/pinterest.com\/pin\/create\/button\/?url=https%3A%2F%2Fwww.oddmuseum.it%2F%3Fp%3D781&media=https:\/\/www.oddmuseum.it\/wp-content\/uploads\/2023\/06\/nuova-timeline_GENERICA-giusta-16-scaled.jpg&description=1885\" title=\"Click to share this post on Pinterest\"><\/a><\/div>\r\n\t\t\t\t\t\t\t\t<\/div>\r\n\t\t\t\t\t\t   <\/div><\/figure><figure class=\"fpg-grid-item\"><img decoding=\"async\" class=\"fpg-thumbs\" src=\"https:\/\/www.oddmuseum.it\/wp-content\/uploads\/2023\/06\/nuova-timeline_GENERICA-giusta-17-800x500.jpg\" alt=\"1886\"><div class=\"ac-container\">\t<h1 class=\"title\">1886<\/h1>\r\n\t\t\t\t\t\t\t\t<div class=\"ac-icon\">\r\n                           \t\t\t<div class=\"line-top\"><\/div>\r\n                            \t\t<div class=\"text\">Presentazione della Benz Patent Motorwagen (soprannominata Velociped), la prima automobile della storia con il motore a scoppio.\n\n<\/div>\r\n                            \t\t<div class=\"line-bottom\"><\/div>\r\n\t\t\t\t\t\t\t\t\t<div class=\"ac-social-container\"><a target=\"_blank\" class=\"icon-facebook fa fa-facebook\" href=\"http:\/\/www.facebook.com\/sharer.php?u=https:\/\/www.oddmuseum.it\/?p=788&amp;t=1886\" title=\"Click to share this post on Facebook\"><\/a>\r\n\t\t\t\t\t\t\t\t\t\t\t\t<a target=\"_blank\" class=\"icon-twitter fa fa-twitter\" href=\"http:\/\/twitter.com\/home?status=https:\/\/www.oddmuseum.it\/?p=788\" title=\"Click to share this post on Twitter\"><\/a>\r\n        \t\t\t\t\t\t\t\t\t\t<a target=\"_blank\" class=\"icon-pinterest fa fa-pinterest\" href=\"http:\/\/pinterest.com\/pin\/create\/button\/?url=https%3A%2F%2Fwww.oddmuseum.it%2F%3Fp%3D788&media=https:\/\/www.oddmuseum.it\/wp-content\/uploads\/2023\/06\/nuova-timeline_GENERICA-giusta-17-scaled.jpg&description=1886\" title=\"Click to share this post on Pinterest\"><\/a><\/div>\r\n\t\t\t\t\t\t\t\t<\/div>\r\n\t\t\t\t\t\t   <\/div><\/figure><figure class=\"fpg-grid-item\"><img decoding=\"async\" class=\"fpg-thumbs\" src=\"https:\/\/www.oddmuseum.it\/wp-content\/uploads\/2023\/06\/nuova-timeline_GENERICA-giusta-18-800x500.jpg\" alt=\"1887\"><div class=\"ac-container\">\t<h1 class=\"title\">1887<\/h1>\r\n\t\t\t\t\t\t\t\t<div class=\"ac-icon\">\r\n                           \t\t\t<div class=\"line-top\"><\/div>\r\n                            \t\t<div class=\"text\">Il grammofono \u00e8 il primo strumento della storia in grado di riprodurre meccanicamente il suono, inventato da Emile Berliner.\n<\/div>\r\n                            \t\t<div class=\"line-bottom\"><\/div>\r\n\t\t\t\t\t\t\t\t\t<div class=\"ac-social-container\"><a target=\"_blank\" class=\"icon-facebook fa fa-facebook\" href=\"http:\/\/www.facebook.com\/sharer.php?u=https:\/\/www.oddmuseum.it\/?p=790&amp;t=1887\" title=\"Click to share this post on Facebook\"><\/a>\r\n\t\t\t\t\t\t\t\t\t\t\t\t<a target=\"_blank\" class=\"icon-twitter fa fa-twitter\" href=\"http:\/\/twitter.com\/home?status=https:\/\/www.oddmuseum.it\/?p=790\" title=\"Click to share this post on Twitter\"><\/a>\r\n        \t\t\t\t\t\t\t\t\t\t<a target=\"_blank\" class=\"icon-pinterest fa fa-pinterest\" href=\"http:\/\/pinterest.com\/pin\/create\/button\/?url=https%3A%2F%2Fwww.oddmuseum.it%2F%3Fp%3D790&media=https:\/\/www.oddmuseum.it\/wp-content\/uploads\/2023\/06\/nuova-timeline_GENERICA-giusta-18-scaled.jpg&description=1887\" title=\"Click to share this post on Pinterest\"><\/a><\/div>\r\n\t\t\t\t\t\t\t\t<\/div>\r\n\t\t\t\t\t\t   <\/div><\/figure><figure class=\"fpg-grid-item\"><img decoding=\"async\" class=\"fpg-thumbs\" src=\"https:\/\/www.oddmuseum.it\/wp-content\/uploads\/2023\/06\/nuova-timeline_GENERICA-giusta-19-800x500.jpg\" alt=\"1888\"><div class=\"ac-container\">\t<h1 class=\"title\">1888<\/h1>\r\n\t\t\t\t\t\t\t\t<div class=\"ac-icon\">\r\n                           \t\t\t<div class=\"line-top\"><\/div>\r\n                            \t\t<div class=\"text\">George Eastman registra il marchio Kodak e ottiene il brevetto per la sua \u201cCamera\u201d, la prima macchina fotografica con pellicola.\n<\/div>\r\n                            \t\t<div class=\"line-bottom\"><\/div>\r\n\t\t\t\t\t\t\t\t\t<div class=\"ac-social-container\"><a target=\"_blank\" class=\"icon-facebook fa fa-facebook\" href=\"http:\/\/www.facebook.com\/sharer.php?u=https:\/\/www.oddmuseum.it\/?p=793&amp;t=1888\" title=\"Click to share this post on Facebook\"><\/a>\r\n\t\t\t\t\t\t\t\t\t\t\t\t<a target=\"_blank\" class=\"icon-twitter fa fa-twitter\" href=\"http:\/\/twitter.com\/home?status=https:\/\/www.oddmuseum.it\/?p=793\" title=\"Click to share this post on Twitter\"><\/a>\r\n        \t\t\t\t\t\t\t\t\t\t<a target=\"_blank\" class=\"icon-pinterest fa fa-pinterest\" href=\"http:\/\/pinterest.com\/pin\/create\/button\/?url=https%3A%2F%2Fwww.oddmuseum.it%2F%3Fp%3D793&media=https:\/\/www.oddmuseum.it\/wp-content\/uploads\/2023\/06\/nuova-timeline_GENERICA-giusta-19-scaled.jpg&description=1888\" title=\"Click to share this post on Pinterest\"><\/a><\/div>\r\n\t\t\t\t\t\t\t\t<\/div>\r\n\t\t\t\t\t\t   <\/div><\/figure><figure class=\"fpg-grid-item\"><img decoding=\"async\" class=\"fpg-thumbs\" src=\"https:\/\/www.oddmuseum.it\/wp-content\/uploads\/2023\/08\/1889_GEN-800x500.jpg\" alt=\"1889\"><div class=\"ac-container\">\t<h1 class=\"title\">1889<\/h1>\r\n\t\t\t\t\t\t\t\t<div class=\"ac-icon\">\r\n                           \t\t\t<div class=\"line-top\"><\/div>\r\n                            \t\t<div class=\"text\">Altri avvenimenti:<br>\n- Completamento dell\u2019Orient Express<br>\n- Inaugurazione della Mole Antonelliana<\/div>\r\n                            \t\t<div class=\"line-bottom\"><\/div>\r\n\t\t\t\t\t\t\t\t\t<div class=\"ac-social-container\"><a target=\"_blank\" class=\"icon-facebook fa fa-facebook\" href=\"http:\/\/www.facebook.com\/sharer.php?u=https:\/\/www.oddmuseum.it\/?p=1388&amp;t=1889\" title=\"Click to share this post on Facebook\"><\/a>\r\n\t\t\t\t\t\t\t\t\t\t\t\t<a target=\"_blank\" class=\"icon-twitter fa fa-twitter\" href=\"http:\/\/twitter.com\/home?status=https:\/\/www.oddmuseum.it\/?p=1388\" title=\"Click to share this post on Twitter\"><\/a>\r\n        \t\t\t\t\t\t\t\t\t\t<a target=\"_blank\" class=\"icon-pinterest fa fa-pinterest\" href=\"http:\/\/pinterest.com\/pin\/create\/button\/?url=https%3A%2F%2Fwww.oddmuseum.it%2F%3Fp%3D1388&media=https:\/\/www.oddmuseum.it\/wp-content\/uploads\/2023\/08\/1889_GEN-scaled.jpg&description=1889\" title=\"Click to share this post on Pinterest\"><\/a><\/div>\r\n\t\t\t\t\t\t\t\t<\/div>\r\n\t\t\t\t\t\t   <\/div><\/figure><figure class=\"fpg-grid-item\"><img decoding=\"async\" class=\"fpg-thumbs\" src=\"https:\/\/www.oddmuseum.it\/wp-content\/uploads\/2023\/08\/1890_GEN-800x500.jpg\" alt=\"1890\"><div class=\"ac-container\">\t<h1 class=\"title\">1890<\/h1>\r\n\t\t\t\t\t\t\t\t<div class=\"ac-icon\">\r\n                           \t\t\t<div class=\"line-top\"><\/div>\r\n                            \t\t<div class=\"text\">La Sherman Antitrust Act rappresenta la prima azione per limitare i monopoli e i cartelli al mondo.\n<\/div>\r\n                            \t\t<div class=\"line-bottom\"><\/div>\r\n\t\t\t\t\t\t\t\t\t<div class=\"ac-social-container\"><a target=\"_blank\" class=\"icon-facebook fa fa-facebook\" href=\"http:\/\/www.facebook.com\/sharer.php?u=https:\/\/www.oddmuseum.it\/?p=1391&amp;t=1890\" title=\"Click to share this post on Facebook\"><\/a>\r\n\t\t\t\t\t\t\t\t\t\t\t\t<a target=\"_blank\" class=\"icon-twitter fa fa-twitter\" href=\"http:\/\/twitter.com\/home?status=https:\/\/www.oddmuseum.it\/?p=1391\" title=\"Click to share this post on Twitter\"><\/a>\r\n        \t\t\t\t\t\t\t\t\t\t<a target=\"_blank\" class=\"icon-pinterest fa fa-pinterest\" href=\"http:\/\/pinterest.com\/pin\/create\/button\/?url=https%3A%2F%2Fwww.oddmuseum.it%2F%3Fp%3D1391&media=https:\/\/www.oddmuseum.it\/wp-content\/uploads\/2023\/08\/1890_GEN-scaled.jpg&description=1890\" title=\"Click to share this post on Pinterest\"><\/a><\/div>\r\n\t\t\t\t\t\t\t\t<\/div>\r\n\t\t\t\t\t\t   <\/div><\/figure><figure class=\"fpg-grid-item\"><img decoding=\"async\" class=\"fpg-thumbs\" src=\"https:\/\/www.oddmuseum.it\/wp-content\/uploads\/2023\/08\/1891_GEN-800x500.jpg\" alt=\"1891\"><div class=\"ac-container\">\t<h1 class=\"title\">1891<\/h1>\r\n\t\t\t\t\t\t\t\t<div class=\"ac-icon\">\r\n                           \t\t\t<div class=\"line-top\"><\/div>\r\n                            \t\t<div class=\"text\">Altri avvenimenti:<br>\n- Istituzione in Italia della Festa del Primo Maggio, dedicata ai lavoratori<br>\n- Inaugurazione della prima esposizione nazionale del Sud Italia\n<\/div>\r\n                            \t\t<div class=\"line-bottom\"><\/div>\r\n\t\t\t\t\t\t\t\t\t<div class=\"ac-social-container\"><a target=\"_blank\" class=\"icon-facebook fa fa-facebook\" href=\"http:\/\/www.facebook.com\/sharer.php?u=https:\/\/www.oddmuseum.it\/?p=1394&amp;t=1891\" title=\"Click to share this post on Facebook\"><\/a>\r\n\t\t\t\t\t\t\t\t\t\t\t\t<a target=\"_blank\" class=\"icon-twitter fa fa-twitter\" href=\"http:\/\/twitter.com\/home?status=https:\/\/www.oddmuseum.it\/?p=1394\" title=\"Click to share this post on Twitter\"><\/a>\r\n        \t\t\t\t\t\t\t\t\t\t<a target=\"_blank\" class=\"icon-pinterest fa fa-pinterest\" href=\"http:\/\/pinterest.com\/pin\/create\/button\/?url=https%3A%2F%2Fwww.oddmuseum.it%2F%3Fp%3D1394&media=https:\/\/www.oddmuseum.it\/wp-content\/uploads\/2023\/08\/1891_GEN-scaled.jpg&description=1891\" title=\"Click to share this post on Pinterest\"><\/a><\/div>\r\n\t\t\t\t\t\t\t\t<\/div>\r\n\t\t\t\t\t\t   <\/div><\/figure><figure class=\"fpg-grid-item\"><img decoding=\"async\" class=\"fpg-thumbs\" src=\"https:\/\/www.oddmuseum.it\/wp-content\/uploads\/2023\/08\/1892_GEN-800x500.jpg\" alt=\"1892\"><div class=\"ac-container\">\t<h1 class=\"title\">1892<\/h1>\r\n\t\t\t\t\t\t\t\t<div class=\"ac-icon\">\r\n                           \t\t\t<div class=\"line-top\"><\/div>\r\n                            \t\t<div class=\"text\">Il Partito Socialista Italiano \u00e8 il pi\u00f9 antico partito politico italiano in senso moderno e anche uno dei primi partiti di massa<\/div>\r\n                            \t\t<div class=\"line-bottom\"><\/div>\r\n\t\t\t\t\t\t\t\t\t<div class=\"ac-social-container\"><a target=\"_blank\" class=\"icon-facebook fa fa-facebook\" href=\"http:\/\/www.facebook.com\/sharer.php?u=https:\/\/www.oddmuseum.it\/?p=1397&amp;t=1892\" title=\"Click to share this post on Facebook\"><\/a>\r\n\t\t\t\t\t\t\t\t\t\t\t\t<a target=\"_blank\" class=\"icon-twitter fa fa-twitter\" href=\"http:\/\/twitter.com\/home?status=https:\/\/www.oddmuseum.it\/?p=1397\" title=\"Click to share this post on Twitter\"><\/a>\r\n        \t\t\t\t\t\t\t\t\t\t<a target=\"_blank\" class=\"icon-pinterest fa fa-pinterest\" href=\"http:\/\/pinterest.com\/pin\/create\/button\/?url=https%3A%2F%2Fwww.oddmuseum.it%2F%3Fp%3D1397&media=https:\/\/www.oddmuseum.it\/wp-content\/uploads\/2023\/08\/1892_GEN-scaled.jpg&description=1892\" title=\"Click to share this post on Pinterest\"><\/a><\/div>\r\n\t\t\t\t\t\t\t\t<\/div>\r\n\t\t\t\t\t\t   <\/div><\/figure><figure class=\"fpg-grid-item\"><img decoding=\"async\" class=\"fpg-thumbs\" src=\"https:\/\/www.oddmuseum.it\/wp-content\/uploads\/2023\/08\/1893_GEN-800x500.jpg\" alt=\"1893\"><div class=\"ac-container\">\t<h1 class=\"title\">1893<\/h1>\r\n\t\t\t\t\t\t\t\t<div class=\"ac-icon\">\r\n                           \t\t\t<div class=\"line-top\"><\/div>\r\n                            \t\t<div class=\"text\">Il Genoa \u00e8 l\u2019unica societ\u00e0 esistente ad aver partecipato alla fondazione della Federazione Italiana Football nel 1898 e la prima squadra a vincere il campionato nazionale di calcio\n<\/div>\r\n                            \t\t<div class=\"line-bottom\"><\/div>\r\n\t\t\t\t\t\t\t\t\t<div class=\"ac-social-container\"><a target=\"_blank\" class=\"icon-facebook fa fa-facebook\" href=\"http:\/\/www.facebook.com\/sharer.php?u=https:\/\/www.oddmuseum.it\/?p=1400&amp;t=1893\" title=\"Click to share this post on Facebook\"><\/a>\r\n\t\t\t\t\t\t\t\t\t\t\t\t<a target=\"_blank\" class=\"icon-twitter fa fa-twitter\" href=\"http:\/\/twitter.com\/home?status=https:\/\/www.oddmuseum.it\/?p=1400\" title=\"Click to share this post on Twitter\"><\/a>\r\n        \t\t\t\t\t\t\t\t\t\t<a target=\"_blank\" class=\"icon-pinterest fa fa-pinterest\" href=\"http:\/\/pinterest.com\/pin\/create\/button\/?url=https%3A%2F%2Fwww.oddmuseum.it%2F%3Fp%3D1400&media=https:\/\/www.oddmuseum.it\/wp-content\/uploads\/2023\/08\/1893_GEN-scaled.jpg&description=1893\" title=\"Click to share this post on Pinterest\"><\/a><\/div>\r\n\t\t\t\t\t\t\t\t<\/div>\r\n\t\t\t\t\t\t   <\/div><\/figure><figure class=\"fpg-grid-item\"><img decoding=\"async\" class=\"fpg-thumbs\" src=\"https:\/\/www.oddmuseum.it\/wp-content\/uploads\/2023\/08\/1894_GEN-800x500.jpg\" alt=\"1894\"><div class=\"ac-container\">\t<h1 class=\"title\">1894<\/h1>\r\n\t\t\t\t\t\t\t\t<div class=\"ac-icon\">\r\n                           \t\t\t<div class=\"line-top\"><\/div>\r\n                            \t\t<div class=\"text\">Il biologo Alexandre Yersin riesce ad isolare il batterio che provoca la peste e ad elaborare una cura: era una delle malattie pi\u00f9 temute al mondo.\n\n<\/div>\r\n                            \t\t<div class=\"line-bottom\"><\/div>\r\n\t\t\t\t\t\t\t\t\t<div class=\"ac-social-container\"><a target=\"_blank\" class=\"icon-facebook fa fa-facebook\" href=\"http:\/\/www.facebook.com\/sharer.php?u=https:\/\/www.oddmuseum.it\/?p=1403&amp;t=1894\" title=\"Click to share this post on Facebook\"><\/a>\r\n\t\t\t\t\t\t\t\t\t\t\t\t<a target=\"_blank\" class=\"icon-twitter fa fa-twitter\" href=\"http:\/\/twitter.com\/home?status=https:\/\/www.oddmuseum.it\/?p=1403\" title=\"Click to share this post on Twitter\"><\/a>\r\n        \t\t\t\t\t\t\t\t\t\t<a target=\"_blank\" class=\"icon-pinterest fa fa-pinterest\" href=\"http:\/\/pinterest.com\/pin\/create\/button\/?url=https%3A%2F%2Fwww.oddmuseum.it%2F%3Fp%3D1403&media=https:\/\/www.oddmuseum.it\/wp-content\/uploads\/2023\/08\/1894_GEN-scaled.jpg&description=1894\" title=\"Click to share this post on Pinterest\"><\/a><\/div>\r\n\t\t\t\t\t\t\t\t<\/div>\r\n\t\t\t\t\t\t   <\/div><\/figure><figure class=\"fpg-grid-item\"><img decoding=\"async\" class=\"fpg-thumbs\" src=\"https:\/\/www.oddmuseum.it\/wp-content\/uploads\/2023\/08\/1895_GEN-800x500.jpg\" alt=\"1895\"><div class=\"ac-container\">\t<h1 class=\"title\">1895<\/h1>\r\n\t\t\t\t\t\t\t\t<div class=\"ac-icon\">\r\n                           \t\t\t<div class=\"line-top\"><\/div>\r\n                            \t\t<div class=\"text\">Il cinematografo stato inventato dai fratelli Lumi\u00e8re, considerati i precursori del cinema moderno\n<\/div>\r\n                            \t\t<div class=\"line-bottom\"><\/div>\r\n\t\t\t\t\t\t\t\t\t<div class=\"ac-social-container\"><a target=\"_blank\" class=\"icon-facebook fa fa-facebook\" href=\"http:\/\/www.facebook.com\/sharer.php?u=https:\/\/www.oddmuseum.it\/?p=1406&amp;t=1895\" title=\"Click to share this post on Facebook\"><\/a>\r\n\t\t\t\t\t\t\t\t\t\t\t\t<a target=\"_blank\" class=\"icon-twitter fa fa-twitter\" href=\"http:\/\/twitter.com\/home?status=https:\/\/www.oddmuseum.it\/?p=1406\" title=\"Click to share this post on Twitter\"><\/a>\r\n        \t\t\t\t\t\t\t\t\t\t<a target=\"_blank\" class=\"icon-pinterest fa fa-pinterest\" href=\"http:\/\/pinterest.com\/pin\/create\/button\/?url=https%3A%2F%2Fwww.oddmuseum.it%2F%3Fp%3D1406&media=https:\/\/www.oddmuseum.it\/wp-content\/uploads\/2023\/08\/1895_GEN-scaled.jpg&description=1895\" title=\"Click to share this post on Pinterest\"><\/a><\/div>\r\n\t\t\t\t\t\t\t\t<\/div>\r\n\t\t\t\t\t\t   <\/div><\/figure><figure class=\"fpg-grid-item\"><img decoding=\"async\" class=\"fpg-thumbs\" src=\"https:\/\/www.oddmuseum.it\/wp-content\/uploads\/2023\/08\/1896_GEN-800x500.jpg\" alt=\"1896\"><div class=\"ac-container\">\t<h1 class=\"title\">1896<\/h1>\r\n\t\t\t\t\t\t\t\t<div class=\"ac-icon\">\r\n                           \t\t\t<div class=\"line-top\"><\/div>\r\n                            \t\t<div class=\"text\">Dopo circa 1500 anni, grazie anche al barone Pierre de Coubertin, ritornano i giochi olimpici.\n<\/div>\r\n                            \t\t<div class=\"line-bottom\"><\/div>\r\n\t\t\t\t\t\t\t\t\t<div class=\"ac-social-container\"><a target=\"_blank\" class=\"icon-facebook fa fa-facebook\" href=\"http:\/\/www.facebook.com\/sharer.php?u=https:\/\/www.oddmuseum.it\/?p=1409&amp;t=1896\" title=\"Click to share this post on Facebook\"><\/a>\r\n\t\t\t\t\t\t\t\t\t\t\t\t<a target=\"_blank\" class=\"icon-twitter fa fa-twitter\" href=\"http:\/\/twitter.com\/home?status=https:\/\/www.oddmuseum.it\/?p=1409\" title=\"Click to share this post on Twitter\"><\/a>\r\n        \t\t\t\t\t\t\t\t\t\t<a target=\"_blank\" class=\"icon-pinterest fa fa-pinterest\" href=\"http:\/\/pinterest.com\/pin\/create\/button\/?url=https%3A%2F%2Fwww.oddmuseum.it%2F%3Fp%3D1409&media=https:\/\/www.oddmuseum.it\/wp-content\/uploads\/2023\/08\/1896_GEN-scaled.jpg&description=1896\" title=\"Click to share this post on Pinterest\"><\/a><\/div>\r\n\t\t\t\t\t\t\t\t<\/div>\r\n\t\t\t\t\t\t   <\/div><\/figure><figure class=\"fpg-grid-item\"><img decoding=\"async\" class=\"fpg-thumbs\" src=\"https:\/\/www.oddmuseum.it\/wp-content\/uploads\/2023\/08\/1897_GEN-800x500.jpg\" alt=\"1897\"><div class=\"ac-container\">\t<h1 class=\"title\">1897<\/h1>\r\n\t\t\t\t\t\t\t\t<div class=\"ac-icon\">\r\n                           \t\t\t<div class=\"line-top\"><\/div>\r\n                            \t\t<div class=\"text\">Guglielmo Marconi ottiene il brevetto per la trasmissione telegrafica senza fili, in altre parole la radio.\n<\/div>\r\n                            \t\t<div class=\"line-bottom\"><\/div>\r\n\t\t\t\t\t\t\t\t\t<div class=\"ac-social-container\"><a target=\"_blank\" class=\"icon-facebook fa fa-facebook\" href=\"http:\/\/www.facebook.com\/sharer.php?u=https:\/\/www.oddmuseum.it\/?p=1412&amp;t=1897\" title=\"Click to share this post on Facebook\"><\/a>\r\n\t\t\t\t\t\t\t\t\t\t\t\t<a target=\"_blank\" class=\"icon-twitter fa fa-twitter\" href=\"http:\/\/twitter.com\/home?status=https:\/\/www.oddmuseum.it\/?p=1412\" title=\"Click to share this post on Twitter\"><\/a>\r\n        \t\t\t\t\t\t\t\t\t\t<a target=\"_blank\" class=\"icon-pinterest fa fa-pinterest\" href=\"http:\/\/pinterest.com\/pin\/create\/button\/?url=https%3A%2F%2Fwww.oddmuseum.it%2F%3Fp%3D1412&media=https:\/\/www.oddmuseum.it\/wp-content\/uploads\/2023\/08\/1897_GEN-scaled.jpg&description=1897\" title=\"Click to share this post on Pinterest\"><\/a><\/div>\r\n\t\t\t\t\t\t\t\t<\/div>\r\n\t\t\t\t\t\t   <\/div><\/figure><figure class=\"fpg-grid-item\"><img decoding=\"async\" class=\"fpg-thumbs\" src=\"https:\/\/www.oddmuseum.it\/wp-content\/uploads\/2023\/08\/1898_GEN-800x500.jpg\" alt=\"1898\"><div class=\"ac-container\">\t<h1 class=\"title\">1898<\/h1>\r\n\t\t\t\t\t\t\t\t<div class=\"ac-icon\">\r\n                           \t\t\t<div class=\"line-top\"><\/div>\r\n                            \t\t<div class=\"text\">La FIGC \u00e8 stata costituita a Torino il 26 marzo 1898. Poco pi\u00f9 di 2 mesi dopo, viene organizzata la prima edizione del Campionato italiano di calcio italiano.\n<\/div>\r\n                            \t\t<div class=\"line-bottom\"><\/div>\r\n\t\t\t\t\t\t\t\t\t<div class=\"ac-social-container\"><a target=\"_blank\" class=\"icon-facebook fa fa-facebook\" href=\"http:\/\/www.facebook.com\/sharer.php?u=https:\/\/www.oddmuseum.it\/?p=1415&amp;t=1898\" title=\"Click to share this post on Facebook\"><\/a>\r\n\t\t\t\t\t\t\t\t\t\t\t\t<a target=\"_blank\" class=\"icon-twitter fa fa-twitter\" href=\"http:\/\/twitter.com\/home?status=https:\/\/www.oddmuseum.it\/?p=1415\" title=\"Click to share this post on Twitter\"><\/a>\r\n        \t\t\t\t\t\t\t\t\t\t<a target=\"_blank\" class=\"icon-pinterest fa fa-pinterest\" href=\"http:\/\/pinterest.com\/pin\/create\/button\/?url=https%3A%2F%2Fwww.oddmuseum.it%2F%3Fp%3D1415&media=https:\/\/www.oddmuseum.it\/wp-content\/uploads\/2023\/08\/1898_GEN-scaled.jpg&description=1898\" title=\"Click to share this post on Pinterest\"><\/a><\/div>\r\n\t\t\t\t\t\t\t\t<\/div>\r\n\t\t\t\t\t\t   <\/div><\/figure><figure class=\"fpg-grid-item\"><img decoding=\"async\" class=\"fpg-thumbs\" src=\"https:\/\/www.oddmuseum.it\/wp-content\/uploads\/2023\/08\/1899_GEN-800x500.jpg\" alt=\"1899\"><div class=\"ac-container\">\t<h1 class=\"title\">1899<\/h1>\r\n\t\t\t\t\t\t\t\t<div class=\"ac-icon\">\r\n                           \t\t\t<div class=\"line-top\"><\/div>\r\n                            \t\t<div class=\"text\">Alcuni imprenditori torinesi uniscono le loro forze per dare vita ad una fabbrica di automobili italiana che fosse in grado di offrire una mobilit\u00e0 democratica\n<\/div>\r\n                            \t\t<div class=\"line-bottom\"><\/div>\r\n\t\t\t\t\t\t\t\t\t<div class=\"ac-social-container\"><a target=\"_blank\" class=\"icon-facebook fa fa-facebook\" href=\"http:\/\/www.facebook.com\/sharer.php?u=https:\/\/www.oddmuseum.it\/?p=1418&amp;t=1899\" title=\"Click to share this post on Facebook\"><\/a>\r\n\t\t\t\t\t\t\t\t\t\t\t\t<a target=\"_blank\" class=\"icon-twitter fa fa-twitter\" href=\"http:\/\/twitter.com\/home?status=https:\/\/www.oddmuseum.it\/?p=1418\" title=\"Click to share this post on Twitter\"><\/a>\r\n        \t\t\t\t\t\t\t\t\t\t<a target=\"_blank\" class=\"icon-pinterest fa fa-pinterest\" href=\"http:\/\/pinterest.com\/pin\/create\/button\/?url=https%3A%2F%2Fwww.oddmuseum.it%2F%3Fp%3D1418&media=https:\/\/www.oddmuseum.it\/wp-content\/uploads\/2023\/08\/1899_GEN-scaled.jpg&description=1899\" title=\"Click to share this post on Pinterest\"><\/a><\/div>\r\n\t\t\t\t\t\t\t\t<\/div>\r\n\t\t\t\t\t\t   <\/div><\/figure><figure class=\"fpg-grid-item\"><img decoding=\"async\" class=\"fpg-thumbs\" src=\"https:\/\/www.oddmuseum.it\/wp-content\/uploads\/2023\/08\/1900_GEN-800x500.jpg\" alt=\"1900\"><div class=\"ac-container\">\t<h1 class=\"title\">1900<\/h1>\r\n\t\t\t\t\t\t\t\t<div class=\"ac-icon\">\r\n                           \t\t\t<div class=\"line-top\"><\/div>\r\n                            \t\t<div class=\"text\">L'Esposizione fa numeri da record, con pi\u00f9 di 50 milioni di visitatori.<br>\nAltri avvenimenti:<br>\n- Regicidio di Umberto I, commesso dall\u2019anarchico Gaetano Bresci.<\/div>\r\n                            \t\t<div class=\"line-bottom\"><\/div>\r\n\t\t\t\t\t\t\t\t\t<div class=\"ac-social-container\"><a target=\"_blank\" class=\"icon-facebook fa fa-facebook\" href=\"http:\/\/www.facebook.com\/sharer.php?u=https:\/\/www.oddmuseum.it\/?p=1421&amp;t=1900\" title=\"Click to share this post on Facebook\"><\/a>\r\n\t\t\t\t\t\t\t\t\t\t\t\t<a target=\"_blank\" class=\"icon-twitter fa fa-twitter\" href=\"http:\/\/twitter.com\/home?status=https:\/\/www.oddmuseum.it\/?p=1421\" title=\"Click to share this post on Twitter\"><\/a>\r\n        \t\t\t\t\t\t\t\t\t\t<a target=\"_blank\" class=\"icon-pinterest fa fa-pinterest\" href=\"http:\/\/pinterest.com\/pin\/create\/button\/?url=https%3A%2F%2Fwww.oddmuseum.it%2F%3Fp%3D1421&media=https:\/\/www.oddmuseum.it\/wp-content\/uploads\/2023\/08\/1900_GEN-scaled.jpg&description=1900\" title=\"Click to share this post on Pinterest\"><\/a><\/div>\r\n\t\t\t\t\t\t\t\t<\/div>\r\n\t\t\t\t\t\t   <\/div><\/figure><figure class=\"fpg-grid-item\"><img decoding=\"async\" class=\"fpg-thumbs\" src=\"https:\/\/www.oddmuseum.it\/wp-content\/uploads\/2023\/08\/1901_GEN-800x500.jpg\" alt=\"1901\"><div class=\"ac-container\">\t<h1 class=\"title\">1901<\/h1>\r\n\t\t\t\t\t\t\t\t<div class=\"ac-icon\">\r\n                           \t\t\t<div class=\"line-top\"><\/div>\r\n                            \t\t<div class=\"text\">Altri avvenimenti: <br>\n- Prima trasmissione radio transoceanica tra i Paesi Bassi e il Canada.\n<\/div>\r\n                            \t\t<div class=\"line-bottom\"><\/div>\r\n\t\t\t\t\t\t\t\t\t<div class=\"ac-social-container\"><a target=\"_blank\" class=\"icon-facebook fa fa-facebook\" href=\"http:\/\/www.facebook.com\/sharer.php?u=https:\/\/www.oddmuseum.it\/?p=1424&amp;t=1901\" title=\"Click to share this post on Facebook\"><\/a>\r\n\t\t\t\t\t\t\t\t\t\t\t\t<a target=\"_blank\" class=\"icon-twitter fa fa-twitter\" href=\"http:\/\/twitter.com\/home?status=https:\/\/www.oddmuseum.it\/?p=1424\" title=\"Click to share this post on Twitter\"><\/a>\r\n        \t\t\t\t\t\t\t\t\t\t<a target=\"_blank\" class=\"icon-pinterest fa fa-pinterest\" href=\"http:\/\/pinterest.com\/pin\/create\/button\/?url=https%3A%2F%2Fwww.oddmuseum.it%2F%3Fp%3D1424&media=https:\/\/www.oddmuseum.it\/wp-content\/uploads\/2023\/08\/1901_GEN-scaled.jpg&description=1901\" title=\"Click to share this post on Pinterest\"><\/a><\/div>\r\n\t\t\t\t\t\t\t\t<\/div>\r\n\t\t\t\t\t\t   <\/div><\/figure><figure class=\"fpg-grid-item\"><img decoding=\"async\" class=\"fpg-thumbs\" src=\"https:\/\/www.oddmuseum.it\/wp-content\/uploads\/2023\/08\/1902_GEN-800x500.jpg\" alt=\"1902\"><div class=\"ac-container\">\t<h1 class=\"title\">1902<\/h1>\r\n\t\t\t\t\t\t\t\t<div class=\"ac-icon\">\r\n                           \t\t\t<div class=\"line-top\"><\/div>\r\n                            \t\t<div class=\"text\">L'Esposizione si \u00e8 tenuta a Torino. Aveva lo scopo di presentare al pubblico italiano ed europeo il meglio della produzione internazionale artistica<\/div>\r\n                            \t\t<div class=\"line-bottom\"><\/div>\r\n\t\t\t\t\t\t\t\t\t<div class=\"ac-social-container\"><a target=\"_blank\" class=\"icon-facebook fa fa-facebook\" href=\"http:\/\/www.facebook.com\/sharer.php?u=https:\/\/www.oddmuseum.it\/?p=1427&amp;t=1902\" title=\"Click to share this post on Facebook\"><\/a>\r\n\t\t\t\t\t\t\t\t\t\t\t\t<a target=\"_blank\" class=\"icon-twitter fa fa-twitter\" href=\"http:\/\/twitter.com\/home?status=https:\/\/www.oddmuseum.it\/?p=1427\" title=\"Click to share this post on Twitter\"><\/a>\r\n        \t\t\t\t\t\t\t\t\t\t<a target=\"_blank\" class=\"icon-pinterest fa fa-pinterest\" href=\"http:\/\/pinterest.com\/pin\/create\/button\/?url=https%3A%2F%2Fwww.oddmuseum.it%2F%3Fp%3D1427&media=https:\/\/www.oddmuseum.it\/wp-content\/uploads\/2023\/08\/1902_GEN-scaled.jpg&description=1902\" title=\"Click to share this post on Pinterest\"><\/a><\/div>\r\n\t\t\t\t\t\t\t\t<\/div>\r\n\t\t\t\t\t\t   <\/div><\/figure><figure class=\"fpg-grid-item\"><img decoding=\"async\" class=\"fpg-thumbs\" src=\"https:\/\/www.oddmuseum.it\/wp-content\/uploads\/2023\/08\/1903_GEN-800x500.jpg\" alt=\"1903\"><div class=\"ac-container\">\t<h1 class=\"title\">1903<\/h1>\r\n\t\t\t\t\t\t\t\t<div class=\"ac-icon\">\r\n                           \t\t\t<div class=\"line-top\"><\/div>\r\n                            \t\t<div class=\"text\">I fratelli Orville e Wilbur Wright fanno volare il primo aeroplano a Kitty Hawk, nella Carolina del Nord (USA).\n<\/div>\r\n                            \t\t<div class=\"line-bottom\"><\/div>\r\n\t\t\t\t\t\t\t\t\t<div class=\"ac-social-container\"><a target=\"_blank\" class=\"icon-facebook fa fa-facebook\" href=\"http:\/\/www.facebook.com\/sharer.php?u=https:\/\/www.oddmuseum.it\/?p=1430&amp;t=1903\" title=\"Click to share this post on Facebook\"><\/a>\r\n\t\t\t\t\t\t\t\t\t\t\t\t<a target=\"_blank\" class=\"icon-twitter fa fa-twitter\" href=\"http:\/\/twitter.com\/home?status=https:\/\/www.oddmuseum.it\/?p=1430\" title=\"Click to share this post on Twitter\"><\/a>\r\n        \t\t\t\t\t\t\t\t\t\t<a target=\"_blank\" class=\"icon-pinterest fa fa-pinterest\" href=\"http:\/\/pinterest.com\/pin\/create\/button\/?url=https%3A%2F%2Fwww.oddmuseum.it%2F%3Fp%3D1430&media=https:\/\/www.oddmuseum.it\/wp-content\/uploads\/2023\/08\/1903_GEN-scaled.jpg&description=1903\" title=\"Click to share this post on Pinterest\"><\/a><\/div>\r\n\t\t\t\t\t\t\t\t<\/div>\r\n\t\t\t\t\t\t   <\/div><\/figure><figure class=\"fpg-grid-item\"><img decoding=\"async\" class=\"fpg-thumbs\" src=\"https:\/\/www.oddmuseum.it\/wp-content\/uploads\/2023\/08\/1904_GEN-800x500.jpg\" alt=\"1904\"><div class=\"ac-container\">\t<h1 class=\"title\">1904<\/h1>\r\n\t\t\t\t\t\t\t\t<div class=\"ac-icon\">\r\n                           \t\t\t<div class=\"line-top\"><\/div>\r\n                            \t\t<div class=\"text\">La legge Orlando sancisce l'obbligatoriet\u00e0 dell'istruzione elementare.<br>\nAltri avvenimenti:<br>\n- Primo sciopero generale italiano<br>\n<\/div>\r\n                            \t\t<div class=\"line-bottom\"><\/div>\r\n\t\t\t\t\t\t\t\t\t<div class=\"ac-social-container\"><a target=\"_blank\" class=\"icon-facebook fa fa-facebook\" href=\"http:\/\/www.facebook.com\/sharer.php?u=https:\/\/www.oddmuseum.it\/?p=1433&amp;t=1904\" title=\"Click to share this post on Facebook\"><\/a>\r\n\t\t\t\t\t\t\t\t\t\t\t\t<a target=\"_blank\" class=\"icon-twitter fa fa-twitter\" href=\"http:\/\/twitter.com\/home?status=https:\/\/www.oddmuseum.it\/?p=1433\" title=\"Click to share this post on Twitter\"><\/a>\r\n        \t\t\t\t\t\t\t\t\t\t<a target=\"_blank\" class=\"icon-pinterest fa fa-pinterest\" href=\"http:\/\/pinterest.com\/pin\/create\/button\/?url=https%3A%2F%2Fwww.oddmuseum.it%2F%3Fp%3D1433&media=https:\/\/www.oddmuseum.it\/wp-content\/uploads\/2023\/08\/1904_GEN-scaled.jpg&description=1904\" title=\"Click to share this post on Pinterest\"><\/a><\/div>\r\n\t\t\t\t\t\t\t\t<\/div>\r\n\t\t\t\t\t\t   <\/div><\/figure><figure class=\"fpg-grid-item\"><img decoding=\"async\" class=\"fpg-thumbs\" src=\"https:\/\/www.oddmuseum.it\/wp-content\/uploads\/2023\/08\/1905_GEN-800x500.jpg\" alt=\"1905\"><div class=\"ac-container\">\t<h1 class=\"title\">1905<\/h1>\r\n\t\t\t\t\t\t\t\t<div class=\"ac-icon\">\r\n                           \t\t\t<div class=\"line-top\"><\/div>\r\n                            \t\t<div class=\"text\">Altri avvenimenti:<br>\n- Rivoluzione russa del 1905<br>\n- L\u2019anno d\u2019oro di Albert Einstein: 4 scoperte in 12 mesi.<\/div>\r\n                            \t\t<div class=\"line-bottom\"><\/div>\r\n\t\t\t\t\t\t\t\t\t<div class=\"ac-social-container\"><a target=\"_blank\" class=\"icon-facebook fa fa-facebook\" href=\"http:\/\/www.facebook.com\/sharer.php?u=https:\/\/www.oddmuseum.it\/?p=1436&amp;t=1905\" title=\"Click to share this post on Facebook\"><\/a>\r\n\t\t\t\t\t\t\t\t\t\t\t\t<a target=\"_blank\" class=\"icon-twitter fa fa-twitter\" href=\"http:\/\/twitter.com\/home?status=https:\/\/www.oddmuseum.it\/?p=1436\" title=\"Click to share this post on Twitter\"><\/a>\r\n        \t\t\t\t\t\t\t\t\t\t<a target=\"_blank\" class=\"icon-pinterest fa fa-pinterest\" href=\"http:\/\/pinterest.com\/pin\/create\/button\/?url=https%3A%2F%2Fwww.oddmuseum.it%2F%3Fp%3D1436&media=https:\/\/www.oddmuseum.it\/wp-content\/uploads\/2023\/08\/1905_GEN-scaled.jpg&description=1905\" title=\"Click to share this post on Pinterest\"><\/a><\/div>\r\n\t\t\t\t\t\t\t\t<\/div>\r\n\t\t\t\t\t\t   <\/div><\/figure><figure class=\"fpg-grid-item\"><img decoding=\"async\" class=\"fpg-thumbs\" src=\"https:\/\/www.oddmuseum.it\/wp-content\/uploads\/2023\/08\/1906_GEN-800x500.jpg\" alt=\"1906\"><div class=\"ac-container\">\t<h1 class=\"title\">1906<\/h1>\r\n\t\t\t\t\t\t\t\t<div class=\"ac-icon\">\r\n                           \t\t\t<div class=\"line-top\"><\/div>\r\n                            \t\t<div class=\"text\">La Finlandia \u00e8 il primo paese europeo ad introdurre il suffragio femminile.<\/div>\r\n                            \t\t<div class=\"line-bottom\"><\/div>\r\n\t\t\t\t\t\t\t\t\t<div class=\"ac-social-container\"><a target=\"_blank\" class=\"icon-facebook fa fa-facebook\" href=\"http:\/\/www.facebook.com\/sharer.php?u=https:\/\/www.oddmuseum.it\/?p=1439&amp;t=1906\" title=\"Click to share this post on Facebook\"><\/a>\r\n\t\t\t\t\t\t\t\t\t\t\t\t<a target=\"_blank\" class=\"icon-twitter fa fa-twitter\" href=\"http:\/\/twitter.com\/home?status=https:\/\/www.oddmuseum.it\/?p=1439\" title=\"Click to share this post on Twitter\"><\/a>\r\n        \t\t\t\t\t\t\t\t\t\t<a target=\"_blank\" class=\"icon-pinterest fa fa-pinterest\" href=\"http:\/\/pinterest.com\/pin\/create\/button\/?url=https%3A%2F%2Fwww.oddmuseum.it%2F%3Fp%3D1439&media=https:\/\/www.oddmuseum.it\/wp-content\/uploads\/2023\/08\/1906_GEN-scaled.jpg&description=1906\" title=\"Click to share this post on Pinterest\"><\/a><\/div>\r\n\t\t\t\t\t\t\t\t<\/div>\r\n\t\t\t\t\t\t   <\/div><\/figure><figure class=\"fpg-grid-item\"><img decoding=\"async\" class=\"fpg-thumbs\" src=\"https:\/\/www.oddmuseum.it\/wp-content\/uploads\/2023\/08\/1907_GEN-800x500.jpg\" alt=\"1907\"><div class=\"ac-container\">\t<h1 class=\"title\">1907<\/h1>\r\n\t\t\t\t\t\t\t\t<div class=\"ac-icon\">\r\n                           \t\t\t<div class=\"line-top\"><\/div>\r\n                            \t\t<div class=\"text\">Il Pechino-Parigi \u00e8 un raid automobilistico lungo 16.000 km.<br>\nAltri avvenimenti:<BR>\n- Crisi finanziaria \u201cPanico 1907\u201d.\n<\/div>\r\n                            \t\t<div class=\"line-bottom\"><\/div>\r\n\t\t\t\t\t\t\t\t\t<div class=\"ac-social-container\"><a target=\"_blank\" class=\"icon-facebook fa fa-facebook\" href=\"http:\/\/www.facebook.com\/sharer.php?u=https:\/\/www.oddmuseum.it\/?p=1442&amp;t=1907\" title=\"Click to share this post on Facebook\"><\/a>\r\n\t\t\t\t\t\t\t\t\t\t\t\t<a target=\"_blank\" class=\"icon-twitter fa fa-twitter\" href=\"http:\/\/twitter.com\/home?status=https:\/\/www.oddmuseum.it\/?p=1442\" title=\"Click to share this post on Twitter\"><\/a>\r\n        \t\t\t\t\t\t\t\t\t\t<a target=\"_blank\" class=\"icon-pinterest fa fa-pinterest\" href=\"http:\/\/pinterest.com\/pin\/create\/button\/?url=https%3A%2F%2Fwww.oddmuseum.it%2F%3Fp%3D1442&media=https:\/\/www.oddmuseum.it\/wp-content\/uploads\/2023\/08\/1907_GEN-scaled.jpg&description=1907\" title=\"Click to share this post on Pinterest\"><\/a><\/div>\r\n\t\t\t\t\t\t\t\t<\/div>\r\n\t\t\t\t\t\t   <\/div><\/figure><figure class=\"fpg-grid-item\"><img decoding=\"async\" class=\"fpg-thumbs\" src=\"https:\/\/www.oddmuseum.it\/wp-content\/uploads\/2023\/08\/1908_GEN-800x500.jpg\" alt=\"1908\"><div class=\"ac-container\">\t<h1 class=\"title\">1908<\/h1>\r\n\t\t\t\t\t\t\t\t<div class=\"ac-icon\">\r\n                           \t\t\t<div class=\"line-top\"><\/div>\r\n                            \t\t<div class=\"text\">Altri avvenimenti:<br>\n- Terremoto a Messina e Reggio Calabria: si tratta della pi\u00f9 grave catastrofe naturale mai avvenuta in Europa <\/div>\r\n                            \t\t<div class=\"line-bottom\"><\/div>\r\n\t\t\t\t\t\t\t\t\t<div class=\"ac-social-container\"><a target=\"_blank\" class=\"icon-facebook fa fa-facebook\" href=\"http:\/\/www.facebook.com\/sharer.php?u=https:\/\/www.oddmuseum.it\/?p=1445&amp;t=1908\" title=\"Click to share this post on Facebook\"><\/a>\r\n\t\t\t\t\t\t\t\t\t\t\t\t<a target=\"_blank\" class=\"icon-twitter fa fa-twitter\" href=\"http:\/\/twitter.com\/home?status=https:\/\/www.oddmuseum.it\/?p=1445\" title=\"Click to share this post on Twitter\"><\/a>\r\n        \t\t\t\t\t\t\t\t\t\t<a target=\"_blank\" class=\"icon-pinterest fa fa-pinterest\" href=\"http:\/\/pinterest.com\/pin\/create\/button\/?url=https%3A%2F%2Fwww.oddmuseum.it%2F%3Fp%3D1445&media=https:\/\/www.oddmuseum.it\/wp-content\/uploads\/2023\/08\/1908_GEN-scaled.jpg&description=1908\" title=\"Click to share this post on Pinterest\"><\/a><\/div>\r\n\t\t\t\t\t\t\t\t<\/div>\r\n\t\t\t\t\t\t   <\/div><\/figure><figure class=\"fpg-grid-item\"><img decoding=\"async\" class=\"fpg-thumbs\" src=\"https:\/\/www.oddmuseum.it\/wp-content\/uploads\/2023\/08\/1909_GEN-800x500.jpg\" alt=\"1909\"><div class=\"ac-container\">\t<h1 class=\"title\">1909<\/h1>\r\n\t\t\t\t\t\t\t\t<div class=\"ac-icon\">\r\n                           \t\t\t<div class=\"line-top\"><\/div>\r\n                            \t\t<div class=\"text\">Il Manifesto contiene i principi generali e l\u2019ideologia del movimento, basata sull\u2019adesione acritica ed\nentusiastica alla civilt\u00e0 tecnologica e sull\u2019esaltazione della guerra.\n<\/div>\r\n                            \t\t<div class=\"line-bottom\"><\/div>\r\n\t\t\t\t\t\t\t\t\t<div class=\"ac-social-container\"><a target=\"_blank\" class=\"icon-facebook fa fa-facebook\" href=\"http:\/\/www.facebook.com\/sharer.php?u=https:\/\/www.oddmuseum.it\/?p=1448&amp;t=1909\" title=\"Click to share this post on Facebook\"><\/a>\r\n\t\t\t\t\t\t\t\t\t\t\t\t<a target=\"_blank\" class=\"icon-twitter fa fa-twitter\" href=\"http:\/\/twitter.com\/home?status=https:\/\/www.oddmuseum.it\/?p=1448\" title=\"Click to share this post on Twitter\"><\/a>\r\n        \t\t\t\t\t\t\t\t\t\t<a target=\"_blank\" class=\"icon-pinterest fa fa-pinterest\" href=\"http:\/\/pinterest.com\/pin\/create\/button\/?url=https%3A%2F%2Fwww.oddmuseum.it%2F%3Fp%3D1448&media=https:\/\/www.oddmuseum.it\/wp-content\/uploads\/2023\/08\/1909_GEN-scaled.jpg&description=1909\" title=\"Click to share this post on Pinterest\"><\/a><\/div>\r\n\t\t\t\t\t\t\t\t<\/div>\r\n\t\t\t\t\t\t   <\/div><\/figure><figure class=\"fpg-grid-item\"><img decoding=\"async\" class=\"fpg-thumbs\" src=\"https:\/\/www.oddmuseum.it\/wp-content\/uploads\/2023\/08\/1910_GEN-800x500.jpg\" alt=\"1910\"><div class=\"ac-container\">\t<h1 class=\"title\">1910<\/h1>\r\n\t\t\t\t\t\t\t\t<div class=\"ac-icon\">\r\n                           \t\t\t<div class=\"line-top\"><\/div>\r\n                            \t\t<div class=\"text\">Il primo programma musicale in radio diffusione trasmette in diretta dal Metropolitan Opera House di New York (USA) la voce del tenore Enrico Caruso.<\/div>\r\n                            \t\t<div class=\"line-bottom\"><\/div>\r\n\t\t\t\t\t\t\t\t\t<div class=\"ac-social-container\"><a target=\"_blank\" class=\"icon-facebook fa fa-facebook\" href=\"http:\/\/www.facebook.com\/sharer.php?u=https:\/\/www.oddmuseum.it\/?p=1451&amp;t=1910\" title=\"Click to share this post on Facebook\"><\/a>\r\n\t\t\t\t\t\t\t\t\t\t\t\t<a target=\"_blank\" class=\"icon-twitter fa fa-twitter\" href=\"http:\/\/twitter.com\/home?status=https:\/\/www.oddmuseum.it\/?p=1451\" title=\"Click to share this post on Twitter\"><\/a>\r\n        \t\t\t\t\t\t\t\t\t\t<a target=\"_blank\" class=\"icon-pinterest fa fa-pinterest\" href=\"http:\/\/pinterest.com\/pin\/create\/button\/?url=https%3A%2F%2Fwww.oddmuseum.it%2F%3Fp%3D1451&media=https:\/\/www.oddmuseum.it\/wp-content\/uploads\/2023\/08\/1910_GEN-scaled.jpg&description=1910\" title=\"Click to share this post on Pinterest\"><\/a><\/div>\r\n\t\t\t\t\t\t\t\t<\/div>\r\n\t\t\t\t\t\t   <\/div><\/figure><figure class=\"fpg-grid-item\"><img decoding=\"async\" class=\"fpg-thumbs\" src=\"https:\/\/www.oddmuseum.it\/wp-content\/uploads\/2023\/08\/1911_GEN-800x500.jpg\" alt=\"1911\"><div class=\"ac-container\">\t<h1 class=\"title\">1911<\/h1>\r\n\t\t\t\t\t\t\t\t<div class=\"ac-icon\">\r\n                           \t\t\t<div class=\"line-top\"><\/div>\r\n                            \t\t<div class=\"text\">Il Taylorismo \u00e8 un metodo che ha consentito la nascita della produzione industriale in serie. \u00c8 stato messo a punto dall\u2019ingegnere Frederick Taylor.\n<\/div>\r\n                            \t\t<div class=\"line-bottom\"><\/div>\r\n\t\t\t\t\t\t\t\t\t<div class=\"ac-social-container\"><a target=\"_blank\" class=\"icon-facebook fa fa-facebook\" href=\"http:\/\/www.facebook.com\/sharer.php?u=https:\/\/www.oddmuseum.it\/?p=1454&amp;t=1911\" title=\"Click to share this post on Facebook\"><\/a>\r\n\t\t\t\t\t\t\t\t\t\t\t\t<a target=\"_blank\" class=\"icon-twitter fa fa-twitter\" href=\"http:\/\/twitter.com\/home?status=https:\/\/www.oddmuseum.it\/?p=1454\" title=\"Click to share this post on Twitter\"><\/a>\r\n        \t\t\t\t\t\t\t\t\t\t<a target=\"_blank\" class=\"icon-pinterest fa fa-pinterest\" href=\"http:\/\/pinterest.com\/pin\/create\/button\/?url=https%3A%2F%2Fwww.oddmuseum.it%2F%3Fp%3D1454&media=https:\/\/www.oddmuseum.it\/wp-content\/uploads\/2023\/08\/1911_GEN-scaled.jpg&description=1911\" title=\"Click to share this post on Pinterest\"><\/a><\/div>\r\n\t\t\t\t\t\t\t\t<\/div>\r\n\t\t\t\t\t\t   <\/div><\/figure><figure class=\"fpg-grid-item\"><img decoding=\"async\" class=\"fpg-thumbs\" src=\"https:\/\/www.oddmuseum.it\/wp-content\/uploads\/2023\/08\/1912_GEN-800x500.jpg\" alt=\"1912\"><div class=\"ac-container\">\t<h1 class=\"title\">1912<\/h1>\r\n\t\t\t\t\t\t\t\t<div class=\"ac-icon\">\r\n                           \t\t\t<div class=\"line-top\"><\/div>\r\n                            \t\t<div class=\"text\">L\u2019Italia approva il suffragio universale maschile, che estende il diritto di voto a tutti i cittadini maschi con et\u00e0 maggiore di 30 anni.\n<\/div>\r\n                            \t\t<div class=\"line-bottom\"><\/div>\r\n\t\t\t\t\t\t\t\t\t<div class=\"ac-social-container\"><a target=\"_blank\" class=\"icon-facebook fa fa-facebook\" href=\"http:\/\/www.facebook.com\/sharer.php?u=https:\/\/www.oddmuseum.it\/?p=1457&amp;t=1912\" title=\"Click to share this post on Facebook\"><\/a>\r\n\t\t\t\t\t\t\t\t\t\t\t\t<a target=\"_blank\" class=\"icon-twitter fa fa-twitter\" href=\"http:\/\/twitter.com\/home?status=https:\/\/www.oddmuseum.it\/?p=1457\" title=\"Click to share this post on Twitter\"><\/a>\r\n        \t\t\t\t\t\t\t\t\t\t<a target=\"_blank\" class=\"icon-pinterest fa fa-pinterest\" href=\"http:\/\/pinterest.com\/pin\/create\/button\/?url=https%3A%2F%2Fwww.oddmuseum.it%2F%3Fp%3D1457&media=https:\/\/www.oddmuseum.it\/wp-content\/uploads\/2023\/08\/1912_GEN-scaled.jpg&description=1912\" title=\"Click to share this post on Pinterest\"><\/a><\/div>\r\n\t\t\t\t\t\t\t\t<\/div>\r\n\t\t\t\t\t\t   <\/div><\/figure><figure class=\"fpg-grid-item\"><img decoding=\"async\" class=\"fpg-thumbs\" src=\"https:\/\/www.oddmuseum.it\/wp-content\/uploads\/2023\/08\/1913_GEN-800x500.jpg\" alt=\"1913\"><div class=\"ac-container\">\t<h1 class=\"title\">1913<\/h1>\r\n\t\t\t\t\t\t\t\t<div class=\"ac-icon\">\r\n                           \t\t\t<div class=\"line-top\"><\/div>\r\n                            \t\t<div class=\"text\">Henry Ford produce le prime automobili realizzate in serie grazie alla catena di montaggio.\n<\/div>\r\n                            \t\t<div class=\"line-bottom\"><\/div>\r\n\t\t\t\t\t\t\t\t\t<div class=\"ac-social-container\"><a target=\"_blank\" class=\"icon-facebook fa fa-facebook\" href=\"http:\/\/www.facebook.com\/sharer.php?u=https:\/\/www.oddmuseum.it\/?p=1460&amp;t=1913\" title=\"Click to share this post on Facebook\"><\/a>\r\n\t\t\t\t\t\t\t\t\t\t\t\t<a target=\"_blank\" class=\"icon-twitter fa fa-twitter\" href=\"http:\/\/twitter.com\/home?status=https:\/\/www.oddmuseum.it\/?p=1460\" title=\"Click to share this post on Twitter\"><\/a>\r\n        \t\t\t\t\t\t\t\t\t\t<a target=\"_blank\" class=\"icon-pinterest fa fa-pinterest\" href=\"http:\/\/pinterest.com\/pin\/create\/button\/?url=https%3A%2F%2Fwww.oddmuseum.it%2F%3Fp%3D1460&media=https:\/\/www.oddmuseum.it\/wp-content\/uploads\/2023\/08\/1913_GEN-scaled.jpg&description=1913\" title=\"Click to share this post on Pinterest\"><\/a><\/div>\r\n\t\t\t\t\t\t\t\t<\/div>\r\n\t\t\t\t\t\t   <\/div><\/figure><figure class=\"fpg-grid-item\"><img decoding=\"async\" class=\"fpg-thumbs\" src=\"https:\/\/www.oddmuseum.it\/wp-content\/uploads\/2023\/08\/1914_GEN-800x500.jpg\" alt=\"1914\"><div class=\"ac-container\">\t<h1 class=\"title\">1914<\/h1>\r\n\t\t\t\t\t\t\t\t<div class=\"ac-icon\">\r\n                           \t\t\t<div class=\"line-top\"><\/div>\r\n                            \t\t<div class=\"text\">Scoppio della Prima Guerra Mondiale in seguito all\u2019attentato di Sarajevo.\n\n<\/div>\r\n                            \t\t<div class=\"line-bottom\"><\/div>\r\n\t\t\t\t\t\t\t\t\t<div class=\"ac-social-container\"><a target=\"_blank\" class=\"icon-facebook fa fa-facebook\" href=\"http:\/\/www.facebook.com\/sharer.php?u=https:\/\/www.oddmuseum.it\/?p=1462&amp;t=1914\" title=\"Click to share this post on Facebook\"><\/a>\r\n\t\t\t\t\t\t\t\t\t\t\t\t<a target=\"_blank\" class=\"icon-twitter fa fa-twitter\" href=\"http:\/\/twitter.com\/home?status=https:\/\/www.oddmuseum.it\/?p=1462\" title=\"Click to share this post on Twitter\"><\/a>\r\n        \t\t\t\t\t\t\t\t\t\t<a target=\"_blank\" class=\"icon-pinterest fa fa-pinterest\" href=\"http:\/\/pinterest.com\/pin\/create\/button\/?url=https%3A%2F%2Fwww.oddmuseum.it%2F%3Fp%3D1462&media=https:\/\/www.oddmuseum.it\/wp-content\/uploads\/2023\/08\/1914_GEN-scaled.jpg&description=1914\" title=\"Click to share this post on Pinterest\"><\/a><\/div>\r\n\t\t\t\t\t\t\t\t<\/div>\r\n\t\t\t\t\t\t   <\/div><\/figure><\/div><\/div>\t\t<\/div>\n\t\t\t\t<\/div>\n\t\t\t\t<\/div>\n\t\t<div class=\"elementor-element elementor-element-956d472 e-con-full wd-section-stretch e-flex e-con\" data-id=\"956d472\" data-element_type=\"container\" data-settings=\"{&quot;content_width&quot;:&quot;full&quot;,&quot;background_background&quot;:&quot;classic&quot;}\">\n\t\t\t\t<div class=\"elementor-element elementor-element-8ef85a8 elementor-widget elementor-widget-heading\" data-id=\"8ef85a8\" data-element_type=\"widget\" data-widget_type=\"heading.default\">\n\t\t\t\t<div class=\"elementor-widget-container\">\n\t\t\t<h5 class=\"elementor-heading-title elementor-size-default\">ARCHITETTURA &amp; URBANISTICA<\/h5>\t\t<\/div>\n\t\t\t\t<\/div>\n\t\t\t\t<\/div>\n\t\t<div class=\"elementor-element elementor-element-4eebd07 e-con-full wd-section-stretch e-flex e-con\" data-id=\"4eebd07\" data-element_type=\"container\" data-settings=\"{&quot;content_width&quot;:&quot;full&quot;,&quot;background_background&quot;:&quot;classic&quot;}\">\n\t\t\t\t<div class=\"elementor-element elementor-element-e373ae8 elementor-widget elementor-widget-fpg-carousel\" data-id=\"e373ae8\" data-element_type=\"widget\" data-widget_type=\"fpg-carousel.default\">\n\t\t\t\t<div class=\"elementor-widget-container\">\n\t\t\t<div class=\"clearfix\"><\/div><style type=\"text\/css\">.fpg-general-container.fpg-container-number-2 {\n\t\t\t\tfont-family:;\n\t\t\t}\n\t\t\t.fpg-grid.fpg-2 h1 {\n\t\t\t\tfont-size:px;\n\t\t\t}\n\t\t\t.fpg-grid.fpg-2 p, .fpg-grid.fpg-2 .fpg-read-more,\n\t\t\t.fpg-container-portfolio,\n\t\t\t.fpg-header-container\n\t\t\t {\n\t\t\t\tfont-size:px;\n\t\t\t}.fpg-container-number-2 .fpg-pagination span {\n\t\t\t\tcolor:#000000;\n\t\t\t}\n\t\t\t.fpg-container-number-2 .fpg-pagination a {\n\t\t\t\tcolor:#FFFFFF;\t\n\t\t\t}\n\t\t\t.fpg-container-number-2 .fpg-pagination a:hover {\n\t\t\t\tcolor:#000000;\t\n\t\t\t}.fpg-container-number-2.sangiovanni .fpg-grid-item .ac-container {\n\t\t\t\tbackground:#E94E1B;\t\n\t\t\t}\n\t\t\t.fpg-container-number-2.sangiovanni .fpg-grid-item .title {\n\t\t\t\tcolor:#FFFFFF;\n\t\t\t}\n\t\t\t.fpg-container-number-2.sangiovanni .fpg-grid-item .ac-icon a,\n\t\t\t.fpg-container-number-2.sangiovanni .owl-theme .owl-controls .owl-dots  span {\n\t\t\t\tborder-color:#747474;\n\t\t\t}\n\t\t\t.fpg-container-number-2.sangiovanni .fpg-grid-item .ac-icon a {\n\t\t\t\tcolor:#FFFFFF;\n\t\t\t}\n\t\t\t.fpg-container-number-2.sangiovanni .fpg-grid-item .ac-icon a:hover {\n\t\t\t\tcolor:#000000;\n\t\t\t\tborder-color:#000000;\n\t\t\t}\n\t\t\t.fpg-container-number-2.sangiovanni .owl-next,\n\t\t\t.fpg-container-number-2.sangiovanni .owl-prev {\n\t\t\t\tcolor:#FFFFFF!important;\n\t\t\t}\n\t\t\t.fpg-container-number-2.sangiovanni .owl-next:hover,\n\t\t\t.fpg-container-number-2.sangiovanni .owl-prev:hover {\n\t\t\t\tcolor:#000000;\n\t\t\t}\n\t\t\t.fpg-container-number-2.sangiovanni .fpg-grid-item .text {\n\t\t\t\tfont-size:px;\n\t\t\t}\n\t\t\t<\/style><div class=\"fpg-general-container fpg-container-number-2 sangiovanni\"><div \r\n\t\t\t\t\t\t\tdata-fpg-carousel-owl-items=\"2\" \r\n\t\t\t\t\t\t\tdata-fpg-carousel-owl-items-900=\"2\" \r\n\t\t\t\t\t\t\tdata-fpg-carousel-owl-items-600=\"2\" \r\n\t\t\t\t\t\t\tdata-fpg-carousel-owl-loop=\"true\" \r\n\t\t\t\t\t\t\tdata-fpg-carousel-owl-autoplay=\"3000\" \r\n\t\t\t\t\t\t\tdata-fpg-carousel-owl-smart-speed=\"3000\" \r\n\t\t\t\t\t\t\tdata-fpg-carousel-owl-navigation=\"false\" \r\n\t\t\t\t\t\t\tdata-fpg-carousel-owl-pagination=\"false\" \r\n\t\t\t\t\t\t\tdata-fpg-carousel-owl-margin=\"10\" \r\n\t\t\t\t\t\t\tdata-fpg-carousel-owl-rtl=\"false\"\t\r\n\t\tclass=\"fpg-container fpg-type-carousel grid-columns-1 fpg-grid fpg-icon  fpg-2 sangiovanni wpfpg_grid \"><figure class=\"fpg-grid-item\"><img decoding=\"async\" class=\"fpg-thumbs\" src=\"https:\/\/www.oddmuseum.it\/wp-content\/uploads\/2023\/08\/nuova-timelinearchitettura-01-800x500.jpg\" alt=\"1870\"><div class=\"ac-container\">\t<h1 class=\"title\">1870<\/h1>\r\n\t\t\t\t\t\t\t\t<div class=\"ac-icon\">\r\n                           \t\t\t<div class=\"line-top\"><\/div>\r\n                            \t\t<div class=\"text\">Altri avvenimenti: <br>\n- Completamento del palazzo Butera-Wilding (parte del complesso di villa Florio).\n\n<\/div>\r\n                            \t\t<div class=\"line-bottom\"><\/div>\r\n\t\t\t\t\t\t\t\t\t<div class=\"ac-social-container\"><a target=\"_blank\" class=\"icon-facebook fa fa-facebook\" href=\"http:\/\/www.facebook.com\/sharer.php?u=https:\/\/www.oddmuseum.it\/?p=1273&amp;t=1870\" title=\"Click to share this post on Facebook\"><\/a>\r\n\t\t\t\t\t\t\t\t\t\t\t\t<a target=\"_blank\" class=\"icon-twitter fa fa-twitter\" href=\"http:\/\/twitter.com\/home?status=https:\/\/www.oddmuseum.it\/?p=1273\" title=\"Click to share this post on Twitter\"><\/a>\r\n        \t\t\t\t\t\t\t\t\t\t<a target=\"_blank\" class=\"icon-pinterest fa fa-pinterest\" href=\"http:\/\/pinterest.com\/pin\/create\/button\/?url=https%3A%2F%2Fwww.oddmuseum.it%2F%3Fp%3D1273&media=https:\/\/www.oddmuseum.it\/wp-content\/uploads\/2023\/08\/nuova-timelinearchitettura-01-scaled.jpg&description=1870\" title=\"Click to share this post on Pinterest\"><\/a><\/div>\r\n\t\t\t\t\t\t\t\t<\/div>\r\n\t\t\t\t\t\t   <\/div><\/figure><figure class=\"fpg-grid-item\"><img decoding=\"async\" class=\"fpg-thumbs\" src=\"https:\/\/www.oddmuseum.it\/wp-content\/uploads\/2023\/07\/nuova-timelinearchitettura-37-800x500.jpg\" alt=\"1871\"><div class=\"ac-container\">\t<h1 class=\"title\">1871<\/h1>\r\n\t\t\t\t\t\t\t\t<div class=\"ac-icon\">\r\n                           \t\t\t<div class=\"line-top\"><\/div>\r\n                            \t\t<div class=\"text\">Altri avvenimenti: <br>\n- Demolizione della Porta di Ossuna<br>\n- Costruzione dello stabilimento Pandolfo all\u2019Acquasanta.<\/div>\r\n                            \t\t<div class=\"line-bottom\"><\/div>\r\n\t\t\t\t\t\t\t\t\t<div class=\"ac-social-container\"><a target=\"_blank\" class=\"icon-facebook fa fa-facebook\" href=\"http:\/\/www.facebook.com\/sharer.php?u=https:\/\/www.oddmuseum.it\/?p=902&amp;t=1871\" title=\"Click to share this post on Facebook\"><\/a>\r\n\t\t\t\t\t\t\t\t\t\t\t\t<a target=\"_blank\" class=\"icon-twitter fa fa-twitter\" href=\"http:\/\/twitter.com\/home?status=https:\/\/www.oddmuseum.it\/?p=902\" title=\"Click to share this post on Twitter\"><\/a>\r\n        \t\t\t\t\t\t\t\t\t\t<a target=\"_blank\" class=\"icon-pinterest fa fa-pinterest\" href=\"http:\/\/pinterest.com\/pin\/create\/button\/?url=https%3A%2F%2Fwww.oddmuseum.it%2F%3Fp%3D902&media=https:\/\/www.oddmuseum.it\/wp-content\/uploads\/2023\/07\/nuova-timelinearchitettura-37-scaled.jpg&description=1871\" title=\"Click to share this post on Pinterest\"><\/a><\/div>\r\n\t\t\t\t\t\t\t\t<\/div>\r\n\t\t\t\t\t\t   <\/div><\/figure><figure class=\"fpg-grid-item\"><img decoding=\"async\" class=\"fpg-thumbs\" src=\"https:\/\/www.oddmuseum.it\/wp-content\/uploads\/2023\/08\/1872_ARCH-800x500.jpg\" alt=\"1872\"><div class=\"ac-container\">\t<h1 class=\"title\">1872<\/h1>\r\n\t\t\t\t\t\t\t\t<div class=\"ac-icon\">\r\n                           \t\t\t<div class=\"line-top\"><\/div>\r\n                            \t\t<div class=\"text\">Dal pontile partiva una ferrovia di circonvallazione lunga circa 6 km che collegava il porto con la stazione centrale.<\/div>\r\n                            \t\t<div class=\"line-bottom\"><\/div>\r\n\t\t\t\t\t\t\t\t\t<div class=\"ac-social-container\"><a target=\"_blank\" class=\"icon-facebook fa fa-facebook\" href=\"http:\/\/www.facebook.com\/sharer.php?u=https:\/\/www.oddmuseum.it\/?p=1277&amp;t=1872\" title=\"Click to share this post on Facebook\"><\/a>\r\n\t\t\t\t\t\t\t\t\t\t\t\t<a target=\"_blank\" class=\"icon-twitter fa fa-twitter\" href=\"http:\/\/twitter.com\/home?status=https:\/\/www.oddmuseum.it\/?p=1277\" title=\"Click to share this post on Twitter\"><\/a>\r\n        \t\t\t\t\t\t\t\t\t\t<a target=\"_blank\" class=\"icon-pinterest fa fa-pinterest\" href=\"http:\/\/pinterest.com\/pin\/create\/button\/?url=https%3A%2F%2Fwww.oddmuseum.it%2F%3Fp%3D1277&media=https:\/\/www.oddmuseum.it\/wp-content\/uploads\/2023\/08\/1872_ARCH-scaled.jpg&description=1872\" title=\"Click to share this post on Pinterest\"><\/a><\/div>\r\n\t\t\t\t\t\t\t\t<\/div>\r\n\t\t\t\t\t\t   <\/div><\/figure><figure class=\"fpg-grid-item\"><img decoding=\"async\" class=\"fpg-thumbs\" src=\"https:\/\/www.oddmuseum.it\/wp-content\/uploads\/2023\/07\/nuova-timelinearchitettura-38-800x500.jpg\" alt=\"1874\"><div class=\"ac-container\">\t<h1 class=\"title\">1874<\/h1>\r\n\t\t\t\t\t\t\t\t<div class=\"ac-icon\">\r\n                           \t\t\t<div class=\"line-top\"><\/div>\r\n                            \t\t<div class=\"text\">Altri avvenimenti: <br>\n- Inaugurazione del teatro Politeama.<br>\n- Demolizione dei monasteri delle Stimmate e di San Giuliano per costruire il teatro Massimo.<br><\/div>\r\n                            \t\t<div class=\"line-bottom\"><\/div>\r\n\t\t\t\t\t\t\t\t\t<div class=\"ac-social-container\"><a target=\"_blank\" class=\"icon-facebook fa fa-facebook\" href=\"http:\/\/www.facebook.com\/sharer.php?u=https:\/\/www.oddmuseum.it\/?p=905&amp;t=1874\" title=\"Click to share this post on Facebook\"><\/a>\r\n\t\t\t\t\t\t\t\t\t\t\t\t<a target=\"_blank\" class=\"icon-twitter fa fa-twitter\" href=\"http:\/\/twitter.com\/home?status=https:\/\/www.oddmuseum.it\/?p=905\" title=\"Click to share this post on Twitter\"><\/a>\r\n        \t\t\t\t\t\t\t\t\t\t<a target=\"_blank\" class=\"icon-pinterest fa fa-pinterest\" href=\"http:\/\/pinterest.com\/pin\/create\/button\/?url=https%3A%2F%2Fwww.oddmuseum.it%2F%3Fp%3D905&media=https:\/\/www.oddmuseum.it\/wp-content\/uploads\/2023\/07\/nuova-timelinearchitettura-38-scaled.jpg&description=1874\" title=\"Click to share this post on Pinterest\"><\/a><\/div>\r\n\t\t\t\t\t\t\t\t<\/div>\r\n\t\t\t\t\t\t   <\/div><\/figure><figure class=\"fpg-grid-item\"><img decoding=\"async\" class=\"fpg-thumbs\" src=\"https:\/\/www.oddmuseum.it\/wp-content\/uploads\/2023\/07\/nuova-timelinearchitettura-39-800x500.jpg\" alt=\"1875\"><div class=\"ac-container\">\t<h1 class=\"title\">1875<\/h1>\r\n\t\t\t\t\t\t\t\t<div class=\"ac-icon\">\r\n                           \t\t\t<div class=\"line-top\"><\/div>\r\n                            \t\t<div class=\"text\">Altri avvenimenti: <br>\n- Inizio dei lavori di costruzione del Teatro Massimo.<br>\n- Inaugurazione del Palchetto della Musica di piazza Castelnuovo.<br>\n<\/div>\r\n                            \t\t<div class=\"line-bottom\"><\/div>\r\n\t\t\t\t\t\t\t\t\t<div class=\"ac-social-container\"><a target=\"_blank\" class=\"icon-facebook fa fa-facebook\" href=\"http:\/\/www.facebook.com\/sharer.php?u=https:\/\/www.oddmuseum.it\/?p=909&amp;t=1875\" title=\"Click to share this post on Facebook\"><\/a>\r\n\t\t\t\t\t\t\t\t\t\t\t\t<a target=\"_blank\" class=\"icon-twitter fa fa-twitter\" href=\"http:\/\/twitter.com\/home?status=https:\/\/www.oddmuseum.it\/?p=909\" title=\"Click to share this post on Twitter\"><\/a>\r\n        \t\t\t\t\t\t\t\t\t\t<a target=\"_blank\" class=\"icon-pinterest fa fa-pinterest\" href=\"http:\/\/pinterest.com\/pin\/create\/button\/?url=https%3A%2F%2Fwww.oddmuseum.it%2F%3Fp%3D909&media=https:\/\/www.oddmuseum.it\/wp-content\/uploads\/2023\/07\/nuova-timelinearchitettura-39-scaled.jpg&description=1875\" title=\"Click to share this post on Pinterest\"><\/a><\/div>\r\n\t\t\t\t\t\t\t\t<\/div>\r\n\t\t\t\t\t\t   <\/div><\/figure><figure class=\"fpg-grid-item\"><img decoding=\"async\" class=\"fpg-thumbs\" src=\"https:\/\/www.oddmuseum.it\/wp-content\/uploads\/2023\/08\/1876_ARCH-800x500.jpg\" alt=\"1876\"><div class=\"ac-container\">\t<h1 class=\"title\">1876<\/h1>\r\n\t\t\t\t\t\t\t\t<div class=\"ac-icon\">\r\n                           \t\t\t<div class=\"line-top\"><\/div>\r\n                            \t\t<div class=\"text\">Altri avvenimenti: <br>\n- Appalto dei lavori per la costruzione di via Emerico Amari.\n\n<\/div>\r\n                            \t\t<div class=\"line-bottom\"><\/div>\r\n\t\t\t\t\t\t\t\t\t<div class=\"ac-social-container\"><a target=\"_blank\" class=\"icon-facebook fa fa-facebook\" href=\"http:\/\/www.facebook.com\/sharer.php?u=https:\/\/www.oddmuseum.it\/?p=1283&amp;t=1876\" title=\"Click to share this post on Facebook\"><\/a>\r\n\t\t\t\t\t\t\t\t\t\t\t\t<a target=\"_blank\" class=\"icon-twitter fa fa-twitter\" href=\"http:\/\/twitter.com\/home?status=https:\/\/www.oddmuseum.it\/?p=1283\" title=\"Click to share this post on Twitter\"><\/a>\r\n        \t\t\t\t\t\t\t\t\t\t<a target=\"_blank\" class=\"icon-pinterest fa fa-pinterest\" href=\"http:\/\/pinterest.com\/pin\/create\/button\/?url=https%3A%2F%2Fwww.oddmuseum.it%2F%3Fp%3D1283&media=https:\/\/www.oddmuseum.it\/wp-content\/uploads\/2023\/08\/1876_ARCH-scaled.jpg&description=1876\" title=\"Click to share this post on Pinterest\"><\/a><\/div>\r\n\t\t\t\t\t\t\t\t<\/div>\r\n\t\t\t\t\t\t   <\/div><\/figure><figure class=\"fpg-grid-item\"><img decoding=\"async\" class=\"fpg-thumbs\" src=\"https:\/\/www.oddmuseum.it\/wp-content\/uploads\/2023\/07\/nuova-timelinearchitettura-40-800x500.jpg\" alt=\"1877\"><div class=\"ac-container\">\t<h1 class=\"title\">1877<\/h1>\r\n\t\t\t\t\t\t\t\t<div class=\"ac-icon\">\r\n                           \t\t\t<div class=\"line-top\"><\/div>\r\n                            \t\t<div class=\"text\">Altri avvenimenti: <br>\n- Demolizione di Porta Maqueda <br>\n- Ristrutturazione di Palazzo delle Aquile.<br>\n- Inaugurazione di via Emerico Amari.<br>\n<\/div>\r\n                            \t\t<div class=\"line-bottom\"><\/div>\r\n\t\t\t\t\t\t\t\t\t<div class=\"ac-social-container\"><a target=\"_blank\" class=\"icon-facebook fa fa-facebook\" href=\"http:\/\/www.facebook.com\/sharer.php?u=https:\/\/www.oddmuseum.it\/?p=912&amp;t=1877\" title=\"Click to share this post on Facebook\"><\/a>\r\n\t\t\t\t\t\t\t\t\t\t\t\t<a target=\"_blank\" class=\"icon-twitter fa fa-twitter\" href=\"http:\/\/twitter.com\/home?status=https:\/\/www.oddmuseum.it\/?p=912\" title=\"Click to share this post on Twitter\"><\/a>\r\n        \t\t\t\t\t\t\t\t\t\t<a target=\"_blank\" class=\"icon-pinterest fa fa-pinterest\" href=\"http:\/\/pinterest.com\/pin\/create\/button\/?url=https%3A%2F%2Fwww.oddmuseum.it%2F%3Fp%3D912&media=https:\/\/www.oddmuseum.it\/wp-content\/uploads\/2023\/07\/nuova-timelinearchitettura-40-scaled.jpg&description=1877\" title=\"Click to share this post on Pinterest\"><\/a><\/div>\r\n\t\t\t\t\t\t\t\t<\/div>\r\n\t\t\t\t\t\t   <\/div><\/figure><figure class=\"fpg-grid-item\"><img decoding=\"async\" class=\"fpg-thumbs\" src=\"https:\/\/www.oddmuseum.it\/wp-content\/uploads\/2023\/08\/1878_ARCH-800x500.jpg\" alt=\"1878\"><div class=\"ac-container\">\t<h1 class=\"title\">1878<\/h1>\r\n\t\t\t\t\t\t\t\t<div class=\"ac-icon\">\r\n                           \t\t\t<div class=\"line-top\"><\/div>\r\n                            \t\t<div class=\"text\">Altri avvenimenti: <br>\n- La Fonderia Oretea realizza una tettoia in ferro per il teatro Massimo.\n<\/div>\r\n                            \t\t<div class=\"line-bottom\"><\/div>\r\n\t\t\t\t\t\t\t\t\t<div class=\"ac-social-container\"><a target=\"_blank\" class=\"icon-facebook fa fa-facebook\" href=\"http:\/\/www.facebook.com\/sharer.php?u=https:\/\/www.oddmuseum.it\/?p=1286&amp;t=1878\" title=\"Click to share this post on Facebook\"><\/a>\r\n\t\t\t\t\t\t\t\t\t\t\t\t<a target=\"_blank\" class=\"icon-twitter fa fa-twitter\" href=\"http:\/\/twitter.com\/home?status=https:\/\/www.oddmuseum.it\/?p=1286\" title=\"Click to share this post on Twitter\"><\/a>\r\n        \t\t\t\t\t\t\t\t\t\t<a target=\"_blank\" class=\"icon-pinterest fa fa-pinterest\" href=\"http:\/\/pinterest.com\/pin\/create\/button\/?url=https%3A%2F%2Fwww.oddmuseum.it%2F%3Fp%3D1286&media=https:\/\/www.oddmuseum.it\/wp-content\/uploads\/2023\/08\/1878_ARCH-scaled.jpg&description=1878\" title=\"Click to share this post on Pinterest\"><\/a><\/div>\r\n\t\t\t\t\t\t\t\t<\/div>\r\n\t\t\t\t\t\t   <\/div><\/figure><figure class=\"fpg-grid-item\"><img decoding=\"async\" class=\"fpg-thumbs\" src=\"https:\/\/www.oddmuseum.it\/wp-content\/uploads\/2023\/08\/1879_ARCH-800x500.jpg\" alt=\"1879\"><div class=\"ac-container\">\t<h1 class=\"title\">1879<\/h1>\r\n\t\t\t\t\t\t\t\t<div class=\"ac-icon\">\r\n                           \t\t\t<div class=\"line-top\"><\/div>\r\n                            \t\t<div class=\"text\">Altri avvenimenti: <br>\n- Prolungamento di via Libert\u00e0<br>\n- Costruzione di strade che collegano le piazze Acquasanta, Marina e Noce.\n<\/div>\r\n                            \t\t<div class=\"line-bottom\"><\/div>\r\n\t\t\t\t\t\t\t\t\t<div class=\"ac-social-container\"><a target=\"_blank\" class=\"icon-facebook fa fa-facebook\" href=\"http:\/\/www.facebook.com\/sharer.php?u=https:\/\/www.oddmuseum.it\/?p=1289&amp;t=1879\" title=\"Click to share this post on Facebook\"><\/a>\r\n\t\t\t\t\t\t\t\t\t\t\t\t<a target=\"_blank\" class=\"icon-twitter fa fa-twitter\" href=\"http:\/\/twitter.com\/home?status=https:\/\/www.oddmuseum.it\/?p=1289\" title=\"Click to share this post on Twitter\"><\/a>\r\n        \t\t\t\t\t\t\t\t\t\t<a target=\"_blank\" class=\"icon-pinterest fa fa-pinterest\" href=\"http:\/\/pinterest.com\/pin\/create\/button\/?url=https%3A%2F%2Fwww.oddmuseum.it%2F%3Fp%3D1289&media=https:\/\/www.oddmuseum.it\/wp-content\/uploads\/2023\/08\/1879_ARCH-scaled.jpg&description=1879\" title=\"Click to share this post on Pinterest\"><\/a><\/div>\r\n\t\t\t\t\t\t\t\t<\/div>\r\n\t\t\t\t\t\t   <\/div><\/figure><figure class=\"fpg-grid-item\"><img decoding=\"async\" class=\"fpg-thumbs\" src=\"https:\/\/www.oddmuseum.it\/wp-content\/uploads\/2023\/08\/1880_ARCH-800x500.jpg\" alt=\"1880\"><div class=\"ac-container\">\t<h1 class=\"title\">1880<\/h1>\r\n\t\t\t\t\t\t\t\t<div class=\"ac-icon\">\r\n                           \t\t\t<div class=\"line-top\"><\/div>\r\n                            \t\t<div class=\"text\">Altri avvenimenti: <br>\n- L\u2019ing. Luigi Castiglia redige il Piano fognante di Palermo.\n<\/div>\r\n                            \t\t<div class=\"line-bottom\"><\/div>\r\n\t\t\t\t\t\t\t\t\t<div class=\"ac-social-container\"><a target=\"_blank\" class=\"icon-facebook fa fa-facebook\" href=\"http:\/\/www.facebook.com\/sharer.php?u=https:\/\/www.oddmuseum.it\/?p=1292&amp;t=1880\" title=\"Click to share this post on Facebook\"><\/a>\r\n\t\t\t\t\t\t\t\t\t\t\t\t<a target=\"_blank\" class=\"icon-twitter fa fa-twitter\" href=\"http:\/\/twitter.com\/home?status=https:\/\/www.oddmuseum.it\/?p=1292\" title=\"Click to share this post on Twitter\"><\/a>\r\n        \t\t\t\t\t\t\t\t\t\t<a target=\"_blank\" class=\"icon-pinterest fa fa-pinterest\" href=\"http:\/\/pinterest.com\/pin\/create\/button\/?url=https%3A%2F%2Fwww.oddmuseum.it%2F%3Fp%3D1292&media=https:\/\/www.oddmuseum.it\/wp-content\/uploads\/2023\/08\/1880_ARCH-scaled.jpg&description=1880\" title=\"Click to share this post on Pinterest\"><\/a><\/div>\r\n\t\t\t\t\t\t\t\t<\/div>\r\n\t\t\t\t\t\t   <\/div><\/figure><figure class=\"fpg-grid-item\"><img decoding=\"async\" class=\"fpg-thumbs\" src=\"https:\/\/www.oddmuseum.it\/wp-content\/uploads\/2023\/08\/1881_ARCH-800x500.jpg\" alt=\"1881\"><div class=\"ac-container\">\t<h1 class=\"title\">1881<\/h1>\r\n\t\t\t\t\t\t\t\t<div class=\"ac-icon\">\r\n                           \t\t\t<div class=\"line-top\"><\/div>\r\n                            \t\t<div class=\"text\">Altri avvenimenti: <br>\n- Espropriazione e lottizzazione delle aree a valle di via della Libert\u00e0. \n<\/div>\r\n                            \t\t<div class=\"line-bottom\"><\/div>\r\n\t\t\t\t\t\t\t\t\t<div class=\"ac-social-container\"><a target=\"_blank\" class=\"icon-facebook fa fa-facebook\" href=\"http:\/\/www.facebook.com\/sharer.php?u=https:\/\/www.oddmuseum.it\/?p=1295&amp;t=1881\" title=\"Click to share this post on Facebook\"><\/a>\r\n\t\t\t\t\t\t\t\t\t\t\t\t<a target=\"_blank\" class=\"icon-twitter fa fa-twitter\" href=\"http:\/\/twitter.com\/home?status=https:\/\/www.oddmuseum.it\/?p=1295\" title=\"Click to share this post on Twitter\"><\/a>\r\n        \t\t\t\t\t\t\t\t\t\t<a target=\"_blank\" class=\"icon-pinterest fa fa-pinterest\" href=\"http:\/\/pinterest.com\/pin\/create\/button\/?url=https%3A%2F%2Fwww.oddmuseum.it%2F%3Fp%3D1295&media=https:\/\/www.oddmuseum.it\/wp-content\/uploads\/2023\/08\/1881_ARCH-scaled.jpg&description=1881\" title=\"Click to share this post on Pinterest\"><\/a><\/div>\r\n\t\t\t\t\t\t\t\t<\/div>\r\n\t\t\t\t\t\t   <\/div><\/figure><figure class=\"fpg-grid-item\"><img decoding=\"async\" class=\"fpg-thumbs\" src=\"https:\/\/www.oddmuseum.it\/wp-content\/uploads\/2023\/07\/nuova-timelinearchitettura-41-800x500.jpg\" alt=\"1882\"><div class=\"ac-container\">\t<h1 class=\"title\">1882<\/h1>\r\n\t\t\t\t\t\t\t\t<div class=\"ac-icon\">\r\n                           \t\t\t<div class=\"line-top\"><\/div>\r\n                            \t\t<div class=\"text\">Altri avvenimenti: <br>\n- Sospensione dei lavori di costruzione per il Teatro Massimo. <br>\n- Costruzione della prima centrale telefonica palermitana.\n<\/div>\r\n                            \t\t<div class=\"line-bottom\"><\/div>\r\n\t\t\t\t\t\t\t\t\t<div class=\"ac-social-container\"><a target=\"_blank\" class=\"icon-facebook fa fa-facebook\" href=\"http:\/\/www.facebook.com\/sharer.php?u=https:\/\/www.oddmuseum.it\/?p=918&amp;t=1882\" title=\"Click to share this post on Facebook\"><\/a>\r\n\t\t\t\t\t\t\t\t\t\t\t\t<a target=\"_blank\" class=\"icon-twitter fa fa-twitter\" href=\"http:\/\/twitter.com\/home?status=https:\/\/www.oddmuseum.it\/?p=918\" title=\"Click to share this post on Twitter\"><\/a>\r\n        \t\t\t\t\t\t\t\t\t\t<a target=\"_blank\" class=\"icon-pinterest fa fa-pinterest\" href=\"http:\/\/pinterest.com\/pin\/create\/button\/?url=https%3A%2F%2Fwww.oddmuseum.it%2F%3Fp%3D918&media=https:\/\/www.oddmuseum.it\/wp-content\/uploads\/2023\/07\/nuova-timelinearchitettura-41-scaled.jpg&description=1882\" title=\"Click to share this post on Pinterest\"><\/a><\/div>\r\n\t\t\t\t\t\t\t\t<\/div>\r\n\t\t\t\t\t\t   <\/div><\/figure><figure class=\"fpg-grid-item\"><img decoding=\"async\" class=\"fpg-thumbs\" src=\"https:\/\/www.oddmuseum.it\/wp-content\/uploads\/2023\/08\/1883_ARCH-800x500.jpg\" alt=\"1883\"><div class=\"ac-container\">\t<h1 class=\"title\">1883<\/h1>\r\n\t\t\t\t\t\t\t\t<div class=\"ac-icon\">\r\n                           \t\t\t<div class=\"line-top\"><\/div>\r\n                            \t\t<div class=\"text\">Altri avvenimenti: <br>\n-Lavori di scavo nei fondali del porto per aumentarne la profondit\u00e0<br>\n-La famiglia Whitaker acquista i giardini di Villa Sperlinga<br>\n<\/div>\r\n                            \t\t<div class=\"line-bottom\"><\/div>\r\n\t\t\t\t\t\t\t\t\t<div class=\"ac-social-container\"><a target=\"_blank\" class=\"icon-facebook fa fa-facebook\" href=\"http:\/\/www.facebook.com\/sharer.php?u=https:\/\/www.oddmuseum.it\/?p=1298&amp;t=1883\" title=\"Click to share this post on Facebook\"><\/a>\r\n\t\t\t\t\t\t\t\t\t\t\t\t<a target=\"_blank\" class=\"icon-twitter fa fa-twitter\" href=\"http:\/\/twitter.com\/home?status=https:\/\/www.oddmuseum.it\/?p=1298\" title=\"Click to share this post on Twitter\"><\/a>\r\n        \t\t\t\t\t\t\t\t\t\t<a target=\"_blank\" class=\"icon-pinterest fa fa-pinterest\" href=\"http:\/\/pinterest.com\/pin\/create\/button\/?url=https%3A%2F%2Fwww.oddmuseum.it%2F%3Fp%3D1298&media=https:\/\/www.oddmuseum.it\/wp-content\/uploads\/2023\/08\/1883_ARCH-scaled.jpg&description=1883\" title=\"Click to share this post on Pinterest\"><\/a><\/div>\r\n\t\t\t\t\t\t\t\t<\/div>\r\n\t\t\t\t\t\t   <\/div><\/figure><figure class=\"fpg-grid-item\"><img decoding=\"async\" class=\"fpg-thumbs\" src=\"https:\/\/www.oddmuseum.it\/wp-content\/uploads\/2023\/07\/nuova-timelinearchitettura-42-800x500.jpg\" alt=\"1884\"><div class=\"ac-container\">\t<h1 class=\"title\">1884<\/h1>\r\n\t\t\t\t\t\t\t\t<div class=\"ac-icon\">\r\n                           \t\t\t<div class=\"line-top\"><\/div>\r\n                            \t\t<div class=\"text\">\u00c8 stato l'arch. Patricolo a riportare la chiesa alle sue originarie strutture architettoniche normanne.\n<\/div>\r\n                            \t\t<div class=\"line-bottom\"><\/div>\r\n\t\t\t\t\t\t\t\t\t<div class=\"ac-social-container\"><a target=\"_blank\" class=\"icon-facebook fa fa-facebook\" href=\"http:\/\/www.facebook.com\/sharer.php?u=https:\/\/www.oddmuseum.it\/?p=937&amp;t=1884\" title=\"Click to share this post on Facebook\"><\/a>\r\n\t\t\t\t\t\t\t\t\t\t\t\t<a target=\"_blank\" class=\"icon-twitter fa fa-twitter\" href=\"http:\/\/twitter.com\/home?status=https:\/\/www.oddmuseum.it\/?p=937\" title=\"Click to share this post on Twitter\"><\/a>\r\n        \t\t\t\t\t\t\t\t\t\t<a target=\"_blank\" class=\"icon-pinterest fa fa-pinterest\" href=\"http:\/\/pinterest.com\/pin\/create\/button\/?url=https%3A%2F%2Fwww.oddmuseum.it%2F%3Fp%3D937&media=https:\/\/www.oddmuseum.it\/wp-content\/uploads\/2023\/07\/nuova-timelinearchitettura-42-scaled.jpg&description=1884\" title=\"Click to share this post on Pinterest\"><\/a><\/div>\r\n\t\t\t\t\t\t\t\t<\/div>\r\n\t\t\t\t\t\t   <\/div><\/figure><figure class=\"fpg-grid-item\"><img decoding=\"async\" class=\"fpg-thumbs\" src=\"https:\/\/www.oddmuseum.it\/wp-content\/uploads\/2023\/07\/nuova-timelinearchitettura-43-800x500.jpg\" alt=\"1885\"><div class=\"ac-container\">\t<h1 class=\"title\">1885<\/h1>\r\n\t\t\t\t\t\t\t\t<div class=\"ac-icon\">\r\n                           \t\t\t<div class=\"line-top\"><\/div>\r\n                            \t\t<div class=\"text\">Altri avvenimenti: <br>\n- Interventi di: costruzione di nuove strade, di realizzazione delle fognature e di abbattimento delle antiche mura\n<\/div>\r\n                            \t\t<div class=\"line-bottom\"><\/div>\r\n\t\t\t\t\t\t\t\t\t<div class=\"ac-social-container\"><a target=\"_blank\" class=\"icon-facebook fa fa-facebook\" href=\"http:\/\/www.facebook.com\/sharer.php?u=https:\/\/www.oddmuseum.it\/?p=934&amp;t=1885\" title=\"Click to share this post on Facebook\"><\/a>\r\n\t\t\t\t\t\t\t\t\t\t\t\t<a target=\"_blank\" class=\"icon-twitter fa fa-twitter\" href=\"http:\/\/twitter.com\/home?status=https:\/\/www.oddmuseum.it\/?p=934\" title=\"Click to share this post on Twitter\"><\/a>\r\n        \t\t\t\t\t\t\t\t\t\t<a target=\"_blank\" class=\"icon-pinterest fa fa-pinterest\" href=\"http:\/\/pinterest.com\/pin\/create\/button\/?url=https%3A%2F%2Fwww.oddmuseum.it%2F%3Fp%3D934&media=https:\/\/www.oddmuseum.it\/wp-content\/uploads\/2023\/07\/nuova-timelinearchitettura-43-scaled.jpg&description=1885\" title=\"Click to share this post on Pinterest\"><\/a><\/div>\r\n\t\t\t\t\t\t\t\t<\/div>\r\n\t\t\t\t\t\t   <\/div><\/figure><figure class=\"fpg-grid-item\"><img decoding=\"async\" class=\"fpg-thumbs\" src=\"https:\/\/www.oddmuseum.it\/wp-content\/uploads\/2023\/07\/1871-13.jpg\" alt=\"1886\"><div class=\"ac-container\">\t<h1 class=\"title\">1886<\/h1>\r\n\t\t\t\t\t\t\t\t<div class=\"ac-icon\">\r\n                           \t\t\t<div class=\"line-top\"><\/div>\r\n                            \t\t<div class=\"text\">Altri avvenimenti: <br>\n- Inaugurazione del nuovo edificio della stazione centrale.<br>\n- Lavori di ristrutturazione di Villa Sofia da parte della famiglia Whitaker.\n\n<\/div>\r\n                            \t\t<div class=\"line-bottom\"><\/div>\r\n\t\t\t\t\t\t\t\t\t<div class=\"ac-social-container\"><a target=\"_blank\" class=\"icon-facebook fa fa-facebook\" href=\"http:\/\/www.facebook.com\/sharer.php?u=https:\/\/www.oddmuseum.it\/?p=940&amp;t=1886\" title=\"Click to share this post on Facebook\"><\/a>\r\n\t\t\t\t\t\t\t\t\t\t\t\t<a target=\"_blank\" class=\"icon-twitter fa fa-twitter\" href=\"http:\/\/twitter.com\/home?status=https:\/\/www.oddmuseum.it\/?p=940\" title=\"Click to share this post on Twitter\"><\/a>\r\n        \t\t\t\t\t\t\t\t\t\t<a target=\"_blank\" class=\"icon-pinterest fa fa-pinterest\" href=\"http:\/\/pinterest.com\/pin\/create\/button\/?url=https%3A%2F%2Fwww.oddmuseum.it%2F%3Fp%3D940&media=https:\/\/www.oddmuseum.it\/wp-content\/uploads\/2023\/07\/1871-13.jpg&description=1886\" title=\"Click to share this post on Pinterest\"><\/a><\/div>\r\n\t\t\t\t\t\t\t\t<\/div>\r\n\t\t\t\t\t\t   <\/div><\/figure><figure class=\"fpg-grid-item\"><img decoding=\"async\" class=\"fpg-thumbs\" src=\"https:\/\/www.oddmuseum.it\/wp-content\/uploads\/2023\/08\/1887_ARCH-800x500.jpg\" alt=\"1887\"><div class=\"ac-container\">\t<h1 class=\"title\">1887<\/h1>\r\n\t\t\t\t\t\t\t\t<div class=\"ac-icon\">\r\n                           \t\t\t<div class=\"line-top\"><\/div>\r\n                            \t\t<div class=\"text\">Altri avvenimenti:<br>\n- Interventi di risanamento di alcuni quartieri del centro storico.\n<\/div>\r\n                            \t\t<div class=\"line-bottom\"><\/div>\r\n\t\t\t\t\t\t\t\t\t<div class=\"ac-social-container\"><a target=\"_blank\" class=\"icon-facebook fa fa-facebook\" href=\"http:\/\/www.facebook.com\/sharer.php?u=https:\/\/www.oddmuseum.it\/?p=1301&amp;t=1887\" title=\"Click to share this post on Facebook\"><\/a>\r\n\t\t\t\t\t\t\t\t\t\t\t\t<a target=\"_blank\" class=\"icon-twitter fa fa-twitter\" href=\"http:\/\/twitter.com\/home?status=https:\/\/www.oddmuseum.it\/?p=1301\" title=\"Click to share this post on Twitter\"><\/a>\r\n        \t\t\t\t\t\t\t\t\t\t<a target=\"_blank\" class=\"icon-pinterest fa fa-pinterest\" href=\"http:\/\/pinterest.com\/pin\/create\/button\/?url=https%3A%2F%2Fwww.oddmuseum.it%2F%3Fp%3D1301&media=https:\/\/www.oddmuseum.it\/wp-content\/uploads\/2023\/08\/1887_ARCH-scaled.jpg&description=1887\" title=\"Click to share this post on Pinterest\"><\/a><\/div>\r\n\t\t\t\t\t\t\t\t<\/div>\r\n\t\t\t\t\t\t   <\/div><\/figure><figure class=\"fpg-grid-item\"><img decoding=\"async\" class=\"fpg-thumbs\" src=\"https:\/\/www.oddmuseum.it\/wp-content\/uploads\/2023\/07\/1871-06.jpg\" alt=\"1888\"><div class=\"ac-container\">\t<h1 class=\"title\">1888<\/h1>\r\n\t\t\t\t\t\t\t\t<div class=\"ac-icon\">\r\n                           \t\t\t<div class=\"line-top\"><\/div>\r\n                            \t\t<div class=\"text\">Altri avvenimenti:<br>\n- Progettazione di un organismo espositivo per l\u2019Esposizione Nazionale.<\/div>\r\n                            \t\t<div class=\"line-bottom\"><\/div>\r\n\t\t\t\t\t\t\t\t\t<div class=\"ac-social-container\"><a target=\"_blank\" class=\"icon-facebook fa fa-facebook\" href=\"http:\/\/www.facebook.com\/sharer.php?u=https:\/\/www.oddmuseum.it\/?p=919&amp;t=1888\" title=\"Click to share this post on Facebook\"><\/a>\r\n\t\t\t\t\t\t\t\t\t\t\t\t<a target=\"_blank\" class=\"icon-twitter fa fa-twitter\" href=\"http:\/\/twitter.com\/home?status=https:\/\/www.oddmuseum.it\/?p=919\" title=\"Click to share this post on Twitter\"><\/a>\r\n        \t\t\t\t\t\t\t\t\t\t<a target=\"_blank\" class=\"icon-pinterest fa fa-pinterest\" href=\"http:\/\/pinterest.com\/pin\/create\/button\/?url=https%3A%2F%2Fwww.oddmuseum.it%2F%3Fp%3D919&media=https:\/\/www.oddmuseum.it\/wp-content\/uploads\/2023\/07\/1871-06.jpg&description=1888\" title=\"Click to share this post on Pinterest\"><\/a><\/div>\r\n\t\t\t\t\t\t\t\t<\/div>\r\n\t\t\t\t\t\t   <\/div><\/figure><figure class=\"fpg-grid-item\"><img decoding=\"async\" class=\"fpg-thumbs\" src=\"https:\/\/www.oddmuseum.it\/wp-content\/uploads\/2023\/08\/1889_ARCH-800x500.jpg\" alt=\"1889\"><div class=\"ac-container\">\t<h1 class=\"title\">1889<\/h1>\r\n\t\t\t\t\t\t\t\t<div class=\"ac-icon\">\r\n                           \t\t\t<div class=\"line-top\"><\/div>\r\n                            \t\t<div class=\"text\">Altri avvenimenti:<br>\n- Ripresa dei lavori di costruzione del Teatro Massimo dopo 7 anni.<br>\n- Inizio dei lavori per la realizzazione del Villino Favaloro.<br>\n<\/div>\r\n                            \t\t<div class=\"line-bottom\"><\/div>\r\n\t\t\t\t\t\t\t\t\t<div class=\"ac-social-container\"><a target=\"_blank\" class=\"icon-facebook fa fa-facebook\" href=\"http:\/\/www.facebook.com\/sharer.php?u=https:\/\/www.oddmuseum.it\/?p=1304&amp;t=1889\" title=\"Click to share this post on Facebook\"><\/a>\r\n\t\t\t\t\t\t\t\t\t\t\t\t<a target=\"_blank\" class=\"icon-twitter fa fa-twitter\" href=\"http:\/\/twitter.com\/home?status=https:\/\/www.oddmuseum.it\/?p=1304\" title=\"Click to share this post on Twitter\"><\/a>\r\n        \t\t\t\t\t\t\t\t\t\t<a target=\"_blank\" class=\"icon-pinterest fa fa-pinterest\" href=\"http:\/\/pinterest.com\/pin\/create\/button\/?url=https%3A%2F%2Fwww.oddmuseum.it%2F%3Fp%3D1304&media=https:\/\/www.oddmuseum.it\/wp-content\/uploads\/2023\/08\/1889_ARCH-scaled.jpg&description=1889\" title=\"Click to share this post on Pinterest\"><\/a><\/div>\r\n\t\t\t\t\t\t\t\t<\/div>\r\n\t\t\t\t\t\t   <\/div><\/figure><figure class=\"fpg-grid-item\"><img decoding=\"async\" class=\"fpg-thumbs\" src=\"https:\/\/www.oddmuseum.it\/wp-content\/uploads\/2023\/08\/1890_ARCH-800x500.jpg\" alt=\"1890\"><div class=\"ac-container\">\t<h1 class=\"title\">1890<\/h1>\r\n\t\t\t\t\t\t\t\t<div class=\"ac-icon\">\r\n                           \t\t\t<div class=\"line-top\"><\/div>\r\n                            \t\t<div class=\"text\">L'hotel, per la sua posizione, era destinato ad ospitare i visitatori dell'Esposizione Nazionale del 1891-92.\n<\/div>\r\n                            \t\t<div class=\"line-bottom\"><\/div>\r\n\t\t\t\t\t\t\t\t\t<div class=\"ac-social-container\"><a target=\"_blank\" class=\"icon-facebook fa fa-facebook\" href=\"http:\/\/www.facebook.com\/sharer.php?u=https:\/\/www.oddmuseum.it\/?p=1307&amp;t=1890\" title=\"Click to share this post on Facebook\"><\/a>\r\n\t\t\t\t\t\t\t\t\t\t\t\t<a target=\"_blank\" class=\"icon-twitter fa fa-twitter\" href=\"http:\/\/twitter.com\/home?status=https:\/\/www.oddmuseum.it\/?p=1307\" title=\"Click to share this post on Twitter\"><\/a>\r\n        \t\t\t\t\t\t\t\t\t\t<a target=\"_blank\" class=\"icon-pinterest fa fa-pinterest\" href=\"http:\/\/pinterest.com\/pin\/create\/button\/?url=https%3A%2F%2Fwww.oddmuseum.it%2F%3Fp%3D1307&media=https:\/\/www.oddmuseum.it\/wp-content\/uploads\/2023\/08\/1890_ARCH-scaled.jpg&description=1890\" title=\"Click to share this post on Pinterest\"><\/a><\/div>\r\n\t\t\t\t\t\t\t\t<\/div>\r\n\t\t\t\t\t\t   <\/div><\/figure><figure class=\"fpg-grid-item\"><img decoding=\"async\" class=\"fpg-thumbs\" src=\"https:\/\/www.oddmuseum.it\/wp-content\/uploads\/2023\/08\/1891_ARCH-800x500.jpg\" alt=\"1891\"><div class=\"ac-container\">\t<h1 class=\"title\">1891<\/h1>\r\n\t\t\t\t\t\t\t\t<div class=\"ac-icon\">\r\n                           \t\t\t<div class=\"line-top\"><\/div>\r\n                            \t\t<div class=\"text\">Altri avvenimenti:<br>\n- Inizio dei lavori di bonifica di Mondello.<br>\n- Completamento delle strutture costruite in occasione dell\u2019Esposizione Nazionale.<br><\/div>\r\n                            \t\t<div class=\"line-bottom\"><\/div>\r\n\t\t\t\t\t\t\t\t\t<div class=\"ac-social-container\"><a target=\"_blank\" class=\"icon-facebook fa fa-facebook\" href=\"http:\/\/www.facebook.com\/sharer.php?u=https:\/\/www.oddmuseum.it\/?p=1310&amp;t=1891\" title=\"Click to share this post on Facebook\"><\/a>\r\n\t\t\t\t\t\t\t\t\t\t\t\t<a target=\"_blank\" class=\"icon-twitter fa fa-twitter\" href=\"http:\/\/twitter.com\/home?status=https:\/\/www.oddmuseum.it\/?p=1310\" title=\"Click to share this post on Twitter\"><\/a>\r\n        \t\t\t\t\t\t\t\t\t\t<a target=\"_blank\" class=\"icon-pinterest fa fa-pinterest\" href=\"http:\/\/pinterest.com\/pin\/create\/button\/?url=https%3A%2F%2Fwww.oddmuseum.it%2F%3Fp%3D1310&media=https:\/\/www.oddmuseum.it\/wp-content\/uploads\/2023\/08\/1891_ARCH-scaled.jpg&description=1891\" title=\"Click to share this post on Pinterest\"><\/a><\/div>\r\n\t\t\t\t\t\t\t\t<\/div>\r\n\t\t\t\t\t\t   <\/div><\/figure><figure class=\"fpg-grid-item\"><img decoding=\"async\" class=\"fpg-thumbs\" src=\"https:\/\/www.oddmuseum.it\/wp-content\/uploads\/2023\/08\/1892_ARCH-800x500.jpg\" alt=\"1892\"><div class=\"ac-container\">\t<h1 class=\"title\">1892<\/h1>\r\n\t\t\t\t\t\t\t\t<div class=\"ac-icon\">\r\n                           \t\t\t<div class=\"line-top\"><\/div>\r\n                            \t\t<div class=\"text\">Altri avvenimenti:<br>\n- Ampliamento della rete viaria cittadina secondo il piano regolatore Giarrusso<br><\/div>\r\n                            \t\t<div class=\"line-bottom\"><\/div>\r\n\t\t\t\t\t\t\t\t\t<div class=\"ac-social-container\"><a target=\"_blank\" class=\"icon-facebook fa fa-facebook\" href=\"http:\/\/www.facebook.com\/sharer.php?u=https:\/\/www.oddmuseum.it\/?p=1313&amp;t=1892\" title=\"Click to share this post on Facebook\"><\/a>\r\n\t\t\t\t\t\t\t\t\t\t\t\t<a target=\"_blank\" class=\"icon-twitter fa fa-twitter\" href=\"http:\/\/twitter.com\/home?status=https:\/\/www.oddmuseum.it\/?p=1313\" title=\"Click to share this post on Twitter\"><\/a>\r\n        \t\t\t\t\t\t\t\t\t\t<a target=\"_blank\" class=\"icon-pinterest fa fa-pinterest\" href=\"http:\/\/pinterest.com\/pin\/create\/button\/?url=https%3A%2F%2Fwww.oddmuseum.it%2F%3Fp%3D1313&media=https:\/\/www.oddmuseum.it\/wp-content\/uploads\/2023\/08\/1892_ARCH-scaled.jpg&description=1892\" title=\"Click to share this post on Pinterest\"><\/a><\/div>\r\n\t\t\t\t\t\t\t\t<\/div>\r\n\t\t\t\t\t\t   <\/div><\/figure><figure class=\"fpg-grid-item\"><img decoding=\"async\" class=\"fpg-thumbs\" src=\"https:\/\/www.oddmuseum.it\/wp-content\/uploads\/2023\/08\/1893_ARCH-1-800x500.jpg\" alt=\"1893\"><div class=\"ac-container\">\t<h1 class=\"title\">1893<\/h1>\r\n\t\t\t\t\t\t\t\t<div class=\"ac-icon\">\r\n                           \t\t\t<div class=\"line-top\"><\/div>\r\n                            \t\t<div class=\"text\">Altri avvenimenti:<br>\n- Inizio dei lavori di costruzione del Cantiere Navale. <br>\n- Inizio dei lavori di costruzione del Mulino Pecoraino.\n\n<\/div>\r\n                            \t\t<div class=\"line-bottom\"><\/div>\r\n\t\t\t\t\t\t\t\t\t<div class=\"ac-social-container\"><a target=\"_blank\" class=\"icon-facebook fa fa-facebook\" href=\"http:\/\/www.facebook.com\/sharer.php?u=https:\/\/www.oddmuseum.it\/?p=1383&amp;t=1893\" title=\"Click to share this post on Facebook\"><\/a>\r\n\t\t\t\t\t\t\t\t\t\t\t\t<a target=\"_blank\" class=\"icon-twitter fa fa-twitter\" href=\"http:\/\/twitter.com\/home?status=https:\/\/www.oddmuseum.it\/?p=1383\" title=\"Click to share this post on Twitter\"><\/a>\r\n        \t\t\t\t\t\t\t\t\t\t<a target=\"_blank\" class=\"icon-pinterest fa fa-pinterest\" href=\"http:\/\/pinterest.com\/pin\/create\/button\/?url=https%3A%2F%2Fwww.oddmuseum.it%2F%3Fp%3D1383&media=https:\/\/www.oddmuseum.it\/wp-content\/uploads\/2023\/08\/1893_ARCH-1-scaled.jpg&description=1893\" title=\"Click to share this post on Pinterest\"><\/a><\/div>\r\n\t\t\t\t\t\t\t\t<\/div>\r\n\t\t\t\t\t\t   <\/div><\/figure><figure class=\"fpg-grid-item\"><img decoding=\"async\" class=\"fpg-thumbs\" src=\"https:\/\/www.oddmuseum.it\/wp-content\/uploads\/2023\/08\/1894_ARCH-800x500.jpg\" alt=\"1894\"><div class=\"ac-container\">\t<h1 class=\"title\">1894<\/h1>\r\n\t\t\t\t\t\t\t\t<div class=\"ac-icon\">\r\n                           \t\t\t<div class=\"line-top\"><\/div>\r\n                            \t\t<div class=\"text\">Altri avvenimenti:<br>\n- Inizio dei lavori di costruzione dell\u2019acquedotto di Scillato.\n<\/div>\r\n                            \t\t<div class=\"line-bottom\"><\/div>\r\n\t\t\t\t\t\t\t\t\t<div class=\"ac-social-container\"><a target=\"_blank\" class=\"icon-facebook fa fa-facebook\" href=\"http:\/\/www.facebook.com\/sharer.php?u=https:\/\/www.oddmuseum.it\/?p=1316&amp;t=1894\" title=\"Click to share this post on Facebook\"><\/a>\r\n\t\t\t\t\t\t\t\t\t\t\t\t<a target=\"_blank\" class=\"icon-twitter fa fa-twitter\" href=\"http:\/\/twitter.com\/home?status=https:\/\/www.oddmuseum.it\/?p=1316\" title=\"Click to share this post on Twitter\"><\/a>\r\n        \t\t\t\t\t\t\t\t\t\t<a target=\"_blank\" class=\"icon-pinterest fa fa-pinterest\" href=\"http:\/\/pinterest.com\/pin\/create\/button\/?url=https%3A%2F%2Fwww.oddmuseum.it%2F%3Fp%3D1316&media=https:\/\/www.oddmuseum.it\/wp-content\/uploads\/2023\/08\/1894_ARCH-scaled.jpg&description=1894\" title=\"Click to share this post on Pinterest\"><\/a><\/div>\r\n\t\t\t\t\t\t\t\t<\/div>\r\n\t\t\t\t\t\t   <\/div><\/figure><figure class=\"fpg-grid-item\"><img decoding=\"async\" class=\"fpg-thumbs\" src=\"https:\/\/www.oddmuseum.it\/wp-content\/uploads\/2023\/08\/1895_ARCH-800x500.jpg\" alt=\"1895\"><div class=\"ac-container\">\t<h1 class=\"title\">1895<\/h1>\r\n\t\t\t\t\t\t\t\t<div class=\"ac-icon\">\r\n                           \t\t\t<div class=\"line-top\"><\/div>\r\n                            \t\t<div class=\"text\">Altri avvenimenti:<br>\n- Completamento del Teatro Massimo.\n<\/div>\r\n                            \t\t<div class=\"line-bottom\"><\/div>\r\n\t\t\t\t\t\t\t\t\t<div class=\"ac-social-container\"><a target=\"_blank\" class=\"icon-facebook fa fa-facebook\" href=\"http:\/\/www.facebook.com\/sharer.php?u=https:\/\/www.oddmuseum.it\/?p=1321&amp;t=1895\" title=\"Click to share this post on Facebook\"><\/a>\r\n\t\t\t\t\t\t\t\t\t\t\t\t<a target=\"_blank\" class=\"icon-twitter fa fa-twitter\" href=\"http:\/\/twitter.com\/home?status=https:\/\/www.oddmuseum.it\/?p=1321\" title=\"Click to share this post on Twitter\"><\/a>\r\n        \t\t\t\t\t\t\t\t\t\t<a target=\"_blank\" class=\"icon-pinterest fa fa-pinterest\" href=\"http:\/\/pinterest.com\/pin\/create\/button\/?url=https%3A%2F%2Fwww.oddmuseum.it%2F%3Fp%3D1321&media=https:\/\/www.oddmuseum.it\/wp-content\/uploads\/2023\/08\/1895_ARCH-scaled.jpg&description=1895\" title=\"Click to share this post on Pinterest\"><\/a><\/div>\r\n\t\t\t\t\t\t\t\t<\/div>\r\n\t\t\t\t\t\t   <\/div><\/figure><figure class=\"fpg-grid-item\"><img decoding=\"async\" class=\"fpg-thumbs\" src=\"https:\/\/www.oddmuseum.it\/wp-content\/uploads\/2023\/08\/1896_ARCH-800x500.jpg\" alt=\"1896\"><div class=\"ac-container\">\t<h1 class=\"title\">1896<\/h1>\r\n\t\t\t\t\t\t\t\t<div class=\"ac-icon\">\r\n                           \t\t\t<div class=\"line-top\"><\/div>\r\n                            \t\t<div class=\"text\">Il progetto \u00e8 stato affidato all'arch. Almeyda. La sua realizzazione \u00e8 stata promossa dal prosindaco Pietro Bonanno, al quale \u00e8 intestata.<\/div>\r\n                            \t\t<div class=\"line-bottom\"><\/div>\r\n\t\t\t\t\t\t\t\t\t<div class=\"ac-social-container\"><a target=\"_blank\" class=\"icon-facebook fa fa-facebook\" href=\"http:\/\/www.facebook.com\/sharer.php?u=https:\/\/www.oddmuseum.it\/?p=1324&amp;t=1896\" title=\"Click to share this post on Facebook\"><\/a>\r\n\t\t\t\t\t\t\t\t\t\t\t\t<a target=\"_blank\" class=\"icon-twitter fa fa-twitter\" href=\"http:\/\/twitter.com\/home?status=https:\/\/www.oddmuseum.it\/?p=1324\" title=\"Click to share this post on Twitter\"><\/a>\r\n        \t\t\t\t\t\t\t\t\t\t<a target=\"_blank\" class=\"icon-pinterest fa fa-pinterest\" href=\"http:\/\/pinterest.com\/pin\/create\/button\/?url=https%3A%2F%2Fwww.oddmuseum.it%2F%3Fp%3D1324&media=https:\/\/www.oddmuseum.it\/wp-content\/uploads\/2023\/08\/1896_ARCH-scaled.jpg&description=1896\" title=\"Click to share this post on Pinterest\"><\/a><\/div>\r\n\t\t\t\t\t\t\t\t<\/div>\r\n\t\t\t\t\t\t   <\/div><\/figure><figure class=\"fpg-grid-item\"><img decoding=\"async\" class=\"fpg-thumbs\" src=\"https:\/\/www.oddmuseum.it\/wp-content\/uploads\/2023\/08\/1897_ARCH-800x500.jpg\" alt=\"1897\"><div class=\"ac-container\">\t<h1 class=\"title\">1897<\/h1>\r\n\t\t\t\t\t\t\t\t<div class=\"ac-icon\">\r\n                           \t\t\t<div class=\"line-top\"><\/div>\r\n                            \t\t<div class=\"text\">Altri avvenimenti:<br>\n- Inaugurazione del Teatro Massimo e dell\u2019acquedotto di Scillato. <br>\n- Costruzione di una fontana in piazza Vittoria.\n<\/div>\r\n                            \t\t<div class=\"line-bottom\"><\/div>\r\n\t\t\t\t\t\t\t\t\t<div class=\"ac-social-container\"><a target=\"_blank\" class=\"icon-facebook fa fa-facebook\" href=\"http:\/\/www.facebook.com\/sharer.php?u=https:\/\/www.oddmuseum.it\/?p=1327&amp;t=1897\" title=\"Click to share this post on Facebook\"><\/a>\r\n\t\t\t\t\t\t\t\t\t\t\t\t<a target=\"_blank\" class=\"icon-twitter fa fa-twitter\" href=\"http:\/\/twitter.com\/home?status=https:\/\/www.oddmuseum.it\/?p=1327\" title=\"Click to share this post on Twitter\"><\/a>\r\n        \t\t\t\t\t\t\t\t\t\t<a target=\"_blank\" class=\"icon-pinterest fa fa-pinterest\" href=\"http:\/\/pinterest.com\/pin\/create\/button\/?url=https%3A%2F%2Fwww.oddmuseum.it%2F%3Fp%3D1327&media=https:\/\/www.oddmuseum.it\/wp-content\/uploads\/2023\/08\/1897_ARCH-scaled.jpg&description=1897\" title=\"Click to share this post on Pinterest\"><\/a><\/div>\r\n\t\t\t\t\t\t\t\t<\/div>\r\n\t\t\t\t\t\t   <\/div><\/figure><figure class=\"fpg-grid-item\"><img decoding=\"async\" class=\"fpg-thumbs\" src=\"https:\/\/www.oddmuseum.it\/wp-content\/uploads\/2023\/08\/1898_ARCH-800x500.jpg\" alt=\"1898\"><div class=\"ac-container\">\t<h1 class=\"title\">1898<\/h1>\r\n\t\t\t\t\t\t\t\t<div class=\"ac-icon\">\r\n                           \t\t\t<div class=\"line-top\"><\/div>\r\n                            \t\t<div class=\"text\">Altri avvenimenti:<br>\n- Sostituzione progressiva dei tram a trazione animale con quelli a trazione elettrica<br>\n- Completamento del primo tronco di via Roma.<br>\n<\/div>\r\n                            \t\t<div class=\"line-bottom\"><\/div>\r\n\t\t\t\t\t\t\t\t\t<div class=\"ac-social-container\"><a target=\"_blank\" class=\"icon-facebook fa fa-facebook\" href=\"http:\/\/www.facebook.com\/sharer.php?u=https:\/\/www.oddmuseum.it\/?p=1330&amp;t=1898\" title=\"Click to share this post on Facebook\"><\/a>\r\n\t\t\t\t\t\t\t\t\t\t\t\t<a target=\"_blank\" class=\"icon-twitter fa fa-twitter\" href=\"http:\/\/twitter.com\/home?status=https:\/\/www.oddmuseum.it\/?p=1330\" title=\"Click to share this post on Twitter\"><\/a>\r\n        \t\t\t\t\t\t\t\t\t\t<a target=\"_blank\" class=\"icon-pinterest fa fa-pinterest\" href=\"http:\/\/pinterest.com\/pin\/create\/button\/?url=https%3A%2F%2Fwww.oddmuseum.it%2F%3Fp%3D1330&media=https:\/\/www.oddmuseum.it\/wp-content\/uploads\/2023\/08\/1898_ARCH-scaled.jpg&description=1898\" title=\"Click to share this post on Pinterest\"><\/a><\/div>\r\n\t\t\t\t\t\t\t\t<\/div>\r\n\t\t\t\t\t\t   <\/div><\/figure><figure class=\"fpg-grid-item\"><img decoding=\"async\" class=\"fpg-thumbs\" src=\"https:\/\/www.oddmuseum.it\/wp-content\/uploads\/2023\/08\/1899_ARCH-800x500.jpg\" alt=\"1899\"><div class=\"ac-container\">\t<h1 class=\"title\">1899<\/h1>\r\n\t\t\t\t\t\t\t\t<div class=\"ac-icon\">\r\n                           \t\t\t<div class=\"line-top\"><\/div>\r\n                            \t\t<div class=\"text\">Altri avvenimenti:<br>\n- Inaugurazione dei tram che collegano piazza Bologni e la borgata della Rocca<br>\n- Inaugurazione di una centrale termoelettrica vicino al porto di Palermo.\n<\/div>\r\n                            \t\t<div class=\"line-bottom\"><\/div>\r\n\t\t\t\t\t\t\t\t\t<div class=\"ac-social-container\"><a target=\"_blank\" class=\"icon-facebook fa fa-facebook\" href=\"http:\/\/www.facebook.com\/sharer.php?u=https:\/\/www.oddmuseum.it\/?p=1333&amp;t=1899\" title=\"Click to share this post on Facebook\"><\/a>\r\n\t\t\t\t\t\t\t\t\t\t\t\t<a target=\"_blank\" class=\"icon-twitter fa fa-twitter\" href=\"http:\/\/twitter.com\/home?status=https:\/\/www.oddmuseum.it\/?p=1333\" title=\"Click to share this post on Twitter\"><\/a>\r\n        \t\t\t\t\t\t\t\t\t\t<a target=\"_blank\" class=\"icon-pinterest fa fa-pinterest\" href=\"http:\/\/pinterest.com\/pin\/create\/button\/?url=https%3A%2F%2Fwww.oddmuseum.it%2F%3Fp%3D1333&media=https:\/\/www.oddmuseum.it\/wp-content\/uploads\/2023\/08\/1899_ARCH-scaled.jpg&description=1899\" title=\"Click to share this post on Pinterest\"><\/a><\/div>\r\n\t\t\t\t\t\t\t\t<\/div>\r\n\t\t\t\t\t\t   <\/div><\/figure><figure class=\"fpg-grid-item\"><img decoding=\"async\" class=\"fpg-thumbs\" src=\"https:\/\/www.oddmuseum.it\/wp-content\/uploads\/2023\/08\/1900_ARCH-800x500.jpg\" alt=\"1900\"><div class=\"ac-container\">\t<h1 class=\"title\">1900<\/h1>\r\n\t\t\t\t\t\t\t\t<div class=\"ac-icon\">\r\n                           \t\t\t<div class=\"line-top\"><\/div>\r\n                            \t\t<div class=\"text\">Altri avvenimenti:<br>\n- L'Illuminazione elettrica arriva nelle vie principali della citt\u00e0. <br>\n<\/div>\r\n                            \t\t<div class=\"line-bottom\"><\/div>\r\n\t\t\t\t\t\t\t\t\t<div class=\"ac-social-container\"><a target=\"_blank\" class=\"icon-facebook fa fa-facebook\" href=\"http:\/\/www.facebook.com\/sharer.php?u=https:\/\/www.oddmuseum.it\/?p=1336&amp;t=1900\" title=\"Click to share this post on Facebook\"><\/a>\r\n\t\t\t\t\t\t\t\t\t\t\t\t<a target=\"_blank\" class=\"icon-twitter fa fa-twitter\" href=\"http:\/\/twitter.com\/home?status=https:\/\/www.oddmuseum.it\/?p=1336\" title=\"Click to share this post on Twitter\"><\/a>\r\n        \t\t\t\t\t\t\t\t\t\t<a target=\"_blank\" class=\"icon-pinterest fa fa-pinterest\" href=\"http:\/\/pinterest.com\/pin\/create\/button\/?url=https%3A%2F%2Fwww.oddmuseum.it%2F%3Fp%3D1336&media=https:\/\/www.oddmuseum.it\/wp-content\/uploads\/2023\/08\/1900_ARCH-scaled.jpg&description=1900\" title=\"Click to share this post on Pinterest\"><\/a><\/div>\r\n\t\t\t\t\t\t\t\t<\/div>\r\n\t\t\t\t\t\t   <\/div><\/figure><figure class=\"fpg-grid-item\"><img decoding=\"async\" class=\"fpg-thumbs\" src=\"https:\/\/www.oddmuseum.it\/wp-content\/uploads\/2023\/08\/1901_ARCH-800x500.jpg\" alt=\"1901\"><div class=\"ac-container\">\t<h1 class=\"title\">1901<\/h1>\r\n\t\t\t\t\t\t\t\t<div class=\"ac-icon\">\r\n                           \t\t\t<div class=\"line-top\"><\/div>\r\n                            \t\t<div class=\"text\">Altri avvenimenti: <br>\n- Costruzione del Palazzo Utveggio in via XX Settembre. <br>\n- Inaugurazione del Teatro Bellini.<\/div>\r\n                            \t\t<div class=\"line-bottom\"><\/div>\r\n\t\t\t\t\t\t\t\t\t<div class=\"ac-social-container\"><a target=\"_blank\" class=\"icon-facebook fa fa-facebook\" href=\"http:\/\/www.facebook.com\/sharer.php?u=https:\/\/www.oddmuseum.it\/?p=1339&amp;t=1901\" title=\"Click to share this post on Facebook\"><\/a>\r\n\t\t\t\t\t\t\t\t\t\t\t\t<a target=\"_blank\" class=\"icon-twitter fa fa-twitter\" href=\"http:\/\/twitter.com\/home?status=https:\/\/www.oddmuseum.it\/?p=1339\" title=\"Click to share this post on Twitter\"><\/a>\r\n        \t\t\t\t\t\t\t\t\t\t<a target=\"_blank\" class=\"icon-pinterest fa fa-pinterest\" href=\"http:\/\/pinterest.com\/pin\/create\/button\/?url=https%3A%2F%2Fwww.oddmuseum.it%2F%3Fp%3D1339&media=https:\/\/www.oddmuseum.it\/wp-content\/uploads\/2023\/08\/1901_ARCH-scaled.jpg&description=1901\" title=\"Click to share this post on Pinterest\"><\/a><\/div>\r\n\t\t\t\t\t\t\t\t<\/div>\r\n\t\t\t\t\t\t   <\/div><\/figure><figure class=\"fpg-grid-item\"><img decoding=\"async\" class=\"fpg-thumbs\" src=\"https:\/\/www.oddmuseum.it\/wp-content\/uploads\/2023\/08\/1903_ARCH-800x500.jpg\" alt=\"1903\"><div class=\"ac-container\">\t<h1 class=\"title\">1903<\/h1>\r\n\t\t\t\t\t\t\t\t<div class=\"ac-icon\">\r\n                           \t\t\t<div class=\"line-top\"><\/div>\r\n                            \t\t<div class=\"text\">Altri avvenimenti: <br>\n- Demolizione del bastione di S. Vito. <br>\n- Costruzione di numerose edifici in stile Liberty.\n<\/div>\r\n                            \t\t<div class=\"line-bottom\"><\/div>\r\n\t\t\t\t\t\t\t\t\t<div class=\"ac-social-container\"><a target=\"_blank\" class=\"icon-facebook fa fa-facebook\" href=\"http:\/\/www.facebook.com\/sharer.php?u=https:\/\/www.oddmuseum.it\/?p=1347&amp;t=1903\" title=\"Click to share this post on Facebook\"><\/a>\r\n\t\t\t\t\t\t\t\t\t\t\t\t<a target=\"_blank\" class=\"icon-twitter fa fa-twitter\" href=\"http:\/\/twitter.com\/home?status=https:\/\/www.oddmuseum.it\/?p=1347\" title=\"Click to share this post on Twitter\"><\/a>\r\n        \t\t\t\t\t\t\t\t\t\t<a target=\"_blank\" class=\"icon-pinterest fa fa-pinterest\" href=\"http:\/\/pinterest.com\/pin\/create\/button\/?url=https%3A%2F%2Fwww.oddmuseum.it%2F%3Fp%3D1347&media=https:\/\/www.oddmuseum.it\/wp-content\/uploads\/2023\/08\/1903_ARCH-scaled.jpg&description=1903\" title=\"Click to share this post on Pinterest\"><\/a><\/div>\r\n\t\t\t\t\t\t\t\t<\/div>\r\n\t\t\t\t\t\t   <\/div><\/figure><figure class=\"fpg-grid-item\"><img decoding=\"async\" class=\"fpg-thumbs\" src=\"https:\/\/www.oddmuseum.it\/wp-content\/uploads\/2023\/08\/1904_ARCH-800x500.jpg\" alt=\"1904\"><div class=\"ac-container\">\t<h1 class=\"title\">1904<\/h1>\r\n\t\t\t\t\t\t\t\t<div class=\"ac-icon\">\r\n                           \t\t\t<div class=\"line-top\"><\/div>\r\n                            \t\t<div class=\"text\">Altri avvenimenti: <br>\n- Inizio dei lavori di costruzione di Palazzo Dato. <br>\n<\/div>\r\n                            \t\t<div class=\"line-bottom\"><\/div>\r\n\t\t\t\t\t\t\t\t\t<div class=\"ac-social-container\"><a target=\"_blank\" class=\"icon-facebook fa fa-facebook\" href=\"http:\/\/www.facebook.com\/sharer.php?u=https:\/\/www.oddmuseum.it\/?p=1350&amp;t=1904\" title=\"Click to share this post on Facebook\"><\/a>\r\n\t\t\t\t\t\t\t\t\t\t\t\t<a target=\"_blank\" class=\"icon-twitter fa fa-twitter\" href=\"http:\/\/twitter.com\/home?status=https:\/\/www.oddmuseum.it\/?p=1350\" title=\"Click to share this post on Twitter\"><\/a>\r\n        \t\t\t\t\t\t\t\t\t\t<a target=\"_blank\" class=\"icon-pinterest fa fa-pinterest\" href=\"http:\/\/pinterest.com\/pin\/create\/button\/?url=https%3A%2F%2Fwww.oddmuseum.it%2F%3Fp%3D1350&media=https:\/\/www.oddmuseum.it\/wp-content\/uploads\/2023\/08\/1904_ARCH-scaled.jpg&description=1904\" title=\"Click to share this post on Pinterest\"><\/a><\/div>\r\n\t\t\t\t\t\t\t\t<\/div>\r\n\t\t\t\t\t\t   <\/div><\/figure><figure class=\"fpg-grid-item\"><img decoding=\"async\" class=\"fpg-thumbs\" src=\"https:\/\/www.oddmuseum.it\/wp-content\/uploads\/2023\/08\/1905_ARCH-800x500.jpg\" alt=\"1905\"><div class=\"ac-container\">\t<h1 class=\"title\">1905<\/h1>\r\n\t\t\t\t\t\t\t\t<div class=\"ac-icon\">\r\n                           \t\t\t<div class=\"line-top\"><\/div>\r\n                            \t\t<div class=\"text\">Altri avvenimenti: <br>\n- Accordo tra il comune di Palermo e la societ\u00e0 \u201cLes tramways de Palerme\u201d per la trasformazione di Mondello e Valdesi in stazioni balneari.\n<\/div>\r\n                            \t\t<div class=\"line-bottom\"><\/div>\r\n\t\t\t\t\t\t\t\t\t<div class=\"ac-social-container\"><a target=\"_blank\" class=\"icon-facebook fa fa-facebook\" href=\"http:\/\/www.facebook.com\/sharer.php?u=https:\/\/www.oddmuseum.it\/?p=1353&amp;t=1905\" title=\"Click to share this post on Facebook\"><\/a>\r\n\t\t\t\t\t\t\t\t\t\t\t\t<a target=\"_blank\" class=\"icon-twitter fa fa-twitter\" href=\"http:\/\/twitter.com\/home?status=https:\/\/www.oddmuseum.it\/?p=1353\" title=\"Click to share this post on Twitter\"><\/a>\r\n        \t\t\t\t\t\t\t\t\t\t<a target=\"_blank\" class=\"icon-pinterest fa fa-pinterest\" href=\"http:\/\/pinterest.com\/pin\/create\/button\/?url=https%3A%2F%2Fwww.oddmuseum.it%2F%3Fp%3D1353&media=https:\/\/www.oddmuseum.it\/wp-content\/uploads\/2023\/08\/1905_ARCH-scaled.jpg&description=1905\" title=\"Click to share this post on Pinterest\"><\/a><\/div>\r\n\t\t\t\t\t\t\t\t<\/div>\r\n\t\t\t\t\t\t   <\/div><\/figure><figure class=\"fpg-grid-item\"><img decoding=\"async\" class=\"fpg-thumbs\" src=\"https:\/\/www.oddmuseum.it\/wp-content\/uploads\/2023\/08\/1906_ARCH-800x500.jpg\" alt=\"1906\"><div class=\"ac-container\">\t<h1 class=\"title\">1906<\/h1>\r\n\t\t\t\t\t\t\t\t<div class=\"ac-icon\">\r\n                           \t\t\t<div class=\"line-top\"><\/div>\r\n                            \t\t<div class=\"text\">Altri avvenimenti: <br>\n- La societ\u00e0 \u201cLes tramways de Palerme\u201d presenta il progetto per la sistemazione urbanistica di Mondello.\n<\/div>\r\n                            \t\t<div class=\"line-bottom\"><\/div>\r\n\t\t\t\t\t\t\t\t\t<div class=\"ac-social-container\"><a target=\"_blank\" class=\"icon-facebook fa fa-facebook\" href=\"http:\/\/www.facebook.com\/sharer.php?u=https:\/\/www.oddmuseum.it\/?p=1356&amp;t=1906\" title=\"Click to share this post on Facebook\"><\/a>\r\n\t\t\t\t\t\t\t\t\t\t\t\t<a target=\"_blank\" class=\"icon-twitter fa fa-twitter\" href=\"http:\/\/twitter.com\/home?status=https:\/\/www.oddmuseum.it\/?p=1356\" title=\"Click to share this post on Twitter\"><\/a>\r\n        \t\t\t\t\t\t\t\t\t\t<a target=\"_blank\" class=\"icon-pinterest fa fa-pinterest\" href=\"http:\/\/pinterest.com\/pin\/create\/button\/?url=https%3A%2F%2Fwww.oddmuseum.it%2F%3Fp%3D1356&media=https:\/\/www.oddmuseum.it\/wp-content\/uploads\/2023\/08\/1906_ARCH-scaled.jpg&description=1906\" title=\"Click to share this post on Pinterest\"><\/a><\/div>\r\n\t\t\t\t\t\t\t\t<\/div>\r\n\t\t\t\t\t\t   <\/div><\/figure><figure class=\"fpg-grid-item\"><img decoding=\"async\" class=\"fpg-thumbs\" src=\"https:\/\/www.oddmuseum.it\/wp-content\/uploads\/2023\/08\/1907_ARCH-1-800x500.jpg\" alt=\"1907\"><div class=\"ac-container\">\t<h1 class=\"title\">1907<\/h1>\r\n\t\t\t\t\t\t\t\t<div class=\"ac-icon\">\r\n                           \t\t\t<div class=\"line-top\"><\/div>\r\n                            \t\t<div class=\"text\">Altri avvenimenti: <br>\n- Costruzione di scuole elementari in corso dei Mille. <br>\n\n<\/div>\r\n                            \t\t<div class=\"line-bottom\"><\/div>\r\n\t\t\t\t\t\t\t\t\t<div class=\"ac-social-container\"><a target=\"_blank\" class=\"icon-facebook fa fa-facebook\" href=\"http:\/\/www.facebook.com\/sharer.php?u=https:\/\/www.oddmuseum.it\/?p=1359&amp;t=1907\" title=\"Click to share this post on Facebook\"><\/a>\r\n\t\t\t\t\t\t\t\t\t\t\t\t<a target=\"_blank\" class=\"icon-twitter fa fa-twitter\" href=\"http:\/\/twitter.com\/home?status=https:\/\/www.oddmuseum.it\/?p=1359\" title=\"Click to share this post on Twitter\"><\/a>\r\n        \t\t\t\t\t\t\t\t\t\t<a target=\"_blank\" class=\"icon-pinterest fa fa-pinterest\" href=\"http:\/\/pinterest.com\/pin\/create\/button\/?url=https%3A%2F%2Fwww.oddmuseum.it%2F%3Fp%3D1359&media=https:\/\/www.oddmuseum.it\/wp-content\/uploads\/2023\/08\/1907_ARCH-1-scaled.jpg&description=1907\" title=\"Click to share this post on Pinterest\"><\/a><\/div>\r\n\t\t\t\t\t\t\t\t<\/div>\r\n\t\t\t\t\t\t   <\/div><\/figure><figure class=\"fpg-grid-item\"><img decoding=\"async\" class=\"fpg-thumbs\" src=\"https:\/\/www.oddmuseum.it\/wp-content\/uploads\/2023\/08\/1908_ARCH-1-800x500.jpg\" alt=\"1908\"><div class=\"ac-container\">\t<h1 class=\"title\">1908<\/h1>\r\n\t\t\t\t\t\t\t\t<div class=\"ac-icon\">\r\n                           \t\t\t<div class=\"line-top\"><\/div>\r\n                            \t\t<div class=\"text\">Altri avvenimenti: <br>\n- Apertura della Birreria Italia. <br>\n- Costruzione del Palazzo Gallo-Favaloro, il primo edificio con strutture portanti in cemento armato costruito a Palermo.\n\n<\/div>\r\n                            \t\t<div class=\"line-bottom\"><\/div>\r\n\t\t\t\t\t\t\t\t\t<div class=\"ac-social-container\"><a target=\"_blank\" class=\"icon-facebook fa fa-facebook\" href=\"http:\/\/www.facebook.com\/sharer.php?u=https:\/\/www.oddmuseum.it\/?p=1362&amp;t=1908\" title=\"Click to share this post on Facebook\"><\/a>\r\n\t\t\t\t\t\t\t\t\t\t\t\t<a target=\"_blank\" class=\"icon-twitter fa fa-twitter\" href=\"http:\/\/twitter.com\/home?status=https:\/\/www.oddmuseum.it\/?p=1362\" title=\"Click to share this post on Twitter\"><\/a>\r\n        \t\t\t\t\t\t\t\t\t\t<a target=\"_blank\" class=\"icon-pinterest fa fa-pinterest\" href=\"http:\/\/pinterest.com\/pin\/create\/button\/?url=https%3A%2F%2Fwww.oddmuseum.it%2F%3Fp%3D1362&media=https:\/\/www.oddmuseum.it\/wp-content\/uploads\/2023\/08\/1908_ARCH-1-scaled.jpg&description=1908\" title=\"Click to share this post on Pinterest\"><\/a><\/div>\r\n\t\t\t\t\t\t\t\t<\/div>\r\n\t\t\t\t\t\t   <\/div><\/figure><figure class=\"fpg-grid-item\"><img decoding=\"async\" class=\"fpg-thumbs\" src=\"https:\/\/www.oddmuseum.it\/wp-content\/uploads\/2023\/08\/1909_ARCH-800x500.jpg\" alt=\"1909\"><div class=\"ac-container\">\t<h1 class=\"title\">1909<\/h1>\r\n\t\t\t\t\t\t\t\t<div class=\"ac-icon\">\r\n                           \t\t\t<div class=\"line-top\"><\/div>\r\n                            \t\t<div class=\"text\">Altri avvenimenti: <br>\n- Operativit\u00e0 del programma di urbanizzazione di Mondello della societ\u00e0 \u201cLe tramways de Palerme\u201d. <br>\n\n<\/div>\r\n                            \t\t<div class=\"line-bottom\"><\/div>\r\n\t\t\t\t\t\t\t\t\t<div class=\"ac-social-container\"><a target=\"_blank\" class=\"icon-facebook fa fa-facebook\" href=\"http:\/\/www.facebook.com\/sharer.php?u=https:\/\/www.oddmuseum.it\/?p=1365&amp;t=1909\" title=\"Click to share this post on Facebook\"><\/a>\r\n\t\t\t\t\t\t\t\t\t\t\t\t<a target=\"_blank\" class=\"icon-twitter fa fa-twitter\" href=\"http:\/\/twitter.com\/home?status=https:\/\/www.oddmuseum.it\/?p=1365\" title=\"Click to share this post on Twitter\"><\/a>\r\n        \t\t\t\t\t\t\t\t\t\t<a target=\"_blank\" class=\"icon-pinterest fa fa-pinterest\" href=\"http:\/\/pinterest.com\/pin\/create\/button\/?url=https%3A%2F%2Fwww.oddmuseum.it%2F%3Fp%3D1365&media=https:\/\/www.oddmuseum.it\/wp-content\/uploads\/2023\/08\/1909_ARCH-scaled.jpg&description=1909\" title=\"Click to share this post on Pinterest\"><\/a><\/div>\r\n\t\t\t\t\t\t\t\t<\/div>\r\n\t\t\t\t\t\t   <\/div><\/figure><figure class=\"fpg-grid-item\"><img decoding=\"async\" class=\"fpg-thumbs\" src=\"https:\/\/www.oddmuseum.it\/wp-content\/uploads\/2023\/08\/1910_ARCH-800x500.jpg\" alt=\"1910\"><div class=\"ac-container\">\t<h1 class=\"title\">1910<\/h1>\r\n\t\t\t\t\t\t\t\t<div class=\"ac-icon\">\r\n                           \t\t\t<div class=\"line-top\"><\/div>\r\n                            \t\t<div class=\"text\">Altri avvenimenti: <br>\n- Inizio lavori di costruzione di via Duca della Verdura. <br>\n- Inaugurazione della Galleria d\u2019Arte Moderna al teatro Politeama. <br>\n\n<\/div>\r\n                            \t\t<div class=\"line-bottom\"><\/div>\r\n\t\t\t\t\t\t\t\t\t<div class=\"ac-social-container\"><a target=\"_blank\" class=\"icon-facebook fa fa-facebook\" href=\"http:\/\/www.facebook.com\/sharer.php?u=https:\/\/www.oddmuseum.it\/?p=1368&amp;t=1910\" title=\"Click to share this post on Facebook\"><\/a>\r\n\t\t\t\t\t\t\t\t\t\t\t\t<a target=\"_blank\" class=\"icon-twitter fa fa-twitter\" href=\"http:\/\/twitter.com\/home?status=https:\/\/www.oddmuseum.it\/?p=1368\" title=\"Click to share this post on Twitter\"><\/a>\r\n        \t\t\t\t\t\t\t\t\t\t<a target=\"_blank\" class=\"icon-pinterest fa fa-pinterest\" href=\"http:\/\/pinterest.com\/pin\/create\/button\/?url=https%3A%2F%2Fwww.oddmuseum.it%2F%3Fp%3D1368&media=https:\/\/www.oddmuseum.it\/wp-content\/uploads\/2023\/08\/1910_ARCH-scaled.jpg&description=1910\" title=\"Click to share this post on Pinterest\"><\/a><\/div>\r\n\t\t\t\t\t\t\t\t<\/div>\r\n\t\t\t\t\t\t   <\/div><\/figure><figure class=\"fpg-grid-item\"><img decoding=\"async\" class=\"fpg-thumbs\" src=\"https:\/\/www.oddmuseum.it\/wp-content\/uploads\/2023\/08\/1911_ARCH-800x500.jpg\" alt=\"1911\"><div class=\"ac-container\">\t<h1 class=\"title\">1911<\/h1>\r\n\t\t\t\t\t\t\t\t<div class=\"ac-icon\">\r\n                           \t\t\t<div class=\"line-top\"><\/div>\r\n                            \t\t<div class=\"text\">Altri avvenimenti: <br>\n- Inaugurazione del cine-teatro Lucarelli.<br>\n- Linea tramviaria tra piazza Leoni e la spiaggia di Mondello<br>\n- Inaugurazione del monumento alla Libert\u00e0 in piazza V. Veneto<\/div>\r\n                            \t\t<div class=\"line-bottom\"><\/div>\r\n\t\t\t\t\t\t\t\t\t<div class=\"ac-social-container\"><a target=\"_blank\" class=\"icon-facebook fa fa-facebook\" href=\"http:\/\/www.facebook.com\/sharer.php?u=https:\/\/www.oddmuseum.it\/?p=1371&amp;t=1911\" title=\"Click to share this post on Facebook\"><\/a>\r\n\t\t\t\t\t\t\t\t\t\t\t\t<a target=\"_blank\" class=\"icon-twitter fa fa-twitter\" href=\"http:\/\/twitter.com\/home?status=https:\/\/www.oddmuseum.it\/?p=1371\" title=\"Click to share this post on Twitter\"><\/a>\r\n        \t\t\t\t\t\t\t\t\t\t<a target=\"_blank\" class=\"icon-pinterest fa fa-pinterest\" href=\"http:\/\/pinterest.com\/pin\/create\/button\/?url=https%3A%2F%2Fwww.oddmuseum.it%2F%3Fp%3D1371&media=https:\/\/www.oddmuseum.it\/wp-content\/uploads\/2023\/08\/1911_ARCH-scaled.jpg&description=1911\" title=\"Click to share this post on Pinterest\"><\/a><\/div>\r\n\t\t\t\t\t\t\t\t<\/div>\r\n\t\t\t\t\t\t   <\/div><\/figure><figure class=\"fpg-grid-item\"><img decoding=\"async\" class=\"fpg-thumbs\" src=\"https:\/\/www.oddmuseum.it\/wp-content\/uploads\/2023\/08\/1913_ARCH-800x500.jpg\" alt=\"1913\"><div class=\"ac-container\">\t<h1 class=\"title\">1913<\/h1>\r\n\t\t\t\t\t\t\t\t<div class=\"ac-icon\">\r\n                           \t\t\t<div class=\"line-top\"><\/div>\r\n                            \t\t<div class=\"text\">Altri avvenimenti: <br>\n- Costruzione di case popolari per i ferrovieri in via Perez e via Giusti<br>\n- Distruzione del giardino di villa Amari per costruire il Kursaal Biondo.\n<\/div>\r\n                            \t\t<div class=\"line-bottom\"><\/div>\r\n\t\t\t\t\t\t\t\t\t<div class=\"ac-social-container\"><a target=\"_blank\" class=\"icon-facebook fa fa-facebook\" href=\"http:\/\/www.facebook.com\/sharer.php?u=https:\/\/www.oddmuseum.it\/?p=1377&amp;t=1913\" title=\"Click to share this post on Facebook\"><\/a>\r\n\t\t\t\t\t\t\t\t\t\t\t\t<a target=\"_blank\" class=\"icon-twitter fa fa-twitter\" href=\"http:\/\/twitter.com\/home?status=https:\/\/www.oddmuseum.it\/?p=1377\" title=\"Click to share this post on Twitter\"><\/a>\r\n        \t\t\t\t\t\t\t\t\t\t<a target=\"_blank\" class=\"icon-pinterest fa fa-pinterest\" href=\"http:\/\/pinterest.com\/pin\/create\/button\/?url=https%3A%2F%2Fwww.oddmuseum.it%2F%3Fp%3D1377&media=https:\/\/www.oddmuseum.it\/wp-content\/uploads\/2023\/08\/1913_ARCH-scaled.jpg&description=1913\" title=\"Click to share this post on Pinterest\"><\/a><\/div>\r\n\t\t\t\t\t\t\t\t<\/div>\r\n\t\t\t\t\t\t   <\/div><\/figure><figure class=\"fpg-grid-item\"><img decoding=\"async\" class=\"fpg-thumbs\" src=\"https:\/\/www.oddmuseum.it\/wp-content\/uploads\/2023\/08\/1914_ARCH-800x500.jpg\" alt=\"1914\"><div class=\"ac-container\">\t<h1 class=\"title\">1914<\/h1>\r\n\t\t\t\t\t\t\t\t<div class=\"ac-icon\">\r\n                           \t\t\t<div class=\"line-top\"><\/div>\r\n                            \t\t<div class=\"text\">Altri avvenimenti: <br>\n- Inizio dei lavori di costruzione di Palazzo Venezia in via Roma.<br>\n- Inaugurazione del Kursaal Biondo.<br><\/div>\r\n                            \t\t<div class=\"line-bottom\"><\/div>\r\n\t\t\t\t\t\t\t\t\t<div class=\"ac-social-container\"><a target=\"_blank\" class=\"icon-facebook fa fa-facebook\" href=\"http:\/\/www.facebook.com\/sharer.php?u=https:\/\/www.oddmuseum.it\/?p=1380&amp;t=1914\" title=\"Click to share this post on Facebook\"><\/a>\r\n\t\t\t\t\t\t\t\t\t\t\t\t<a target=\"_blank\" class=\"icon-twitter fa fa-twitter\" href=\"http:\/\/twitter.com\/home?status=https:\/\/www.oddmuseum.it\/?p=1380\" title=\"Click to share this post on Twitter\"><\/a>\r\n        \t\t\t\t\t\t\t\t\t\t<a target=\"_blank\" class=\"icon-pinterest fa fa-pinterest\" href=\"http:\/\/pinterest.com\/pin\/create\/button\/?url=https%3A%2F%2Fwww.oddmuseum.it%2F%3Fp%3D1380&media=https:\/\/www.oddmuseum.it\/wp-content\/uploads\/2023\/08\/1914_ARCH-scaled.jpg&description=1914\" title=\"Click to share this post on Pinterest\"><\/a><\/div>\r\n\t\t\t\t\t\t\t\t<\/div>\r\n\t\t\t\t\t\t   <\/div><\/figure><\/div><\/div>\t\t<\/div>\n\t\t\t\t<\/div>\n\t\t\t\t<\/div>\n\t\t<div class=\"elementor-element elementor-element-4627604 e-con-full wd-section-stretch e-flex e-con\" data-id=\"4627604\" data-element_type=\"container\" data-settings=\"{&quot;content_width&quot;:&quot;full&quot;,&quot;background_background&quot;:&quot;classic&quot;}\">\n\t\t\t\t<div class=\"elementor-element elementor-element-4c98c8a elementor-widget elementor-widget-heading\" data-id=\"4c98c8a\" data-element_type=\"widget\" data-widget_type=\"heading.default\">\n\t\t\t\t<div class=\"elementor-widget-container\">\n\t\t\t<h2 class=\"elementor-heading-title elementor-size-default\">PRODUZIONE<\/h2>\t\t<\/div>\n\t\t\t\t<\/div>\n\t\t\t\t<\/div>\n\t\t<div class=\"elementor-element elementor-element-d075508 e-con-full wd-section-stretch e-flex e-con\" data-id=\"d075508\" data-element_type=\"container\" data-settings=\"{&quot;content_width&quot;:&quot;full&quot;,&quot;background_background&quot;:&quot;classic&quot;}\">\n\t\t\t\t<div class=\"elementor-element elementor-element-4a69a6f elementor-widget elementor-widget-fpg-carousel\" data-id=\"4a69a6f\" data-element_type=\"widget\" data-widget_type=\"fpg-carousel.default\">\n\t\t\t\t<div class=\"elementor-widget-container\">\n\t\t\t<div class=\"clearfix\"><\/div><style type=\"text\/css\">.fpg-general-container.fpg-container-number-3 {\n\t\t\t\tfont-family:;\n\t\t\t}\n\t\t\t.fpg-grid.fpg-3 h1 {\n\t\t\t\tfont-size:px;\n\t\t\t}\n\t\t\t.fpg-grid.fpg-3 p, .fpg-grid.fpg-3 .fpg-read-more,\n\t\t\t.fpg-container-portfolio,\n\t\t\t.fpg-header-container\n\t\t\t {\n\t\t\t\tfont-size:px;\n\t\t\t}.fpg-container-number-3 .fpg-pagination span {\n\t\t\t\tcolor:#000000;\n\t\t\t}\n\t\t\t.fpg-container-number-3 .fpg-pagination a {\n\t\t\t\tcolor:#FFFFFF;\t\n\t\t\t}\n\t\t\t.fpg-container-number-3 .fpg-pagination a:hover {\n\t\t\t\tcolor:#000000;\t\n\t\t\t}.fpg-container-number-3.sangiovanni .fpg-grid-item .ac-container {\n\t\t\t\tbackground:#00A183;\t\n\t\t\t}\n\t\t\t.fpg-container-number-3.sangiovanni .fpg-grid-item .title {\n\t\t\t\tcolor:#FFFFFF;\n\t\t\t}\n\t\t\t.fpg-container-number-3.sangiovanni .fpg-grid-item .ac-icon a,\n\t\t\t.fpg-container-number-3.sangiovanni .owl-theme .owl-controls .owl-dots  span {\n\t\t\t\tborder-color:#747474;\n\t\t\t}\n\t\t\t.fpg-container-number-3.sangiovanni .fpg-grid-item .ac-icon a {\n\t\t\t\tcolor:#FFFFFF;\n\t\t\t}\n\t\t\t.fpg-container-number-3.sangiovanni .fpg-grid-item .ac-icon a:hover {\n\t\t\t\tcolor:#000000;\n\t\t\t\tborder-color:#000000;\n\t\t\t}\n\t\t\t.fpg-container-number-3.sangiovanni .owl-next,\n\t\t\t.fpg-container-number-3.sangiovanni .owl-prev {\n\t\t\t\tcolor:#FFFFFF!important;\n\t\t\t}\n\t\t\t.fpg-container-number-3.sangiovanni .owl-next:hover,\n\t\t\t.fpg-container-number-3.sangiovanni .owl-prev:hover {\n\t\t\t\tcolor:#000000;\n\t\t\t}\n\t\t\t.fpg-container-number-3.sangiovanni .fpg-grid-item .text {\n\t\t\t\tfont-size:px;\n\t\t\t}\n\t\t\t<\/style><div class=\"fpg-general-container fpg-container-number-3 sangiovanni\"><div \r\n\t\t\t\t\t\t\tdata-fpg-carousel-owl-items=\"2\" \r\n\t\t\t\t\t\t\tdata-fpg-carousel-owl-items-900=\"2\" \r\n\t\t\t\t\t\t\tdata-fpg-carousel-owl-items-600=\"2\" \r\n\t\t\t\t\t\t\tdata-fpg-carousel-owl-loop=\"true\" \r\n\t\t\t\t\t\t\tdata-fpg-carousel-owl-autoplay=\"3000\" \r\n\t\t\t\t\t\t\tdata-fpg-carousel-owl-smart-speed=\"3000\" \r\n\t\t\t\t\t\t\tdata-fpg-carousel-owl-navigation=\"true\" \r\n\t\t\t\t\t\t\tdata-fpg-carousel-owl-pagination=\"false\" \r\n\t\t\t\t\t\t\tdata-fpg-carousel-owl-margin=\"10\" \r\n\t\t\t\t\t\t\tdata-fpg-carousel-owl-rtl=\"false\"\t\r\n\t\tclass=\"fpg-container fpg-type-carousel grid-columns-1 fpg-grid fpg-icon  fpg-3 sangiovanni wpfpg_grid \"><figure class=\"fpg-grid-item\"><img decoding=\"async\" class=\"fpg-thumbs\" src=\"https:\/\/www.oddmuseum.it\/wp-content\/uploads\/2023\/06\/nuova-timeline_PRODUZIONE-giusta-01-1-800x500.jpg\" alt=\"1870\"><div class=\"ac-container\">\t<h1 class=\"title\">1870<\/h1>\r\n\t\t\t\t\t\t\t\t<div class=\"ac-icon\">\r\n                           \t\t\t<div class=\"line-top\"><\/div>\r\n                            \t\t<div class=\"text\">Altri avvenimenti:<br>\n- Costruzione della Fonderia Panzera.\n<\/div>\r\n                            \t\t<div class=\"line-bottom\"><\/div>\r\n\t\t\t\t\t\t\t\t\t<div class=\"ac-social-container\"><a target=\"_blank\" class=\"icon-facebook fa fa-facebook\" href=\"http:\/\/www.facebook.com\/sharer.php?u=https:\/\/www.oddmuseum.it\/?p=520&amp;t=1870\" title=\"Click to share this post on Facebook\"><\/a>\r\n\t\t\t\t\t\t\t\t\t\t\t\t<a target=\"_blank\" class=\"icon-twitter fa fa-twitter\" href=\"http:\/\/twitter.com\/home?status=https:\/\/www.oddmuseum.it\/?p=520\" title=\"Click to share this post on Twitter\"><\/a>\r\n        \t\t\t\t\t\t\t\t\t\t<a target=\"_blank\" class=\"icon-pinterest fa fa-pinterest\" href=\"http:\/\/pinterest.com\/pin\/create\/button\/?url=https%3A%2F%2Fwww.oddmuseum.it%2F%3Fp%3D520&media=https:\/\/www.oddmuseum.it\/wp-content\/uploads\/2023\/06\/nuova-timeline_PRODUZIONE-giusta-01-1-scaled.jpg&description=1870\" title=\"Click to share this post on Pinterest\"><\/a><\/div>\r\n\t\t\t\t\t\t\t\t<\/div>\r\n\t\t\t\t\t\t   <\/div><\/figure><figure class=\"fpg-grid-item\"><img decoding=\"async\" class=\"fpg-thumbs\" src=\"https:\/\/www.oddmuseum.it\/wp-content\/uploads\/2023\/06\/nuova-timeline_PRODUZIONE-giusta-02-1-800x500.jpg\" alt=\"1871\"><div class=\"ac-container\">\t<h1 class=\"title\">1871<\/h1>\r\n\t\t\t\t\t\t\t\t<div class=\"ac-icon\">\r\n                           \t\t\t<div class=\"line-top\"><\/div>\r\n                            \t\t<div class=\"text\">Lo scalo di alaggio \u00e8 stato commissionato dai Florio. Dopo che la loro flotta \u00e8 cresciuta in modo esponenziale, si \u00e8 reso necessario un luogo dove poter riparare le navi.<\/div>\r\n                            \t\t<div class=\"line-bottom\"><\/div>\r\n\t\t\t\t\t\t\t\t\t<div class=\"ac-social-container\"><a target=\"_blank\" class=\"icon-facebook fa fa-facebook\" href=\"http:\/\/www.facebook.com\/sharer.php?u=https:\/\/www.oddmuseum.it\/?p=828&amp;t=1871\" title=\"Click to share this post on Facebook\"><\/a>\r\n\t\t\t\t\t\t\t\t\t\t\t\t<a target=\"_blank\" class=\"icon-twitter fa fa-twitter\" href=\"http:\/\/twitter.com\/home?status=https:\/\/www.oddmuseum.it\/?p=828\" title=\"Click to share this post on Twitter\"><\/a>\r\n        \t\t\t\t\t\t\t\t\t\t<a target=\"_blank\" class=\"icon-pinterest fa fa-pinterest\" href=\"http:\/\/pinterest.com\/pin\/create\/button\/?url=https%3A%2F%2Fwww.oddmuseum.it%2F%3Fp%3D828&media=https:\/\/www.oddmuseum.it\/wp-content\/uploads\/2023\/06\/nuova-timeline_PRODUZIONE-giusta-02-1-scaled.jpg&description=1871\" title=\"Click to share this post on Pinterest\"><\/a><\/div>\r\n\t\t\t\t\t\t\t\t<\/div>\r\n\t\t\t\t\t\t   <\/div><\/figure><figure class=\"fpg-grid-item\"><img decoding=\"async\" class=\"fpg-thumbs\" src=\"https:\/\/www.oddmuseum.it\/wp-content\/uploads\/2023\/08\/nuova-timeline_PRODUZIONE-giusta-03-1-800x500.jpg\" alt=\"1873\"><div class=\"ac-container\">\t<h1 class=\"title\">1873<\/h1>\r\n\t\t\t\t\t\t\t\t<div class=\"ac-icon\">\r\n                           \t\t\t<div class=\"line-top\"><\/div>\r\n                            \t\t<div class=\"text\">Altri avvenimenti:<br>\n- Apertura della tessoria I. Florio e Compagno.\n<\/div>\r\n                            \t\t<div class=\"line-bottom\"><\/div>\r\n\t\t\t\t\t\t\t\t\t<div class=\"ac-social-container\"><a target=\"_blank\" class=\"icon-facebook fa fa-facebook\" href=\"http:\/\/www.facebook.com\/sharer.php?u=https:\/\/www.oddmuseum.it\/?p=1818&amp;t=1873\" title=\"Click to share this post on Facebook\"><\/a>\r\n\t\t\t\t\t\t\t\t\t\t\t\t<a target=\"_blank\" class=\"icon-twitter fa fa-twitter\" href=\"http:\/\/twitter.com\/home?status=https:\/\/www.oddmuseum.it\/?p=1818\" title=\"Click to share this post on Twitter\"><\/a>\r\n        \t\t\t\t\t\t\t\t\t\t<a target=\"_blank\" class=\"icon-pinterest fa fa-pinterest\" href=\"http:\/\/pinterest.com\/pin\/create\/button\/?url=https%3A%2F%2Fwww.oddmuseum.it%2F%3Fp%3D1818&media=https:\/\/www.oddmuseum.it\/wp-content\/uploads\/2023\/08\/nuova-timeline_PRODUZIONE-giusta-03-1-scaled.jpg&description=1873\" title=\"Click to share this post on Pinterest\"><\/a><\/div>\r\n\t\t\t\t\t\t\t\t<\/div>\r\n\t\t\t\t\t\t   <\/div><\/figure><figure class=\"fpg-grid-item\"><img decoding=\"async\" class=\"fpg-thumbs\" src=\"https:\/\/www.oddmuseum.it\/wp-content\/uploads\/2023\/06\/nuova-timeline_PRODUZIONE-giusta-04-1-800x500.jpg\" alt=\"1874\"><div class=\"ac-container\">\t<h1 class=\"title\">1874<\/h1>\r\n\t\t\t\t\t\t\t\t<div class=\"ac-icon\">\r\n                           \t\t\t<div class=\"line-top\"><\/div>\r\n                            \t\t<div class=\"text\">I Florio acquistano Favignana e Formica, con le relative tonnare, per 2.7 milioni di lire.\n<\/div>\r\n                            \t\t<div class=\"line-bottom\"><\/div>\r\n\t\t\t\t\t\t\t\t\t<div class=\"ac-social-container\"><a target=\"_blank\" class=\"icon-facebook fa fa-facebook\" href=\"http:\/\/www.facebook.com\/sharer.php?u=https:\/\/www.oddmuseum.it\/?p=834&amp;t=1874\" title=\"Click to share this post on Facebook\"><\/a>\r\n\t\t\t\t\t\t\t\t\t\t\t\t<a target=\"_blank\" class=\"icon-twitter fa fa-twitter\" href=\"http:\/\/twitter.com\/home?status=https:\/\/www.oddmuseum.it\/?p=834\" title=\"Click to share this post on Twitter\"><\/a>\r\n        \t\t\t\t\t\t\t\t\t\t<a target=\"_blank\" class=\"icon-pinterest fa fa-pinterest\" href=\"http:\/\/pinterest.com\/pin\/create\/button\/?url=https%3A%2F%2Fwww.oddmuseum.it%2F%3Fp%3D834&media=https:\/\/www.oddmuseum.it\/wp-content\/uploads\/2023\/06\/nuova-timeline_PRODUZIONE-giusta-04-1-scaled.jpg&description=1874\" title=\"Click to share this post on Pinterest\"><\/a><\/div>\r\n\t\t\t\t\t\t\t\t<\/div>\r\n\t\t\t\t\t\t   <\/div><\/figure><figure class=\"fpg-grid-item\"><img decoding=\"async\" class=\"fpg-thumbs\" src=\"https:\/\/www.oddmuseum.it\/wp-content\/uploads\/2023\/06\/nuova-timeline_PRODUZIONE-giusta-800x500.jpg\" alt=\"1875\"><div class=\"ac-container\">\t<h1 class=\"title\">1875<\/h1>\r\n\t\t\t\t\t\t\t\t<div class=\"ac-icon\">\r\n                           \t\t\t<div class=\"line-top\"><\/div>\r\n                            \t\t<div class=\"text\">Altri avvenimenti:<br>\n- Nasce la \u201cAlberto Ahrens & C.\u201d. Inizialmente si occupa di import-export di tessuti, per poi diversificarsi con altre attivit\u00e0<\/div>\r\n                            \t\t<div class=\"line-bottom\"><\/div>\r\n\t\t\t\t\t\t\t\t\t<div class=\"ac-social-container\"><a target=\"_blank\" class=\"icon-facebook fa fa-facebook\" href=\"http:\/\/www.facebook.com\/sharer.php?u=https:\/\/www.oddmuseum.it\/?p=836&amp;t=1875\" title=\"Click to share this post on Facebook\"><\/a>\r\n\t\t\t\t\t\t\t\t\t\t\t\t<a target=\"_blank\" class=\"icon-twitter fa fa-twitter\" href=\"http:\/\/twitter.com\/home?status=https:\/\/www.oddmuseum.it\/?p=836\" title=\"Click to share this post on Twitter\"><\/a>\r\n        \t\t\t\t\t\t\t\t\t\t<a target=\"_blank\" class=\"icon-pinterest fa fa-pinterest\" href=\"http:\/\/pinterest.com\/pin\/create\/button\/?url=https%3A%2F%2Fwww.oddmuseum.it%2F%3Fp%3D836&media=https:\/\/www.oddmuseum.it\/wp-content\/uploads\/2023\/06\/nuova-timeline_PRODUZIONE-giusta-scaled.jpg&description=1875\" title=\"Click to share this post on Pinterest\"><\/a><\/div>\r\n\t\t\t\t\t\t\t\t<\/div>\r\n\t\t\t\t\t\t   <\/div><\/figure><figure class=\"fpg-grid-item\"><img decoding=\"async\" class=\"fpg-thumbs\" src=\"https:\/\/www.oddmuseum.it\/wp-content\/uploads\/2023\/06\/nuova-timeline_PRODUZIONE-giusta-06-1-800x500.jpg\" alt=\"1877\"><div class=\"ac-container\">\t<h1 class=\"title\">1877<\/h1>\r\n\t\t\t\t\t\t\t\t<div class=\"ac-icon\">\r\n                           \t\t\t<div class=\"line-top\"><\/div>\r\n                            \t\t<div class=\"text\">Le flotte Florio e Rubattino beneficiano maggiormente delle sovvenzioni statali rispetto a tutte le altre presenti nel panorama armatoriale italiano.\n\n<\/div>\r\n                            \t\t<div class=\"line-bottom\"><\/div>\r\n\t\t\t\t\t\t\t\t\t<div class=\"ac-social-container\"><a target=\"_blank\" class=\"icon-facebook fa fa-facebook\" href=\"http:\/\/www.facebook.com\/sharer.php?u=https:\/\/www.oddmuseum.it\/?p=839&amp;t=1877\" title=\"Click to share this post on Facebook\"><\/a>\r\n\t\t\t\t\t\t\t\t\t\t\t\t<a target=\"_blank\" class=\"icon-twitter fa fa-twitter\" href=\"http:\/\/twitter.com\/home?status=https:\/\/www.oddmuseum.it\/?p=839\" title=\"Click to share this post on Twitter\"><\/a>\r\n        \t\t\t\t\t\t\t\t\t\t<a target=\"_blank\" class=\"icon-pinterest fa fa-pinterest\" href=\"http:\/\/pinterest.com\/pin\/create\/button\/?url=https%3A%2F%2Fwww.oddmuseum.it%2F%3Fp%3D839&media=https:\/\/www.oddmuseum.it\/wp-content\/uploads\/2023\/06\/nuova-timeline_PRODUZIONE-giusta-06-1-scaled.jpg&description=1877\" title=\"Click to share this post on Pinterest\"><\/a><\/div>\r\n\t\t\t\t\t\t\t\t<\/div>\r\n\t\t\t\t\t\t   <\/div><\/figure><figure class=\"fpg-grid-item\"><img decoding=\"async\" class=\"fpg-thumbs\" src=\"https:\/\/www.oddmuseum.it\/wp-content\/uploads\/2023\/08\/nuova-timeline_PRODUZIONE-giusta-07-800x500.jpg\" alt=\"1878\"><div class=\"ac-container\">\t<h1 class=\"title\">1878<\/h1>\r\n\t\t\t\t\t\t\t\t<div class=\"ac-icon\">\r\n                           \t\t\t<div class=\"line-top\"><\/div>\r\n                            \t\t<div class=\"text\">Altri avvenimenti:<br>\n- Chiusura della Tessoria del Pegno a causa della crisi del settore tessile<br><\/div>\r\n                            \t\t<div class=\"line-bottom\"><\/div>\r\n\t\t\t\t\t\t\t\t\t<div class=\"ac-social-container\"><a target=\"_blank\" class=\"icon-facebook fa fa-facebook\" href=\"http:\/\/www.facebook.com\/sharer.php?u=https:\/\/www.oddmuseum.it\/?p=1544&amp;t=1878\" title=\"Click to share this post on Facebook\"><\/a>\r\n\t\t\t\t\t\t\t\t\t\t\t\t<a target=\"_blank\" class=\"icon-twitter fa fa-twitter\" href=\"http:\/\/twitter.com\/home?status=https:\/\/www.oddmuseum.it\/?p=1544\" title=\"Click to share this post on Twitter\"><\/a>\r\n        \t\t\t\t\t\t\t\t\t\t<a target=\"_blank\" class=\"icon-pinterest fa fa-pinterest\" href=\"http:\/\/pinterest.com\/pin\/create\/button\/?url=https%3A%2F%2Fwww.oddmuseum.it%2F%3Fp%3D1544&media=https:\/\/www.oddmuseum.it\/wp-content\/uploads\/2023\/08\/nuova-timeline_PRODUZIONE-giusta-07-scaled.jpg&description=1878\" title=\"Click to share this post on Pinterest\"><\/a><\/div>\r\n\t\t\t\t\t\t\t\t<\/div>\r\n\t\t\t\t\t\t   <\/div><\/figure><figure class=\"fpg-grid-item\"><img decoding=\"async\" class=\"fpg-thumbs\" src=\"https:\/\/www.oddmuseum.it\/wp-content\/uploads\/2023\/08\/nuova-timeline_PRODUZIONE-giusta-08-1-800x500.jpg\" alt=\"1880\"><div class=\"ac-container\">\t<h1 class=\"title\">1880<\/h1>\r\n\t\t\t\t\t\t\t\t<div class=\"ac-icon\">\r\n                           \t\t\t<div class=\"line-top\"><\/div>\r\n                            \t\t<div class=\"text\">-L\u2019unico, tra quelli presenti a Marsala, ad avere mezzi cos\u00ec innovativi.<br>\nAltri avvenimenti:<br>\n- Circa 865 mila quintali di agrumi vengono esportati ogni anno dalla Sicilia<\/div>\r\n                            \t\t<div class=\"line-bottom\"><\/div>\r\n\t\t\t\t\t\t\t\t\t<div class=\"ac-social-container\"><a target=\"_blank\" class=\"icon-facebook fa fa-facebook\" href=\"http:\/\/www.facebook.com\/sharer.php?u=https:\/\/www.oddmuseum.it\/?p=1547&amp;t=1880\" title=\"Click to share this post on Facebook\"><\/a>\r\n\t\t\t\t\t\t\t\t\t\t\t\t<a target=\"_blank\" class=\"icon-twitter fa fa-twitter\" href=\"http:\/\/twitter.com\/home?status=https:\/\/www.oddmuseum.it\/?p=1547\" title=\"Click to share this post on Twitter\"><\/a>\r\n        \t\t\t\t\t\t\t\t\t\t<a target=\"_blank\" class=\"icon-pinterest fa fa-pinterest\" href=\"http:\/\/pinterest.com\/pin\/create\/button\/?url=https%3A%2F%2Fwww.oddmuseum.it%2F%3Fp%3D1547&media=https:\/\/www.oddmuseum.it\/wp-content\/uploads\/2023\/08\/nuova-timeline_PRODUZIONE-giusta-08-1-scaled.jpg&description=1880\" title=\"Click to share this post on Pinterest\"><\/a><\/div>\r\n\t\t\t\t\t\t\t\t<\/div>\r\n\t\t\t\t\t\t   <\/div><\/figure><figure class=\"fpg-grid-item\"><img decoding=\"async\" class=\"fpg-thumbs\" src=\"https:\/\/www.oddmuseum.it\/wp-content\/uploads\/2023\/06\/nuova-timeline_PRODUZIONE-giusta-09-1-800x500.jpg\" alt=\"1881\"><div class=\"ac-container\">\t<h1 class=\"title\">1881<\/h1>\r\n\t\t\t\t\t\t\t\t<div class=\"ac-icon\">\r\n                           \t\t\t<div class=\"line-top\"><\/div>\r\n                            \t\t<div class=\"text\">Dalla fusione delle flotte di Casa Florio e dell'armatore Rubattino, nasce la Navigazione Generale Italiana.<\/div>\r\n                            \t\t<div class=\"line-bottom\"><\/div>\r\n\t\t\t\t\t\t\t\t\t<div class=\"ac-social-container\"><a target=\"_blank\" class=\"icon-facebook fa fa-facebook\" href=\"http:\/\/www.facebook.com\/sharer.php?u=https:\/\/www.oddmuseum.it\/?p=842&amp;t=1881\" title=\"Click to share this post on Facebook\"><\/a>\r\n\t\t\t\t\t\t\t\t\t\t\t\t<a target=\"_blank\" class=\"icon-twitter fa fa-twitter\" href=\"http:\/\/twitter.com\/home?status=https:\/\/www.oddmuseum.it\/?p=842\" title=\"Click to share this post on Twitter\"><\/a>\r\n        \t\t\t\t\t\t\t\t\t\t<a target=\"_blank\" class=\"icon-pinterest fa fa-pinterest\" href=\"http:\/\/pinterest.com\/pin\/create\/button\/?url=https%3A%2F%2Fwww.oddmuseum.it%2F%3Fp%3D842&media=https:\/\/www.oddmuseum.it\/wp-content\/uploads\/2023\/06\/nuova-timeline_PRODUZIONE-giusta-09-1-scaled.jpg&description=1881\" title=\"Click to share this post on Pinterest\"><\/a><\/div>\r\n\t\t\t\t\t\t\t\t<\/div>\r\n\t\t\t\t\t\t   <\/div><\/figure><figure class=\"fpg-grid-item\"><img decoding=\"async\" class=\"fpg-thumbs\" src=\"https:\/\/www.oddmuseum.it\/wp-content\/uploads\/2023\/06\/nuova-timeline_PRODUZIONE-giusta-10-1-800x500.jpg\" alt=\"1882\"><div class=\"ac-container\">\t<h1 class=\"title\">1882<\/h1>\r\n\t\t\t\t\t\t\t\t<div class=\"ac-icon\">\r\n                           \t\t\t<div class=\"line-top\"><\/div>\r\n                            \t\t<div class=\"text\">Palermo raggiunge il primato per la produzione di sommacco.<br>\nAltri avvenimenti:<br>\n- Apertura dell'azienda tessile Gul\u00ec, che diventer\u00e0 una delle realt\u00e0 pi\u00f9 importanti di tutta la Sicilia<\/div>\r\n                            \t\t<div class=\"line-bottom\"><\/div>\r\n\t\t\t\t\t\t\t\t\t<div class=\"ac-social-container\"><a target=\"_blank\" class=\"icon-facebook fa fa-facebook\" href=\"http:\/\/www.facebook.com\/sharer.php?u=https:\/\/www.oddmuseum.it\/?p=851&amp;t=1882\" title=\"Click to share this post on Facebook\"><\/a>\r\n\t\t\t\t\t\t\t\t\t\t\t\t<a target=\"_blank\" class=\"icon-twitter fa fa-twitter\" href=\"http:\/\/twitter.com\/home?status=https:\/\/www.oddmuseum.it\/?p=851\" title=\"Click to share this post on Twitter\"><\/a>\r\n        \t\t\t\t\t\t\t\t\t\t<a target=\"_blank\" class=\"icon-pinterest fa fa-pinterest\" href=\"http:\/\/pinterest.com\/pin\/create\/button\/?url=https%3A%2F%2Fwww.oddmuseum.it%2F%3Fp%3D851&media=https:\/\/www.oddmuseum.it\/wp-content\/uploads\/2023\/06\/nuova-timeline_PRODUZIONE-giusta-10-1-scaled.jpg&description=1882\" title=\"Click to share this post on Pinterest\"><\/a><\/div>\r\n\t\t\t\t\t\t\t\t<\/div>\r\n\t\t\t\t\t\t   <\/div><\/figure><figure class=\"fpg-grid-item\"><img decoding=\"async\" class=\"fpg-thumbs\" src=\"https:\/\/www.oddmuseum.it\/wp-content\/uploads\/2023\/06\/1884_PROD-1-800x500.jpg\" alt=\"1884\"><div class=\"ac-container\">\t<h1 class=\"title\">1884<\/h1>\r\n\t\t\t\t\t\t\t\t<div class=\"ac-icon\">\r\n                           \t\t\t<div class=\"line-top\"><\/div>\r\n                            \t\t<div class=\"text\">La Ceramiche Florio diventa presto un apparato industriale di moderna concezione. <\/div>\r\n                            \t\t<div class=\"line-bottom\"><\/div>\r\n\t\t\t\t\t\t\t\t\t<div class=\"ac-social-container\"><a target=\"_blank\" class=\"icon-facebook fa fa-facebook\" href=\"http:\/\/www.facebook.com\/sharer.php?u=https:\/\/www.oddmuseum.it\/?p=854&amp;t=1884\" title=\"Click to share this post on Facebook\"><\/a>\r\n\t\t\t\t\t\t\t\t\t\t\t\t<a target=\"_blank\" class=\"icon-twitter fa fa-twitter\" href=\"http:\/\/twitter.com\/home?status=https:\/\/www.oddmuseum.it\/?p=854\" title=\"Click to share this post on Twitter\"><\/a>\r\n        \t\t\t\t\t\t\t\t\t\t<a target=\"_blank\" class=\"icon-pinterest fa fa-pinterest\" href=\"http:\/\/pinterest.com\/pin\/create\/button\/?url=https%3A%2F%2Fwww.oddmuseum.it%2F%3Fp%3D854&media=https:\/\/www.oddmuseum.it\/wp-content\/uploads\/2023\/06\/1884_PROD-1-scaled.jpg&description=1884\" title=\"Click to share this post on Pinterest\"><\/a><\/div>\r\n\t\t\t\t\t\t\t\t<\/div>\r\n\t\t\t\t\t\t   <\/div><\/figure><figure class=\"fpg-grid-item\"><img decoding=\"async\" class=\"fpg-thumbs\" src=\"https:\/\/www.oddmuseum.it\/wp-content\/uploads\/2023\/08\/nuova-timeline_PRODUZIONE-giusta-12-800x500.jpg\" alt=\"1885\"><div class=\"ac-container\">\t<h1 class=\"title\">1885<\/h1>\r\n\t\t\t\t\t\t\t\t<div class=\"ac-icon\">\r\n                           \t\t\t<div class=\"line-top\"><\/div>\r\n                            \t\t<div class=\"text\">Christian Caflisch inaugura la prima sede della sua pasticceria in corso Vittorio Emanuele e poco tempo dopo apre una fabbrica di cioccolato a vapore.\n<\/div>\r\n                            \t\t<div class=\"line-bottom\"><\/div>\r\n\t\t\t\t\t\t\t\t\t<div class=\"ac-social-container\"><a target=\"_blank\" class=\"icon-facebook fa fa-facebook\" href=\"http:\/\/www.facebook.com\/sharer.php?u=https:\/\/www.oddmuseum.it\/?p=1550&amp;t=1885\" title=\"Click to share this post on Facebook\"><\/a>\r\n\t\t\t\t\t\t\t\t\t\t\t\t<a target=\"_blank\" class=\"icon-twitter fa fa-twitter\" href=\"http:\/\/twitter.com\/home?status=https:\/\/www.oddmuseum.it\/?p=1550\" title=\"Click to share this post on Twitter\"><\/a>\r\n        \t\t\t\t\t\t\t\t\t\t<a target=\"_blank\" class=\"icon-pinterest fa fa-pinterest\" href=\"http:\/\/pinterest.com\/pin\/create\/button\/?url=https%3A%2F%2Fwww.oddmuseum.it%2F%3Fp%3D1550&media=https:\/\/www.oddmuseum.it\/wp-content\/uploads\/2023\/08\/nuova-timeline_PRODUZIONE-giusta-12-scaled.jpg&description=1885\" title=\"Click to share this post on Pinterest\"><\/a><\/div>\r\n\t\t\t\t\t\t\t\t<\/div>\r\n\t\t\t\t\t\t   <\/div><\/figure><figure class=\"fpg-grid-item\"><img decoding=\"async\" class=\"fpg-thumbs\" src=\"https:\/\/www.oddmuseum.it\/wp-content\/uploads\/2023\/06\/nuova-timeline_PRODUZIONE-giusta-13-1-800x500.jpg\" alt=\"1887\"><div class=\"ac-container\">\t<h1 class=\"title\">1887<\/h1>\r\n\t\t\t\t\t\t\t\t<div class=\"ac-icon\">\r\n                           \t\t\t<div class=\"line-top\"><\/div>\r\n                            \t\t<div class=\"text\">Altri avvenimenti:<br>\n- Crisi della molitura del sommacco a causa dell\u2019insediamento di prodotti sostitutivi pi\u00f9 economici.\n\n<\/div>\r\n                            \t\t<div class=\"line-bottom\"><\/div>\r\n\t\t\t\t\t\t\t\t\t<div class=\"ac-social-container\"><a target=\"_blank\" class=\"icon-facebook fa fa-facebook\" href=\"http:\/\/www.facebook.com\/sharer.php?u=https:\/\/www.oddmuseum.it\/?p=857&amp;t=1887\" title=\"Click to share this post on Facebook\"><\/a>\r\n\t\t\t\t\t\t\t\t\t\t\t\t<a target=\"_blank\" class=\"icon-twitter fa fa-twitter\" href=\"http:\/\/twitter.com\/home?status=https:\/\/www.oddmuseum.it\/?p=857\" title=\"Click to share this post on Twitter\"><\/a>\r\n        \t\t\t\t\t\t\t\t\t\t<a target=\"_blank\" class=\"icon-pinterest fa fa-pinterest\" href=\"http:\/\/pinterest.com\/pin\/create\/button\/?url=https%3A%2F%2Fwww.oddmuseum.it%2F%3Fp%3D857&media=https:\/\/www.oddmuseum.it\/wp-content\/uploads\/2023\/06\/nuova-timeline_PRODUZIONE-giusta-13-1-scaled.jpg&description=1887\" title=\"Click to share this post on Pinterest\"><\/a><\/div>\r\n\t\t\t\t\t\t\t\t<\/div>\r\n\t\t\t\t\t\t   <\/div><\/figure><figure class=\"fpg-grid-item\"><img decoding=\"async\" class=\"fpg-thumbs\" src=\"https:\/\/www.oddmuseum.it\/wp-content\/uploads\/2023\/08\/nuova-timeline_PRODUZIONE-giusta-14-1-800x500.jpg\" alt=\"1888\"><div class=\"ac-container\">\t<h1 class=\"title\">1888<\/h1>\r\n\t\t\t\t\t\t\t\t<div class=\"ac-icon\">\r\n                           \t\t\t<div class=\"line-top\"><\/div>\r\n                            \t\t<div class=\"text\">Antonio Lo Verso apre la sua pasticceria, che 10 anni dopo rinominer\u00e0 in \u201cIris\u201d, come il famoso dolce palermitano di sua invenzione.\n<\/div>\r\n                            \t\t<div class=\"line-bottom\"><\/div>\r\n\t\t\t\t\t\t\t\t\t<div class=\"ac-social-container\"><a target=\"_blank\" class=\"icon-facebook fa fa-facebook\" href=\"http:\/\/www.facebook.com\/sharer.php?u=https:\/\/www.oddmuseum.it\/?p=1553&amp;t=1888\" title=\"Click to share this post on Facebook\"><\/a>\r\n\t\t\t\t\t\t\t\t\t\t\t\t<a target=\"_blank\" class=\"icon-twitter fa fa-twitter\" href=\"http:\/\/twitter.com\/home?status=https:\/\/www.oddmuseum.it\/?p=1553\" title=\"Click to share this post on Twitter\"><\/a>\r\n        \t\t\t\t\t\t\t\t\t\t<a target=\"_blank\" class=\"icon-pinterest fa fa-pinterest\" href=\"http:\/\/pinterest.com\/pin\/create\/button\/?url=https%3A%2F%2Fwww.oddmuseum.it%2F%3Fp%3D1553&media=https:\/\/www.oddmuseum.it\/wp-content\/uploads\/2023\/08\/nuova-timeline_PRODUZIONE-giusta-14-1-scaled.jpg&description=1888\" title=\"Click to share this post on Pinterest\"><\/a><\/div>\r\n\t\t\t\t\t\t\t\t<\/div>\r\n\t\t\t\t\t\t   <\/div><\/figure><figure class=\"fpg-grid-item\"><img decoding=\"async\" class=\"fpg-thumbs\" src=\"https:\/\/www.oddmuseum.it\/wp-content\/uploads\/2023\/06\/nuova-timeline_PRODUZIONE-giusta-15-1-800x500.jpg\" alt=\"1890\"><div class=\"ac-container\">\t<h1 class=\"title\">1890<\/h1>\r\n\t\t\t\t\t\t\t\t<div class=\"ac-icon\">\r\n                           \t\t\t<div class=\"line-top\"><\/div>\r\n                            \t\t<div class=\"text\">Altri avvenimenti:<br>\n- Crisi del mercato del vino: il protezionismo causa un drastico calo dell\u2019esportazione e una sovrapproduzione del prodotto.<\/div>\r\n                            \t\t<div class=\"line-bottom\"><\/div>\r\n\t\t\t\t\t\t\t\t\t<div class=\"ac-social-container\"><a target=\"_blank\" class=\"icon-facebook fa fa-facebook\" href=\"http:\/\/www.facebook.com\/sharer.php?u=https:\/\/www.oddmuseum.it\/?p=859&amp;t=1890\" title=\"Click to share this post on Facebook\"><\/a>\r\n\t\t\t\t\t\t\t\t\t\t\t\t<a target=\"_blank\" class=\"icon-twitter fa fa-twitter\" href=\"http:\/\/twitter.com\/home?status=https:\/\/www.oddmuseum.it\/?p=859\" title=\"Click to share this post on Twitter\"><\/a>\r\n        \t\t\t\t\t\t\t\t\t\t<a target=\"_blank\" class=\"icon-pinterest fa fa-pinterest\" href=\"http:\/\/pinterest.com\/pin\/create\/button\/?url=https%3A%2F%2Fwww.oddmuseum.it%2F%3Fp%3D859&media=https:\/\/www.oddmuseum.it\/wp-content\/uploads\/2023\/06\/nuova-timeline_PRODUZIONE-giusta-15-1-scaled.jpg&description=1890\" title=\"Click to share this post on Pinterest\"><\/a><\/div>\r\n\t\t\t\t\t\t\t\t<\/div>\r\n\t\t\t\t\t\t   <\/div><\/figure><figure class=\"fpg-grid-item\"><img decoding=\"async\" class=\"fpg-thumbs\" src=\"https:\/\/www.oddmuseum.it\/wp-content\/uploads\/2023\/06\/nuova-timeline_PRODUZIONE-giusta-16-1-800x500.jpg\" alt=\"1891\"><div class=\"ac-container\">\t<h1 class=\"title\">1891<\/h1>\r\n\t\t\t\t\t\t\t\t<div class=\"ac-icon\">\r\n                           \t\t\t<div class=\"line-top\"><\/div>\r\n                            \t\t<div class=\"text\">La produzione dello stabilimento Florio si allarga con il Cognac e un vino sul genere del Porto.\n<\/div>\r\n                            \t\t<div class=\"line-bottom\"><\/div>\r\n\t\t\t\t\t\t\t\t\t<div class=\"ac-social-container\"><a target=\"_blank\" class=\"icon-facebook fa fa-facebook\" href=\"http:\/\/www.facebook.com\/sharer.php?u=https:\/\/www.oddmuseum.it\/?p=862&amp;t=1891\" title=\"Click to share this post on Facebook\"><\/a>\r\n\t\t\t\t\t\t\t\t\t\t\t\t<a target=\"_blank\" class=\"icon-twitter fa fa-twitter\" href=\"http:\/\/twitter.com\/home?status=https:\/\/www.oddmuseum.it\/?p=862\" title=\"Click to share this post on Twitter\"><\/a>\r\n        \t\t\t\t\t\t\t\t\t\t<a target=\"_blank\" class=\"icon-pinterest fa fa-pinterest\" href=\"http:\/\/pinterest.com\/pin\/create\/button\/?url=https%3A%2F%2Fwww.oddmuseum.it%2F%3Fp%3D862&media=https:\/\/www.oddmuseum.it\/wp-content\/uploads\/2023\/06\/nuova-timeline_PRODUZIONE-giusta-16-1-scaled.jpg&description=1891\" title=\"Click to share this post on Pinterest\"><\/a><\/div>\r\n\t\t\t\t\t\t\t\t<\/div>\r\n\t\t\t\t\t\t   <\/div><\/figure><figure class=\"fpg-grid-item\"><img decoding=\"async\" class=\"fpg-thumbs\" src=\"https:\/\/www.oddmuseum.it\/wp-content\/uploads\/2023\/06\/nuova-timeline_PRODUZIONE-giusta-17-1-800x500.jpg\" alt=\"1892\"><div class=\"ac-container\">\t<h1 class=\"title\">1892<\/h1>\r\n\t\t\t\t\t\t\t\t<div class=\"ac-icon\">\r\n                           \t\t\t<div class=\"line-top\"><\/div>\r\n                            \t\t<div class=\"text\">Altri avvenimenti:<br>\nRivolta degli operai dell'Oretea. Temono che la chiusura del compartimento palermitano della NGI possa avere gravi ripercussioni sul loro lavoro.<\/div>\r\n                            \t\t<div class=\"line-bottom\"><\/div>\r\n\t\t\t\t\t\t\t\t\t<div class=\"ac-social-container\"><a target=\"_blank\" class=\"icon-facebook fa fa-facebook\" href=\"http:\/\/www.facebook.com\/sharer.php?u=https:\/\/www.oddmuseum.it\/?p=867&amp;t=1892\" title=\"Click to share this post on Facebook\"><\/a>\r\n\t\t\t\t\t\t\t\t\t\t\t\t<a target=\"_blank\" class=\"icon-twitter fa fa-twitter\" href=\"http:\/\/twitter.com\/home?status=https:\/\/www.oddmuseum.it\/?p=867\" title=\"Click to share this post on Twitter\"><\/a>\r\n        \t\t\t\t\t\t\t\t\t\t<a target=\"_blank\" class=\"icon-pinterest fa fa-pinterest\" href=\"http:\/\/pinterest.com\/pin\/create\/button\/?url=https%3A%2F%2Fwww.oddmuseum.it%2F%3Fp%3D867&media=https:\/\/www.oddmuseum.it\/wp-content\/uploads\/2023\/06\/nuova-timeline_PRODUZIONE-giusta-17-1-scaled.jpg&description=1892\" title=\"Click to share this post on Pinterest\"><\/a><\/div>\r\n\t\t\t\t\t\t\t\t<\/div>\r\n\t\t\t\t\t\t   <\/div><\/figure><figure class=\"fpg-grid-item\"><img decoding=\"async\" class=\"fpg-thumbs\" src=\"https:\/\/www.oddmuseum.it\/wp-content\/uploads\/2023\/06\/nuova-timeline_PRODUZIONE-giusta-18-1-800x500.jpg\" alt=\"1893\"><div class=\"ac-container\">\t<h1 class=\"title\">1893<\/h1>\r\n\t\t\t\t\t\t\t\t<div class=\"ac-icon\">\r\n                           \t\t\t<div class=\"line-top\"><\/div>\r\n                            \t\t<div class=\"text\">Altri avvenimenti:<br>\n- La Navigazione Generale Italiana scongiura il rischio di chiusura del compartimento palermitano. <br>\n- Carlo Golia apre un mobilificio che vende Solei Herbert<\/div>\r\n                            \t\t<div class=\"line-bottom\"><\/div>\r\n\t\t\t\t\t\t\t\t\t<div class=\"ac-social-container\"><a target=\"_blank\" class=\"icon-facebook fa fa-facebook\" href=\"http:\/\/www.facebook.com\/sharer.php?u=https:\/\/www.oddmuseum.it\/?p=871&amp;t=1893\" title=\"Click to share this post on Facebook\"><\/a>\r\n\t\t\t\t\t\t\t\t\t\t\t\t<a target=\"_blank\" class=\"icon-twitter fa fa-twitter\" href=\"http:\/\/twitter.com\/home?status=https:\/\/www.oddmuseum.it\/?p=871\" title=\"Click to share this post on Twitter\"><\/a>\r\n        \t\t\t\t\t\t\t\t\t\t<a target=\"_blank\" class=\"icon-pinterest fa fa-pinterest\" href=\"http:\/\/pinterest.com\/pin\/create\/button\/?url=https%3A%2F%2Fwww.oddmuseum.it%2F%3Fp%3D871&media=https:\/\/www.oddmuseum.it\/wp-content\/uploads\/2023\/06\/nuova-timeline_PRODUZIONE-giusta-18-1-scaled.jpg&description=1893\" title=\"Click to share this post on Pinterest\"><\/a><\/div>\r\n\t\t\t\t\t\t\t\t<\/div>\r\n\t\t\t\t\t\t   <\/div><\/figure><figure class=\"fpg-grid-item\"><img decoding=\"async\" class=\"fpg-thumbs\" src=\"https:\/\/www.oddmuseum.it\/wp-content\/uploads\/2023\/06\/nuova-timeline_PRODUZIONE-giusta-19-1-800x500.jpg\" alt=\"1895\"><div class=\"ac-container\">\t<h1 class=\"title\">1895<\/h1>\r\n\t\t\t\t\t\t\t\t<div class=\"ac-icon\">\r\n                           \t\t\t<div class=\"line-top\"><\/div>\r\n                            \t\t<div class=\"text\">Vittorio Ducrot rileva il mobilificio del patrigno Carlo Golia, affrancandolo dalla Solei Herbert.<br>\nAltri avvenimenti:<br>\n- Apertura dei grandi magazzini de l'Unione Industriale Landi e Casiraghi.<\/div>\r\n                            \t\t<div class=\"line-bottom\"><\/div>\r\n\t\t\t\t\t\t\t\t\t<div class=\"ac-social-container\"><a target=\"_blank\" class=\"icon-facebook fa fa-facebook\" href=\"http:\/\/www.facebook.com\/sharer.php?u=https:\/\/www.oddmuseum.it\/?p=874&amp;t=1895\" title=\"Click to share this post on Facebook\"><\/a>\r\n\t\t\t\t\t\t\t\t\t\t\t\t<a target=\"_blank\" class=\"icon-twitter fa fa-twitter\" href=\"http:\/\/twitter.com\/home?status=https:\/\/www.oddmuseum.it\/?p=874\" title=\"Click to share this post on Twitter\"><\/a>\r\n        \t\t\t\t\t\t\t\t\t\t<a target=\"_blank\" class=\"icon-pinterest fa fa-pinterest\" href=\"http:\/\/pinterest.com\/pin\/create\/button\/?url=https%3A%2F%2Fwww.oddmuseum.it%2F%3Fp%3D874&media=https:\/\/www.oddmuseum.it\/wp-content\/uploads\/2023\/06\/nuova-timeline_PRODUZIONE-giusta-19-1-scaled.jpg&description=1895\" title=\"Click to share this post on Pinterest\"><\/a><\/div>\r\n\t\t\t\t\t\t\t\t<\/div>\r\n\t\t\t\t\t\t   <\/div><\/figure><figure class=\"fpg-grid-item\"><img decoding=\"async\" class=\"fpg-thumbs\" src=\"https:\/\/www.oddmuseum.it\/wp-content\/uploads\/2023\/08\/nuova-timeline_PRODUZIONE-giusta-20-800x500.jpg\" alt=\"1896\"><div class=\"ac-container\">\t<h1 class=\"title\">1896<\/h1>\r\n\t\t\t\t\t\t\t\t<div class=\"ac-icon\">\r\n                           \t\t\t<div class=\"line-top\"><\/div>\r\n                            \t\t<div class=\"text\">Altri avvenimenti:<br>\n- Esordio di Nicol\u00f2 Dagnino nell\u2019industria alimentare.\nDapprima fonda una fabbrica di conserve alimentari, poi apre la Pasticceria del Massimo e l\u2019Extrabar Olimpia<\/div>\r\n                            \t\t<div class=\"line-bottom\"><\/div>\r\n\t\t\t\t\t\t\t\t\t<div class=\"ac-social-container\"><a target=\"_blank\" class=\"icon-facebook fa fa-facebook\" href=\"http:\/\/www.facebook.com\/sharer.php?u=https:\/\/www.oddmuseum.it\/?p=1556&amp;t=1896\" title=\"Click to share this post on Facebook\"><\/a>\r\n\t\t\t\t\t\t\t\t\t\t\t\t<a target=\"_blank\" class=\"icon-twitter fa fa-twitter\" href=\"http:\/\/twitter.com\/home?status=https:\/\/www.oddmuseum.it\/?p=1556\" title=\"Click to share this post on Twitter\"><\/a>\r\n        \t\t\t\t\t\t\t\t\t\t<a target=\"_blank\" class=\"icon-pinterest fa fa-pinterest\" href=\"http:\/\/pinterest.com\/pin\/create\/button\/?url=https%3A%2F%2Fwww.oddmuseum.it%2F%3Fp%3D1556&media=https:\/\/www.oddmuseum.it\/wp-content\/uploads\/2023\/08\/nuova-timeline_PRODUZIONE-giusta-20-scaled.jpg&description=1896\" title=\"Click to share this post on Pinterest\"><\/a><\/div>\r\n\t\t\t\t\t\t\t\t<\/div>\r\n\t\t\t\t\t\t   <\/div><\/figure><figure class=\"fpg-grid-item\"><img decoding=\"async\" class=\"fpg-thumbs\" src=\"https:\/\/www.oddmuseum.it\/wp-content\/uploads\/2023\/06\/nuova-timeline_PRODUZIONE-giusta-21-1-800x500.jpg\" alt=\"1898\"><div class=\"ac-container\">\t<h1 class=\"title\">1898<\/h1>\r\n\t\t\t\t\t\t\t\t<div class=\"ac-icon\">\r\n                           \t\t\t<div class=\"line-top\"><\/div>\r\n                            \t\t<div class=\"text\">Altri avvenimenti: <br>\n- Costituzione della Societ\u00e0 dei Cantieri Navali, Bacini e Stabilimenti Meccanici Siciliani nella sede del Banco Florio.<\/div>\r\n                            \t\t<div class=\"line-bottom\"><\/div>\r\n\t\t\t\t\t\t\t\t\t<div class=\"ac-social-container\"><a target=\"_blank\" class=\"icon-facebook fa fa-facebook\" href=\"http:\/\/www.facebook.com\/sharer.php?u=https:\/\/www.oddmuseum.it\/?p=883&amp;t=1898\" title=\"Click to share this post on Facebook\"><\/a>\r\n\t\t\t\t\t\t\t\t\t\t\t\t<a target=\"_blank\" class=\"icon-twitter fa fa-twitter\" href=\"http:\/\/twitter.com\/home?status=https:\/\/www.oddmuseum.it\/?p=883\" title=\"Click to share this post on Twitter\"><\/a>\r\n        \t\t\t\t\t\t\t\t\t\t<a target=\"_blank\" class=\"icon-pinterest fa fa-pinterest\" href=\"http:\/\/pinterest.com\/pin\/create\/button\/?url=https%3A%2F%2Fwww.oddmuseum.it%2F%3Fp%3D883&media=https:\/\/www.oddmuseum.it\/wp-content\/uploads\/2023\/06\/nuova-timeline_PRODUZIONE-giusta-21-1-scaled.jpg&description=1898\" title=\"Click to share this post on Pinterest\"><\/a><\/div>\r\n\t\t\t\t\t\t\t\t<\/div>\r\n\t\t\t\t\t\t   <\/div><\/figure><figure class=\"fpg-grid-item\"><img decoding=\"async\" class=\"fpg-thumbs\" src=\"https:\/\/www.oddmuseum.it\/wp-content\/uploads\/2023\/08\/nuova-timeline_PRODUZIONE-giusta-22-800x500.jpg\" alt=\"1899\"><div class=\"ac-container\">\t<h1 class=\"title\">1899<\/h1>\r\n\t\t\t\t\t\t\t\t<div class=\"ac-icon\">\r\n                           \t\t\t<div class=\"line-top\"><\/div>\r\n                            \t\t<div class=\"text\">Ignazio Florio vuole ripetere il fortunato esperimento dell'Anglo Sicilian Sulphur Company con il sommacco.<br>\n<\/div>\r\n                            \t\t<div class=\"line-bottom\"><\/div>\r\n\t\t\t\t\t\t\t\t\t<div class=\"ac-social-container\"><a target=\"_blank\" class=\"icon-facebook fa fa-facebook\" href=\"http:\/\/www.facebook.com\/sharer.php?u=https:\/\/www.oddmuseum.it\/?p=1563&amp;t=1899\" title=\"Click to share this post on Facebook\"><\/a>\r\n\t\t\t\t\t\t\t\t\t\t\t\t<a target=\"_blank\" class=\"icon-twitter fa fa-twitter\" href=\"http:\/\/twitter.com\/home?status=https:\/\/www.oddmuseum.it\/?p=1563\" title=\"Click to share this post on Twitter\"><\/a>\r\n        \t\t\t\t\t\t\t\t\t\t<a target=\"_blank\" class=\"icon-pinterest fa fa-pinterest\" href=\"http:\/\/pinterest.com\/pin\/create\/button\/?url=https%3A%2F%2Fwww.oddmuseum.it%2F%3Fp%3D1563&media=https:\/\/www.oddmuseum.it\/wp-content\/uploads\/2023\/08\/nuova-timeline_PRODUZIONE-giusta-22-scaled.jpg&description=1899\" title=\"Click to share this post on Pinterest\"><\/a><\/div>\r\n\t\t\t\t\t\t\t\t<\/div>\r\n\t\t\t\t\t\t   <\/div><\/figure><figure class=\"fpg-grid-item\"><img decoding=\"async\" class=\"fpg-thumbs\" src=\"https:\/\/www.oddmuseum.it\/wp-content\/uploads\/2023\/08\/nuova-timeline_PRODUZIONE-giusta-23-800x500.jpg\" alt=\"1901\"><div class=\"ac-container\">\t<h1 class=\"title\">1901<\/h1>\r\n\t\t\t\t\t\t\t\t<div class=\"ac-icon\">\r\n                           \t\t\t<div class=\"line-top\"><\/div>\r\n                            \t\t<div class=\"text\">I Florio allargano il proprio business al di fuori dei confini italiani e la scelta ricade sulla Tunisia, che ha un fiorente settore minerario<\/div>\r\n                            \t\t<div class=\"line-bottom\"><\/div>\r\n\t\t\t\t\t\t\t\t\t<div class=\"ac-social-container\"><a target=\"_blank\" class=\"icon-facebook fa fa-facebook\" href=\"http:\/\/www.facebook.com\/sharer.php?u=https:\/\/www.oddmuseum.it\/?p=1566&amp;t=1901\" title=\"Click to share this post on Facebook\"><\/a>\r\n\t\t\t\t\t\t\t\t\t\t\t\t<a target=\"_blank\" class=\"icon-twitter fa fa-twitter\" href=\"http:\/\/twitter.com\/home?status=https:\/\/www.oddmuseum.it\/?p=1566\" title=\"Click to share this post on Twitter\"><\/a>\r\n        \t\t\t\t\t\t\t\t\t\t<a target=\"_blank\" class=\"icon-pinterest fa fa-pinterest\" href=\"http:\/\/pinterest.com\/pin\/create\/button\/?url=https%3A%2F%2Fwww.oddmuseum.it%2F%3Fp%3D1566&media=https:\/\/www.oddmuseum.it\/wp-content\/uploads\/2023\/08\/nuova-timeline_PRODUZIONE-giusta-23-scaled.jpg&description=1901\" title=\"Click to share this post on Pinterest\"><\/a><\/div>\r\n\t\t\t\t\t\t\t\t<\/div>\r\n\t\t\t\t\t\t   <\/div><\/figure><figure class=\"fpg-grid-item\"><img decoding=\"async\" class=\"fpg-thumbs\" src=\"https:\/\/www.oddmuseum.it\/wp-content\/uploads\/2023\/08\/nuova-timeline_PRODUZIONE-giusta-24-1-800x500.jpg\" alt=\"1902\"><div class=\"ac-container\">\t<h1 class=\"title\">1902<\/h1>\r\n\t\t\t\t\t\t\t\t<div class=\"ac-icon\">\r\n                           \t\t\t<div class=\"line-top\"><\/div>\r\n                            \t\t<div class=\"text\">Altri avvenimenti:<br>\nLa Banca Commerciale Italiana assorbe il Banco Florio a causa della mancata restituzione di un prestito di 8 milioni di lire.<\/div>\r\n                            \t\t<div class=\"line-bottom\"><\/div>\r\n\t\t\t\t\t\t\t\t\t<div class=\"ac-social-container\"><a target=\"_blank\" class=\"icon-facebook fa fa-facebook\" href=\"http:\/\/www.facebook.com\/sharer.php?u=https:\/\/www.oddmuseum.it\/?p=1569&amp;t=1902\" title=\"Click to share this post on Facebook\"><\/a>\r\n\t\t\t\t\t\t\t\t\t\t\t\t<a target=\"_blank\" class=\"icon-twitter fa fa-twitter\" href=\"http:\/\/twitter.com\/home?status=https:\/\/www.oddmuseum.it\/?p=1569\" title=\"Click to share this post on Twitter\"><\/a>\r\n        \t\t\t\t\t\t\t\t\t\t<a target=\"_blank\" class=\"icon-pinterest fa fa-pinterest\" href=\"http:\/\/pinterest.com\/pin\/create\/button\/?url=https%3A%2F%2Fwww.oddmuseum.it%2F%3Fp%3D1569&media=https:\/\/www.oddmuseum.it\/wp-content\/uploads\/2023\/08\/nuova-timeline_PRODUZIONE-giusta-24-1-scaled.jpg&description=1902\" title=\"Click to share this post on Pinterest\"><\/a><\/div>\r\n\t\t\t\t\t\t\t\t<\/div>\r\n\t\t\t\t\t\t   <\/div><\/figure><figure class=\"fpg-grid-item\"><img decoding=\"async\" class=\"fpg-thumbs\" src=\"https:\/\/www.oddmuseum.it\/wp-content\/uploads\/2023\/08\/nuova-timeline_PRODUZIONE-giusta-25-1-800x500.jpg\" alt=\"1903\"><div class=\"ac-container\">\t<h1 class=\"title\">1903<\/h1>\r\n\t\t\t\t\t\t\t\t<div class=\"ac-icon\">\r\n                           \t\t\t<div class=\"line-top\"><\/div>\r\n                            \t\t<div class=\"text\">Il Cantiere Navale diviene operativo con un po\u2019 di ritardo rispetto alla data effettiva del completamento dei lavori di costruzione.<\/div>\r\n                            \t\t<div class=\"line-bottom\"><\/div>\r\n\t\t\t\t\t\t\t\t\t<div class=\"ac-social-container\"><a target=\"_blank\" class=\"icon-facebook fa fa-facebook\" href=\"http:\/\/www.facebook.com\/sharer.php?u=https:\/\/www.oddmuseum.it\/?p=1572&amp;t=1903\" title=\"Click to share this post on Facebook\"><\/a>\r\n\t\t\t\t\t\t\t\t\t\t\t\t<a target=\"_blank\" class=\"icon-twitter fa fa-twitter\" href=\"http:\/\/twitter.com\/home?status=https:\/\/www.oddmuseum.it\/?p=1572\" title=\"Click to share this post on Twitter\"><\/a>\r\n        \t\t\t\t\t\t\t\t\t\t<a target=\"_blank\" class=\"icon-pinterest fa fa-pinterest\" href=\"http:\/\/pinterest.com\/pin\/create\/button\/?url=https%3A%2F%2Fwww.oddmuseum.it%2F%3Fp%3D1572&media=https:\/\/www.oddmuseum.it\/wp-content\/uploads\/2023\/08\/nuova-timeline_PRODUZIONE-giusta-25-1-scaled.jpg&description=1903\" title=\"Click to share this post on Pinterest\"><\/a><\/div>\r\n\t\t\t\t\t\t\t\t<\/div>\r\n\t\t\t\t\t\t   <\/div><\/figure><figure class=\"fpg-grid-item\"><img decoding=\"async\" class=\"fpg-thumbs\" src=\"https:\/\/www.oddmuseum.it\/wp-content\/uploads\/2023\/08\/nuova-timeline_PRODUZIONE-giusta-26-1-800x500.jpg\" alt=\"1904\"><div class=\"ac-container\">\t<h1 class=\"title\">1904<\/h1>\r\n\t\t\t\t\t\t\t\t<div class=\"ac-icon\">\r\n                           \t\t\t<div class=\"line-top\"><\/div>\r\n                            \t\t<div class=\"text\">Altri avvenimenti:<br>\nIgnazio e Vincenzo Florio, insieme ad altri imprenditori marsalesi, fondano la SAVI: Societ\u00e0 Anonima Vinicola Italiana<br>\n<\/div>\r\n                            \t\t<div class=\"line-bottom\"><\/div>\r\n\t\t\t\t\t\t\t\t\t<div class=\"ac-social-container\"><a target=\"_blank\" class=\"icon-facebook fa fa-facebook\" href=\"http:\/\/www.facebook.com\/sharer.php?u=https:\/\/www.oddmuseum.it\/?p=1575&amp;t=1904\" title=\"Click to share this post on Facebook\"><\/a>\r\n\t\t\t\t\t\t\t\t\t\t\t\t<a target=\"_blank\" class=\"icon-twitter fa fa-twitter\" href=\"http:\/\/twitter.com\/home?status=https:\/\/www.oddmuseum.it\/?p=1575\" title=\"Click to share this post on Twitter\"><\/a>\r\n        \t\t\t\t\t\t\t\t\t\t<a target=\"_blank\" class=\"icon-pinterest fa fa-pinterest\" href=\"http:\/\/pinterest.com\/pin\/create\/button\/?url=https%3A%2F%2Fwww.oddmuseum.it%2F%3Fp%3D1575&media=https:\/\/www.oddmuseum.it\/wp-content\/uploads\/2023\/08\/nuova-timeline_PRODUZIONE-giusta-26-1-scaled.jpg&description=1904\" title=\"Click to share this post on Pinterest\"><\/a><\/div>\r\n\t\t\t\t\t\t\t\t<\/div>\r\n\t\t\t\t\t\t   <\/div><\/figure><figure class=\"fpg-grid-item\"><img decoding=\"async\" class=\"fpg-thumbs\" src=\"https:\/\/www.oddmuseum.it\/wp-content\/uploads\/2023\/08\/nuova-timeline_PRODUZIONE-giusta-27-1-800x500.jpg\" alt=\"1905\"><div class=\"ac-container\">\t<h1 class=\"title\">1905<\/h1>\r\n\t\t\t\t\t\t\t\t<div class=\"ac-icon\">\r\n                           \t\t\t<div class=\"line-top\"><\/div>\r\n                            \t\t<div class=\"text\">Altri avvenimenti:<br>\nCrisi della Navigazione Generale Italiana, che determina un declassamento del porto di Palermo e un calo occupazionale della Fonderia Oretea <br><\/div>\r\n                            \t\t<div class=\"line-bottom\"><\/div>\r\n\t\t\t\t\t\t\t\t\t<div class=\"ac-social-container\"><a target=\"_blank\" class=\"icon-facebook fa fa-facebook\" href=\"http:\/\/www.facebook.com\/sharer.php?u=https:\/\/www.oddmuseum.it\/?p=1578&amp;t=1905\" title=\"Click to share this post on Facebook\"><\/a>\r\n\t\t\t\t\t\t\t\t\t\t\t\t<a target=\"_blank\" class=\"icon-twitter fa fa-twitter\" href=\"http:\/\/twitter.com\/home?status=https:\/\/www.oddmuseum.it\/?p=1578\" title=\"Click to share this post on Twitter\"><\/a>\r\n        \t\t\t\t\t\t\t\t\t\t<a target=\"_blank\" class=\"icon-pinterest fa fa-pinterest\" href=\"http:\/\/pinterest.com\/pin\/create\/button\/?url=https%3A%2F%2Fwww.oddmuseum.it%2F%3Fp%3D1578&media=https:\/\/www.oddmuseum.it\/wp-content\/uploads\/2023\/08\/nuova-timeline_PRODUZIONE-giusta-27-1-scaled.jpg&description=1905\" title=\"Click to share this post on Pinterest\"><\/a><\/div>\r\n\t\t\t\t\t\t\t\t<\/div>\r\n\t\t\t\t\t\t   <\/div><\/figure><figure class=\"fpg-grid-item\"><img decoding=\"async\" class=\"fpg-thumbs\" src=\"https:\/\/www.oddmuseum.it\/wp-content\/uploads\/2023\/08\/nuova-timeline_PRODUZIONE-giusta-28-1-800x500.jpg\" alt=\"1906\"><div class=\"ac-container\">\t<h1 class=\"title\">1906<\/h1>\r\n\t\t\t\t\t\t\t\t<div class=\"ac-icon\">\r\n                           \t\t\t<div class=\"line-top\"><\/div>\r\n                            \t\t<div class=\"text\">La Anglo Sicilian Sulphur Company \u00e8 la prima tra le societ\u00e0 dei Florio a sciogliersi definitivamente.\n<\/div>\r\n                            \t\t<div class=\"line-bottom\"><\/div>\r\n\t\t\t\t\t\t\t\t\t<div class=\"ac-social-container\"><a target=\"_blank\" class=\"icon-facebook fa fa-facebook\" href=\"http:\/\/www.facebook.com\/sharer.php?u=https:\/\/www.oddmuseum.it\/?p=1581&amp;t=1906\" title=\"Click to share this post on Facebook\"><\/a>\r\n\t\t\t\t\t\t\t\t\t\t\t\t<a target=\"_blank\" class=\"icon-twitter fa fa-twitter\" href=\"http:\/\/twitter.com\/home?status=https:\/\/www.oddmuseum.it\/?p=1581\" title=\"Click to share this post on Twitter\"><\/a>\r\n        \t\t\t\t\t\t\t\t\t\t<a target=\"_blank\" class=\"icon-pinterest fa fa-pinterest\" href=\"http:\/\/pinterest.com\/pin\/create\/button\/?url=https%3A%2F%2Fwww.oddmuseum.it%2F%3Fp%3D1581&media=https:\/\/www.oddmuseum.it\/wp-content\/uploads\/2023\/08\/nuova-timeline_PRODUZIONE-giusta-28-1-scaled.jpg&description=1906\" title=\"Click to share this post on Pinterest\"><\/a><\/div>\r\n\t\t\t\t\t\t\t\t<\/div>\r\n\t\t\t\t\t\t   <\/div><\/figure><figure class=\"fpg-grid-item\"><img decoding=\"async\" class=\"fpg-thumbs\" src=\"https:\/\/www.oddmuseum.it\/wp-content\/uploads\/2023\/08\/nuova-timeline_PRODUZIONE-giusta-29-1-800x500.jpg\" alt=\"1907\"><div class=\"ac-container\">\t<h1 class=\"title\">1907<\/h1>\r\n\t\t\t\t\t\t\t\t<div class=\"ac-icon\">\r\n                           \t\t\t<div class=\"line-top\"><\/div>\r\n                            \t\t<div class=\"text\">Altri avvenimenti: <br>\nLa Fabbrica Ducrot si quota in borsa. La sede legale dell\u2019azienda si trasferisce a Milano, dove apre anche un negozio, cui ne seguiranno altri a Roma e a Napoli.\n<\/div>\r\n                            \t\t<div class=\"line-bottom\"><\/div>\r\n\t\t\t\t\t\t\t\t\t<div class=\"ac-social-container\"><a target=\"_blank\" class=\"icon-facebook fa fa-facebook\" href=\"http:\/\/www.facebook.com\/sharer.php?u=https:\/\/www.oddmuseum.it\/?p=1586&amp;t=1907\" title=\"Click to share this post on Facebook\"><\/a>\r\n\t\t\t\t\t\t\t\t\t\t\t\t<a target=\"_blank\" class=\"icon-twitter fa fa-twitter\" href=\"http:\/\/twitter.com\/home?status=https:\/\/www.oddmuseum.it\/?p=1586\" title=\"Click to share this post on Twitter\"><\/a>\r\n        \t\t\t\t\t\t\t\t\t\t<a target=\"_blank\" class=\"icon-pinterest fa fa-pinterest\" href=\"http:\/\/pinterest.com\/pin\/create\/button\/?url=https%3A%2F%2Fwww.oddmuseum.it%2F%3Fp%3D1586&media=https:\/\/www.oddmuseum.it\/wp-content\/uploads\/2023\/08\/nuova-timeline_PRODUZIONE-giusta-29-1-scaled.jpg&description=1907\" title=\"Click to share this post on Pinterest\"><\/a><\/div>\r\n\t\t\t\t\t\t\t\t<\/div>\r\n\t\t\t\t\t\t   <\/div><\/figure><figure class=\"fpg-grid-item\"><img decoding=\"async\" class=\"fpg-thumbs\" src=\"https:\/\/www.oddmuseum.it\/wp-content\/uploads\/2023\/08\/nuova-timeline_PRODUZIONE-giusta-30-1-800x500.jpg\" alt=\"1909\"><div class=\"ac-container\">\t<h1 class=\"title\">1909<\/h1>\r\n\t\t\t\t\t\t\t\t<div class=\"ac-icon\">\r\n                           \t\t\t<div class=\"line-top\"><\/div>\r\n                            \t\t<div class=\"text\">La Ferriera Ercta \u00e8 una fiorente industria metallurgica che sorge su un\u2019area di 54mila mq nei pressi di via Dante e impiega circa 400 unit\u00e0.<\/div>\r\n                            \t\t<div class=\"line-bottom\"><\/div>\r\n\t\t\t\t\t\t\t\t\t<div class=\"ac-social-container\"><a target=\"_blank\" class=\"icon-facebook fa fa-facebook\" href=\"http:\/\/www.facebook.com\/sharer.php?u=https:\/\/www.oddmuseum.it\/?p=1584&amp;t=1909\" title=\"Click to share this post on Facebook\"><\/a>\r\n\t\t\t\t\t\t\t\t\t\t\t\t<a target=\"_blank\" class=\"icon-twitter fa fa-twitter\" href=\"http:\/\/twitter.com\/home?status=https:\/\/www.oddmuseum.it\/?p=1584\" title=\"Click to share this post on Twitter\"><\/a>\r\n        \t\t\t\t\t\t\t\t\t\t<a target=\"_blank\" class=\"icon-pinterest fa fa-pinterest\" href=\"http:\/\/pinterest.com\/pin\/create\/button\/?url=https%3A%2F%2Fwww.oddmuseum.it%2F%3Fp%3D1584&media=https:\/\/www.oddmuseum.it\/wp-content\/uploads\/2023\/08\/nuova-timeline_PRODUZIONE-giusta-30-1-scaled.jpg&description=1909\" title=\"Click to share this post on Pinterest\"><\/a><\/div>\r\n\t\t\t\t\t\t\t\t<\/div>\r\n\t\t\t\t\t\t   <\/div><\/figure><figure class=\"fpg-grid-item\"><img decoding=\"async\" class=\"fpg-thumbs\" src=\"https:\/\/www.oddmuseum.it\/wp-content\/uploads\/2023\/08\/nuova-timeline_PRODUZIONE-giusta-31-1-800x500.jpg\" alt=\"1910\"><div class=\"ac-container\">\t<h1 class=\"title\">1910<\/h1>\r\n\t\t\t\t\t\t\t\t<div class=\"ac-icon\">\r\n                           \t\t\t<div class=\"line-top\"><\/div>\r\n                            \t\t<div class=\"text\">Altri avvenimenti: <br>\nIl mercato delle conserve alimentari siciliano cresce in seguito ai fenomeni migratori: in circa 10 anni decuplica la sua produzione.<\/div>\r\n                            \t\t<div class=\"line-bottom\"><\/div>\r\n\t\t\t\t\t\t\t\t\t<div class=\"ac-social-container\"><a target=\"_blank\" class=\"icon-facebook fa fa-facebook\" href=\"http:\/\/www.facebook.com\/sharer.php?u=https:\/\/www.oddmuseum.it\/?p=1591&amp;t=1910\" title=\"Click to share this post on Facebook\"><\/a>\r\n\t\t\t\t\t\t\t\t\t\t\t\t<a target=\"_blank\" class=\"icon-twitter fa fa-twitter\" href=\"http:\/\/twitter.com\/home?status=https:\/\/www.oddmuseum.it\/?p=1591\" title=\"Click to share this post on Twitter\"><\/a>\r\n        \t\t\t\t\t\t\t\t\t\t<a target=\"_blank\" class=\"icon-pinterest fa fa-pinterest\" href=\"http:\/\/pinterest.com\/pin\/create\/button\/?url=https%3A%2F%2Fwww.oddmuseum.it%2F%3Fp%3D1591&media=https:\/\/www.oddmuseum.it\/wp-content\/uploads\/2023\/08\/nuova-timeline_PRODUZIONE-giusta-31-1-scaled.jpg&description=1910\" title=\"Click to share this post on Pinterest\"><\/a><\/div>\r\n\t\t\t\t\t\t\t\t<\/div>\r\n\t\t\t\t\t\t   <\/div><\/figure><figure class=\"fpg-grid-item\"><img decoding=\"async\" class=\"fpg-thumbs\" src=\"https:\/\/www.oddmuseum.it\/wp-content\/uploads\/2023\/08\/nuova-timeline_PRODUZIONE-giusta-32-1-800x500.jpg\" alt=\"1911\"><div class=\"ac-container\">\t<h1 class=\"title\">1911<\/h1>\r\n\t\t\t\t\t\t\t\t<div class=\"ac-icon\">\r\n                           \t\t\t<div class=\"line-top\"><\/div>\r\n                            \t\t<div class=\"text\">Cessione della Fonderia Oretea ai Cantieri Navali di Genova. Scomparir\u00e0 progressivamente, sia come polo di sviluppo industriale che da Palermo, a causa delle trasformazioni del tessuto urbano<\/div>\r\n                            \t\t<div class=\"line-bottom\"><\/div>\r\n\t\t\t\t\t\t\t\t\t<div class=\"ac-social-container\"><a target=\"_blank\" class=\"icon-facebook fa fa-facebook\" href=\"http:\/\/www.facebook.com\/sharer.php?u=https:\/\/www.oddmuseum.it\/?p=1594&amp;t=1911\" title=\"Click to share this post on Facebook\"><\/a>\r\n\t\t\t\t\t\t\t\t\t\t\t\t<a target=\"_blank\" class=\"icon-twitter fa fa-twitter\" href=\"http:\/\/twitter.com\/home?status=https:\/\/www.oddmuseum.it\/?p=1594\" title=\"Click to share this post on Twitter\"><\/a>\r\n        \t\t\t\t\t\t\t\t\t\t<a target=\"_blank\" class=\"icon-pinterest fa fa-pinterest\" href=\"http:\/\/pinterest.com\/pin\/create\/button\/?url=https%3A%2F%2Fwww.oddmuseum.it%2F%3Fp%3D1594&media=https:\/\/www.oddmuseum.it\/wp-content\/uploads\/2023\/08\/nuova-timeline_PRODUZIONE-giusta-32-1-scaled.jpg&description=1911\" title=\"Click to share this post on Pinterest\"><\/a><\/div>\r\n\t\t\t\t\t\t\t\t<\/div>\r\n\t\t\t\t\t\t   <\/div><\/figure><figure class=\"fpg-grid-item\"><img decoding=\"async\" class=\"fpg-thumbs\" src=\"https:\/\/www.oddmuseum.it\/wp-content\/uploads\/2023\/08\/nuova-timeline_PRODUZIONE-giusta-33-1-800x500.jpg\" alt=\"1912\"><div class=\"ac-container\">\t<h1 class=\"title\">1912<\/h1>\r\n\t\t\t\t\t\t\t\t<div class=\"ac-icon\">\r\n                           \t\t\t<div class=\"line-top\"><\/div>\r\n                            \t\t<div class=\"text\">Tuttavia il Consorzio Florio-Ingham Whitaker non si realizzer\u00e0 concretamente fino al 1929.\n<\/div>\r\n                            \t\t<div class=\"line-bottom\"><\/div>\r\n\t\t\t\t\t\t\t\t\t<div class=\"ac-social-container\"><a target=\"_blank\" class=\"icon-facebook fa fa-facebook\" href=\"http:\/\/www.facebook.com\/sharer.php?u=https:\/\/www.oddmuseum.it\/?p=1597&amp;t=1912\" title=\"Click to share this post on Facebook\"><\/a>\r\n\t\t\t\t\t\t\t\t\t\t\t\t<a target=\"_blank\" class=\"icon-twitter fa fa-twitter\" href=\"http:\/\/twitter.com\/home?status=https:\/\/www.oddmuseum.it\/?p=1597\" title=\"Click to share this post on Twitter\"><\/a>\r\n        \t\t\t\t\t\t\t\t\t\t<a target=\"_blank\" class=\"icon-pinterest fa fa-pinterest\" href=\"http:\/\/pinterest.com\/pin\/create\/button\/?url=https%3A%2F%2Fwww.oddmuseum.it%2F%3Fp%3D1597&media=https:\/\/www.oddmuseum.it\/wp-content\/uploads\/2023\/08\/nuova-timeline_PRODUZIONE-giusta-33-1-scaled.jpg&description=1912\" title=\"Click to share this post on Pinterest\"><\/a><\/div>\r\n\t\t\t\t\t\t\t\t<\/div>\r\n\t\t\t\t\t\t   <\/div><\/figure><figure class=\"fpg-grid-item\"><img decoding=\"async\" class=\"fpg-thumbs\" src=\"https:\/\/www.oddmuseum.it\/wp-content\/uploads\/2023\/08\/nuova-timeline_PRODUZIONE-giusta-34-1-800x500.jpg\" alt=\"1913\"><div class=\"ac-container\">\t<h1 class=\"title\">1913<\/h1>\r\n\t\t\t\t\t\t\t\t<div class=\"ac-icon\">\r\n                           \t\t\t<div class=\"line-top\"><\/div>\r\n                            \t\t<div class=\"text\">La Chimica Arenella diventer\u00e0 la maggiore produttrice di acido citrico in Europa. Dopo la seconda guerra mondiale inizier\u00e0 il suo declino, fino a chiudere definitivamente nel 1987.<\/div>\r\n                            \t\t<div class=\"line-bottom\"><\/div>\r\n\t\t\t\t\t\t\t\t\t<div class=\"ac-social-container\"><a target=\"_blank\" class=\"icon-facebook fa fa-facebook\" href=\"http:\/\/www.facebook.com\/sharer.php?u=https:\/\/www.oddmuseum.it\/?p=1602&amp;t=1913\" title=\"Click to share this post on Facebook\"><\/a>\r\n\t\t\t\t\t\t\t\t\t\t\t\t<a target=\"_blank\" class=\"icon-twitter fa fa-twitter\" href=\"http:\/\/twitter.com\/home?status=https:\/\/www.oddmuseum.it\/?p=1602\" title=\"Click to share this post on Twitter\"><\/a>\r\n        \t\t\t\t\t\t\t\t\t\t<a target=\"_blank\" class=\"icon-pinterest fa fa-pinterest\" href=\"http:\/\/pinterest.com\/pin\/create\/button\/?url=https%3A%2F%2Fwww.oddmuseum.it%2F%3Fp%3D1602&media=https:\/\/www.oddmuseum.it\/wp-content\/uploads\/2023\/08\/nuova-timeline_PRODUZIONE-giusta-34-1-scaled.jpg&description=1913\" title=\"Click to share this post on Pinterest\"><\/a><\/div>\r\n\t\t\t\t\t\t\t\t<\/div>\r\n\t\t\t\t\t\t   <\/div><\/figure><\/div><\/div>\t\t<\/div>\n\t\t\t\t<\/div>\n\t\t\t\t<\/div>\n\t\t<div class=\"elementor-element elementor-element-d465d92 e-con-full wd-section-stretch e-flex e-con\" data-id=\"d465d92\" data-element_type=\"container\" data-settings=\"{&quot;content_width&quot;:&quot;full&quot;,&quot;background_background&quot;:&quot;classic&quot;}\">\n\t\t\t\t<div class=\"elementor-element elementor-element-4d3b6e8 elementor-widget elementor-widget-heading\" data-id=\"4d3b6e8\" data-element_type=\"widget\" data-widget_type=\"heading.default\">\n\t\t\t\t<div class=\"elementor-widget-container\">\n\t\t\t<h2 class=\"elementor-heading-title elementor-size-default\">COSTUME <\/h2>\t\t<\/div>\n\t\t\t\t<\/div>\n\t\t\t\t<\/div>\n\t\t<div class=\"elementor-element elementor-element-b79d7cd e-con-full wd-section-stretch e-flex e-con\" data-id=\"b79d7cd\" data-element_type=\"container\" data-settings=\"{&quot;content_width&quot;:&quot;full&quot;,&quot;background_background&quot;:&quot;classic&quot;}\">\n\t\t\t\t<div class=\"elementor-element elementor-element-4066f06 elementor-widget elementor-widget-fpg-carousel\" data-id=\"4066f06\" data-element_type=\"widget\" data-widget_type=\"fpg-carousel.default\">\n\t\t\t\t<div class=\"elementor-widget-container\">\n\t\t\t<div class=\"clearfix\"><\/div><style type=\"text\/css\">.fpg-general-container.fpg-container-number-4 {\n\t\t\t\tfont-family:;\n\t\t\t}\n\t\t\t.fpg-grid.fpg-4 h1 {\n\t\t\t\tfont-size:px;\n\t\t\t}\n\t\t\t.fpg-grid.fpg-4 p, .fpg-grid.fpg-4 .fpg-read-more,\n\t\t\t.fpg-container-portfolio,\n\t\t\t.fpg-header-container\n\t\t\t {\n\t\t\t\tfont-size:px;\n\t\t\t}.fpg-container-number-4 .fpg-pagination span {\n\t\t\t\tcolor:#FFFFFF;\n\t\t\t}\n\t\t\t.fpg-container-number-4 .fpg-pagination a {\n\t\t\t\tcolor:#FFFFFF;\t\n\t\t\t}\n\t\t\t.fpg-container-number-4 .fpg-pagination a:hover {\n\t\t\t\tcolor:#FFFFFF;\t\n\t\t\t}.fpg-container-number-4.sangiovanni .fpg-grid-item .ac-container {\n\t\t\t\tbackground:#FDC300;\t\n\t\t\t}\n\t\t\t.fpg-container-number-4.sangiovanni .fpg-grid-item .title {\n\t\t\t\tcolor:#FFFFFF;\n\t\t\t}\n\t\t\t.fpg-container-number-4.sangiovanni .fpg-grid-item .ac-icon a,\n\t\t\t.fpg-container-number-4.sangiovanni .owl-theme .owl-controls .owl-dots  span {\n\t\t\t\tborder-color:#747474;\n\t\t\t}\n\t\t\t.fpg-container-number-4.sangiovanni .fpg-grid-item .ac-icon a {\n\t\t\t\tcolor:#FFFFFF;\n\t\t\t}\n\t\t\t.fpg-container-number-4.sangiovanni .fpg-grid-item .ac-icon a:hover {\n\t\t\t\tcolor:#FFFFFF;\n\t\t\t\tborder-color:#FFFFFF;\n\t\t\t}\n\t\t\t.fpg-container-number-4.sangiovanni .owl-next,\n\t\t\t.fpg-container-number-4.sangiovanni .owl-prev {\n\t\t\t\tcolor:#FFFFFF!important;\n\t\t\t}\n\t\t\t.fpg-container-number-4.sangiovanni .owl-next:hover,\n\t\t\t.fpg-container-number-4.sangiovanni .owl-prev:hover {\n\t\t\t\tcolor:#FFFFFF;\n\t\t\t}\n\t\t\t.fpg-container-number-4.sangiovanni .fpg-grid-item .text {\n\t\t\t\tfont-size:px;\n\t\t\t}\n\t\t\t<\/style><div class=\"fpg-general-container fpg-container-number-4 sangiovanni\"><div \r\n\t\t\t\t\t\t\tdata-fpg-carousel-owl-items=\"2\" \r\n\t\t\t\t\t\t\tdata-fpg-carousel-owl-items-900=\"2\" \r\n\t\t\t\t\t\t\tdata-fpg-carousel-owl-items-600=\"2\" \r\n\t\t\t\t\t\t\tdata-fpg-carousel-owl-loop=\"true\" \r\n\t\t\t\t\t\t\tdata-fpg-carousel-owl-autoplay=\"3000\" \r\n\t\t\t\t\t\t\tdata-fpg-carousel-owl-smart-speed=\"3000\" \r\n\t\t\t\t\t\t\tdata-fpg-carousel-owl-navigation=\"true\" \r\n\t\t\t\t\t\t\tdata-fpg-carousel-owl-pagination=\"false\" \r\n\t\t\t\t\t\t\tdata-fpg-carousel-owl-margin=\"10\" \r\n\t\t\t\t\t\t\tdata-fpg-carousel-owl-rtl=\"false\"\t\r\n\t\tclass=\"fpg-container fpg-type-carousel grid-columns-1 fpg-grid fpg-icon  fpg-4 sangiovanni wpfpg_grid \"><figure class=\"fpg-grid-item\"><img decoding=\"async\" class=\"fpg-thumbs\" src=\"https:\/\/www.oddmuseum.it\/wp-content\/uploads\/2023\/07\/1870-800x500.jpg\" alt=\"1870\"><div class=\"ac-container\">\t<h1 class=\"title\">1870<\/h1>\r\n\t\t\t\t\t\t\t\t<div class=\"ac-icon\">\r\n                           \t\t\t<div class=\"line-top\"><\/div>\r\n                            \t\t<div class=\"text\">Giulia Florio \u00e8 la terza figlia di Ignazio e Giovanna Florio. Diventa principessa di Trabia a circa 15 anni grazie al matrimonio con Pietro Lanza Branciforte.<\/div>\r\n                            \t\t<div class=\"line-bottom\"><\/div>\r\n\t\t\t\t\t\t\t\t\t<div class=\"ac-social-container\"><a target=\"_blank\" class=\"icon-facebook fa fa-facebook\" href=\"http:\/\/www.facebook.com\/sharer.php?u=https:\/\/www.oddmuseum.it\/?p=948&amp;t=1870\" title=\"Click to share this post on Facebook\"><\/a>\r\n\t\t\t\t\t\t\t\t\t\t\t\t<a target=\"_blank\" class=\"icon-twitter fa fa-twitter\" href=\"http:\/\/twitter.com\/home?status=https:\/\/www.oddmuseum.it\/?p=948\" title=\"Click to share this post on Twitter\"><\/a>\r\n        \t\t\t\t\t\t\t\t\t\t<a target=\"_blank\" class=\"icon-pinterest fa fa-pinterest\" href=\"http:\/\/pinterest.com\/pin\/create\/button\/?url=https%3A%2F%2Fwww.oddmuseum.it%2F%3Fp%3D948&media=https:\/\/www.oddmuseum.it\/wp-content\/uploads\/2023\/07\/1870-scaled.jpg&description=1870\" title=\"Click to share this post on Pinterest\"><\/a><\/div>\r\n\t\t\t\t\t\t\t\t<\/div>\r\n\t\t\t\t\t\t   <\/div><\/figure><figure class=\"fpg-grid-item\"><img decoding=\"async\" class=\"fpg-thumbs\" src=\"https:\/\/www.oddmuseum.it\/wp-content\/uploads\/2023\/07\/1873_CS-800x500.jpg\" alt=\"1873\"><div class=\"ac-container\">\t<h1 class=\"title\">1873<\/h1>\r\n\t\t\t\t\t\t\t\t<div class=\"ac-icon\">\r\n                           \t\t\t<div class=\"line-top\"><\/div>\r\n                            \t\t<div class=\"text\">Nata Francesca Paola Jacona della Motta di Sangiuliano, \u00e8 una socialite palermitana nonch\u00e9 moglie di Ignazio Florio Jr.<\/div>\r\n                            \t\t<div class=\"line-bottom\"><\/div>\r\n\t\t\t\t\t\t\t\t\t<div class=\"ac-social-container\"><a target=\"_blank\" class=\"icon-facebook fa fa-facebook\" href=\"http:\/\/www.facebook.com\/sharer.php?u=https:\/\/www.oddmuseum.it\/?p=1110&amp;t=1873\" title=\"Click to share this post on Facebook\"><\/a>\r\n\t\t\t\t\t\t\t\t\t\t\t\t<a target=\"_blank\" class=\"icon-twitter fa fa-twitter\" href=\"http:\/\/twitter.com\/home?status=https:\/\/www.oddmuseum.it\/?p=1110\" title=\"Click to share this post on Twitter\"><\/a>\r\n        \t\t\t\t\t\t\t\t\t\t<a target=\"_blank\" class=\"icon-pinterest fa fa-pinterest\" href=\"http:\/\/pinterest.com\/pin\/create\/button\/?url=https%3A%2F%2Fwww.oddmuseum.it%2F%3Fp%3D1110&media=https:\/\/www.oddmuseum.it\/wp-content\/uploads\/2023\/07\/1873_CS-scaled.jpg&description=1873\" title=\"Click to share this post on Pinterest\"><\/a><\/div>\r\n\t\t\t\t\t\t\t\t<\/div>\r\n\t\t\t\t\t\t   <\/div><\/figure><figure class=\"fpg-grid-item\"><img decoding=\"async\" class=\"fpg-thumbs\" src=\"https:\/\/www.oddmuseum.it\/wp-content\/uploads\/2023\/07\/1874-800x500.jpg\" alt=\"1874\"><div class=\"ac-container\">\t<h1 class=\"title\">1874<\/h1>\r\n\t\t\t\t\t\t\t\t<div class=\"ac-icon\">\r\n                           \t\t\t<div class=\"line-top\"><\/div>\r\n                            \t\t<div class=\"text\">L\u2019inaugurazione avviene il 7 giugno, mentre ancora \u00e8 incompleto, con \u201cI Capuleti e i Montecchi\u201d di Vincenzo Bellini.\n<\/div>\r\n                            \t\t<div class=\"line-bottom\"><\/div>\r\n\t\t\t\t\t\t\t\t\t<div class=\"ac-social-container\"><a target=\"_blank\" class=\"icon-facebook fa fa-facebook\" href=\"http:\/\/www.facebook.com\/sharer.php?u=https:\/\/www.oddmuseum.it\/?p=951&amp;t=1874\" title=\"Click to share this post on Facebook\"><\/a>\r\n\t\t\t\t\t\t\t\t\t\t\t\t<a target=\"_blank\" class=\"icon-twitter fa fa-twitter\" href=\"http:\/\/twitter.com\/home?status=https:\/\/www.oddmuseum.it\/?p=951\" title=\"Click to share this post on Twitter\"><\/a>\r\n        \t\t\t\t\t\t\t\t\t\t<a target=\"_blank\" class=\"icon-pinterest fa fa-pinterest\" href=\"http:\/\/pinterest.com\/pin\/create\/button\/?url=https%3A%2F%2Fwww.oddmuseum.it%2F%3Fp%3D951&media=https:\/\/www.oddmuseum.it\/wp-content\/uploads\/2023\/07\/1874-scaled.jpg&description=1874\" title=\"Click to share this post on Pinterest\"><\/a><\/div>\r\n\t\t\t\t\t\t\t\t<\/div>\r\n\t\t\t\t\t\t   <\/div><\/figure><figure class=\"fpg-grid-item\"><img decoding=\"async\" class=\"fpg-thumbs\" src=\"https:\/\/www.oddmuseum.it\/wp-content\/uploads\/2023\/08\/1881-800x500.jpg\" alt=\"1881\"><div class=\"ac-container\">\t<h1 class=\"title\">1881<\/h1>\r\n\t\t\t\t\t\t\t\t<div class=\"ac-icon\">\r\n                           \t\t\t<div class=\"line-top\"><\/div>\r\n                            \t\t<div class=\"text\">Richard Wagner, la moglie Cosima e i tre figli alloggiano al \u201cGrand Hotel et des Palmes\u201d, dove spesso si trovano in compagnia dell\u2019alta societ\u00e0 palermitana<\/div>\r\n                            \t\t<div class=\"line-bottom\"><\/div>\r\n\t\t\t\t\t\t\t\t\t<div class=\"ac-social-container\"><a target=\"_blank\" class=\"icon-facebook fa fa-facebook\" href=\"http:\/\/www.facebook.com\/sharer.php?u=https:\/\/www.oddmuseum.it\/?p=1466&amp;t=1881\" title=\"Click to share this post on Facebook\"><\/a>\r\n\t\t\t\t\t\t\t\t\t\t\t\t<a target=\"_blank\" class=\"icon-twitter fa fa-twitter\" href=\"http:\/\/twitter.com\/home?status=https:\/\/www.oddmuseum.it\/?p=1466\" title=\"Click to share this post on Twitter\"><\/a>\r\n        \t\t\t\t\t\t\t\t\t\t<a target=\"_blank\" class=\"icon-pinterest fa fa-pinterest\" href=\"http:\/\/pinterest.com\/pin\/create\/button\/?url=https%3A%2F%2Fwww.oddmuseum.it%2F%3Fp%3D1466&media=https:\/\/www.oddmuseum.it\/wp-content\/uploads\/2023\/08\/1881-scaled.jpg&description=1881\" title=\"Click to share this post on Pinterest\"><\/a><\/div>\r\n\t\t\t\t\t\t\t\t<\/div>\r\n\t\t\t\t\t\t   <\/div><\/figure><figure class=\"fpg-grid-item\"><img decoding=\"async\" class=\"fpg-thumbs\" src=\"https:\/\/www.oddmuseum.it\/wp-content\/uploads\/2023\/08\/1882-800x500.jpg\" alt=\"1882\"><div class=\"ac-container\">\t<h1 class=\"title\">1882<\/h1>\r\n\t\t\t\t\t\t\t\t<div class=\"ac-icon\">\r\n                           \t\t\t<div class=\"line-top\"><\/div>\r\n                            \t\t<div class=\"text\">Tra i protagonisti della Belle \u00c9poque palermitana, hanno contribuito alla diffusione delle attivit\u00e0 sportive-soprattutto calcio e tennis-in citt\u00e0.\n<\/div>\r\n                            \t\t<div class=\"line-bottom\"><\/div>\r\n\t\t\t\t\t\t\t\t\t<div class=\"ac-social-container\"><a target=\"_blank\" class=\"icon-facebook fa fa-facebook\" href=\"http:\/\/www.facebook.com\/sharer.php?u=https:\/\/www.oddmuseum.it\/?p=1470&amp;t=1882\" title=\"Click to share this post on Facebook\"><\/a>\r\n\t\t\t\t\t\t\t\t\t\t\t\t<a target=\"_blank\" class=\"icon-twitter fa fa-twitter\" href=\"http:\/\/twitter.com\/home?status=https:\/\/www.oddmuseum.it\/?p=1470\" title=\"Click to share this post on Twitter\"><\/a>\r\n        \t\t\t\t\t\t\t\t\t\t<a target=\"_blank\" class=\"icon-pinterest fa fa-pinterest\" href=\"http:\/\/pinterest.com\/pin\/create\/button\/?url=https%3A%2F%2Fwww.oddmuseum.it%2F%3Fp%3D1470&media=https:\/\/www.oddmuseum.it\/wp-content\/uploads\/2023\/08\/1882-scaled.jpg&description=1882\" title=\"Click to share this post on Pinterest\"><\/a><\/div>\r\n\t\t\t\t\t\t\t\t<\/div>\r\n\t\t\t\t\t\t   <\/div><\/figure><figure class=\"fpg-grid-item\"><img decoding=\"async\" class=\"fpg-thumbs\" src=\"https:\/\/www.oddmuseum.it\/wp-content\/uploads\/2023\/07\/1883_CS-800x500.jpg\" alt=\"1883\"><div class=\"ac-container\">\t<h1 class=\"title\">1883<\/h1>\r\n\t\t\t\t\t\t\t\t<div class=\"ac-icon\">\r\n                           \t\t\t<div class=\"line-top\"><\/div>\r\n                            \t\t<div class=\"text\">Vincenzo Florio Jr \u00e8 il quarto figlio di Ignazio e Giovanna Florio.<br>\nAltri avvenimenti:<br>\n- Nomina di Ignazio Florio Sr. a senatore del Regno d\u2019Italia.<\/div>\r\n                            \t\t<div class=\"line-bottom\"><\/div>\r\n\t\t\t\t\t\t\t\t\t<div class=\"ac-social-container\"><a target=\"_blank\" class=\"icon-facebook fa fa-facebook\" href=\"http:\/\/www.facebook.com\/sharer.php?u=https:\/\/www.oddmuseum.it\/?p=954&amp;t=1883\" title=\"Click to share this post on Facebook\"><\/a>\r\n\t\t\t\t\t\t\t\t\t\t\t\t<a target=\"_blank\" class=\"icon-twitter fa fa-twitter\" href=\"http:\/\/twitter.com\/home?status=https:\/\/www.oddmuseum.it\/?p=954\" title=\"Click to share this post on Twitter\"><\/a>\r\n        \t\t\t\t\t\t\t\t\t\t<a target=\"_blank\" class=\"icon-pinterest fa fa-pinterest\" href=\"http:\/\/pinterest.com\/pin\/create\/button\/?url=https%3A%2F%2Fwww.oddmuseum.it%2F%3Fp%3D954&media=https:\/\/www.oddmuseum.it\/wp-content\/uploads\/2023\/07\/1883_CS-scaled.jpg&description=1883\" title=\"Click to share this post on Pinterest\"><\/a><\/div>\r\n\t\t\t\t\t\t\t\t<\/div>\r\n\t\t\t\t\t\t   <\/div><\/figure><figure class=\"fpg-grid-item\"><img decoding=\"async\" class=\"fpg-thumbs\" src=\"https:\/\/www.oddmuseum.it\/wp-content\/uploads\/2023\/07\/1884-1-800x500.jpg\" alt=\"1884\"><div class=\"ac-container\">\t<h1 class=\"title\">1884<\/h1>\r\n\t\t\t\t\t\t\t\t<div class=\"ac-icon\">\r\n                           \t\t\t<div class=\"line-top\"><\/div>\r\n                            \t\t<div class=\"text\">Joseph \u00e8 il capostipite dei Whitaker palermitani. Dei suoi 12 figli, soltanto 3 decidono di rimanere in Sicilia e dare continuit\u00e0 agli affari: \u201cPip\u201d, Robert e Joshua.<\/div>\r\n                            \t\t<div class=\"line-bottom\"><\/div>\r\n\t\t\t\t\t\t\t\t\t<div class=\"ac-social-container\"><a target=\"_blank\" class=\"icon-facebook fa fa-facebook\" href=\"http:\/\/www.facebook.com\/sharer.php?u=https:\/\/www.oddmuseum.it\/?p=1473&amp;t=1884\" title=\"Click to share this post on Facebook\"><\/a>\r\n\t\t\t\t\t\t\t\t\t\t\t\t<a target=\"_blank\" class=\"icon-twitter fa fa-twitter\" href=\"http:\/\/twitter.com\/home?status=https:\/\/www.oddmuseum.it\/?p=1473\" title=\"Click to share this post on Twitter\"><\/a>\r\n        \t\t\t\t\t\t\t\t\t\t<a target=\"_blank\" class=\"icon-pinterest fa fa-pinterest\" href=\"http:\/\/pinterest.com\/pin\/create\/button\/?url=https%3A%2F%2Fwww.oddmuseum.it%2F%3Fp%3D1473&media=https:\/\/www.oddmuseum.it\/wp-content\/uploads\/2023\/07\/1884-1-scaled.jpg&description=1884\" title=\"Click to share this post on Pinterest\"><\/a><\/div>\r\n\t\t\t\t\t\t\t\t<\/div>\r\n\t\t\t\t\t\t   <\/div><\/figure><figure class=\"fpg-grid-item\"><img decoding=\"async\" class=\"fpg-thumbs\" src=\"https:\/\/www.oddmuseum.it\/wp-content\/uploads\/2023\/07\/1887-800x500.jpg\" alt=\"1887\"><div class=\"ac-container\">\t<h1 class=\"title\">1887<\/h1>\r\n\t\t\t\t\t\t\t\t<div class=\"ac-icon\">\r\n                           \t\t\t<div class=\"line-top\"><\/div>\r\n                            \t\t<div class=\"text\">Francesco Crispi \u00e8 stato il primo meridionale a diventare presidente del Consiglio e i suoi governi si sono distinti per le riforme sociali, ma anche per la lotta ai socialisti e agli anarchici.<\/div>\r\n                            \t\t<div class=\"line-bottom\"><\/div>\r\n\t\t\t\t\t\t\t\t\t<div class=\"ac-social-container\"><a target=\"_blank\" class=\"icon-facebook fa fa-facebook\" href=\"http:\/\/www.facebook.com\/sharer.php?u=https:\/\/www.oddmuseum.it\/?p=963&amp;t=1887\" title=\"Click to share this post on Facebook\"><\/a>\r\n\t\t\t\t\t\t\t\t\t\t\t\t<a target=\"_blank\" class=\"icon-twitter fa fa-twitter\" href=\"http:\/\/twitter.com\/home?status=https:\/\/www.oddmuseum.it\/?p=963\" title=\"Click to share this post on Twitter\"><\/a>\r\n        \t\t\t\t\t\t\t\t\t\t<a target=\"_blank\" class=\"icon-pinterest fa fa-pinterest\" href=\"http:\/\/pinterest.com\/pin\/create\/button\/?url=https%3A%2F%2Fwww.oddmuseum.it%2F%3Fp%3D963&media=https:\/\/www.oddmuseum.it\/wp-content\/uploads\/2023\/07\/1887-scaled.jpg&description=1887\" title=\"Click to share this post on Pinterest\"><\/a><\/div>\r\n\t\t\t\t\t\t\t\t<\/div>\r\n\t\t\t\t\t\t   <\/div><\/figure><figure class=\"fpg-grid-item\"><img decoding=\"async\" class=\"fpg-thumbs\" src=\"https:\/\/www.oddmuseum.it\/wp-content\/uploads\/2023\/07\/1891-800x500.jpg\" alt=\"1891\"><div class=\"ac-container\">\t<h1 class=\"title\">1891<\/h1>\r\n\t\t\t\t\t\t\t\t<div class=\"ac-icon\">\r\n                           \t\t\t<div class=\"line-top\"><\/div>\r\n                            \t\t<div class=\"text\">Altri avvenimenti: <br>\n- Inaugurazione dell\u2019Esposizione Nazionale a Palermo.<br>\n- Nascita del movimento dei Fasci Siciliani.<\/div>\r\n                            \t\t<div class=\"line-bottom\"><\/div>\r\n\t\t\t\t\t\t\t\t\t<div class=\"ac-social-container\"><a target=\"_blank\" class=\"icon-facebook fa fa-facebook\" href=\"http:\/\/www.facebook.com\/sharer.php?u=https:\/\/www.oddmuseum.it\/?p=966&amp;t=1891\" title=\"Click to share this post on Facebook\"><\/a>\r\n\t\t\t\t\t\t\t\t\t\t\t\t<a target=\"_blank\" class=\"icon-twitter fa fa-twitter\" href=\"http:\/\/twitter.com\/home?status=https:\/\/www.oddmuseum.it\/?p=966\" title=\"Click to share this post on Twitter\"><\/a>\r\n        \t\t\t\t\t\t\t\t\t\t<a target=\"_blank\" class=\"icon-pinterest fa fa-pinterest\" href=\"http:\/\/pinterest.com\/pin\/create\/button\/?url=https%3A%2F%2Fwww.oddmuseum.it%2F%3Fp%3D966&media=https:\/\/www.oddmuseum.it\/wp-content\/uploads\/2023\/07\/1891-scaled.jpg&description=1891\" title=\"Click to share this post on Pinterest\"><\/a><\/div>\r\n\t\t\t\t\t\t\t\t<\/div>\r\n\t\t\t\t\t\t   <\/div><\/figure><figure class=\"fpg-grid-item\"><img decoding=\"async\" class=\"fpg-thumbs\" src=\"https:\/\/www.oddmuseum.it\/wp-content\/uploads\/2023\/08\/1893-800x500.jpg\" alt=\"1893\"><div class=\"ac-container\">\t<h1 class=\"title\">1893<\/h1>\r\n\t\t\t\t\t\t\t\t<div class=\"ac-icon\">\r\n                           \t\t\t<div class=\"line-top\"><\/div>\r\n                            \t\t<div class=\"text\">L'omicidio Notarbartolo \u00e8 stato il primo delitto eccellente compiuto dalla mafia.<br>\nAltri avvenimenti:<br>\nMatrimonio di Ignazio Florio Jr. e Franca Jacona della Motta.<br>\n<\/div>\r\n                            \t\t<div class=\"line-bottom\"><\/div>\r\n\t\t\t\t\t\t\t\t\t<div class=\"ac-social-container\"><a target=\"_blank\" class=\"icon-facebook fa fa-facebook\" href=\"http:\/\/www.facebook.com\/sharer.php?u=https:\/\/www.oddmuseum.it\/?p=1482&amp;t=1893\" title=\"Click to share this post on Facebook\"><\/a>\r\n\t\t\t\t\t\t\t\t\t\t\t\t<a target=\"_blank\" class=\"icon-twitter fa fa-twitter\" href=\"http:\/\/twitter.com\/home?status=https:\/\/www.oddmuseum.it\/?p=1482\" title=\"Click to share this post on Twitter\"><\/a>\r\n        \t\t\t\t\t\t\t\t\t\t<a target=\"_blank\" class=\"icon-pinterest fa fa-pinterest\" href=\"http:\/\/pinterest.com\/pin\/create\/button\/?url=https%3A%2F%2Fwww.oddmuseum.it%2F%3Fp%3D1482&media=https:\/\/www.oddmuseum.it\/wp-content\/uploads\/2023\/08\/1893-scaled.jpg&description=1893\" title=\"Click to share this post on Pinterest\"><\/a><\/div>\r\n\t\t\t\t\t\t\t\t<\/div>\r\n\t\t\t\t\t\t   <\/div><\/figure><figure class=\"fpg-grid-item\"><img decoding=\"async\" class=\"fpg-thumbs\" src=\"https:\/\/www.oddmuseum.it\/wp-content\/uploads\/2023\/08\/1894-800x500.jpg\" alt=\"1894\"><div class=\"ac-container\">\t<h1 class=\"title\">1894<\/h1>\r\n\t\t\t\t\t\t\t\t<div class=\"ac-icon\">\r\n                           \t\t\t<div class=\"line-top\"><\/div>\r\n                            \t\t<div class=\"text\">Dopo una serie di tentativi di sciopero e delle rivolte, il presidente del Consiglio Francesco Crispi tenta di ristabilire l\u2019ordine adottando un duro intervento militare contro i protestanti.<\/div>\r\n                            \t\t<div class=\"line-bottom\"><\/div>\r\n\t\t\t\t\t\t\t\t\t<div class=\"ac-social-container\"><a target=\"_blank\" class=\"icon-facebook fa fa-facebook\" href=\"http:\/\/www.facebook.com\/sharer.php?u=https:\/\/www.oddmuseum.it\/?p=1485&amp;t=1894\" title=\"Click to share this post on Facebook\"><\/a>\r\n\t\t\t\t\t\t\t\t\t\t\t\t<a target=\"_blank\" class=\"icon-twitter fa fa-twitter\" href=\"http:\/\/twitter.com\/home?status=https:\/\/www.oddmuseum.it\/?p=1485\" title=\"Click to share this post on Twitter\"><\/a>\r\n        \t\t\t\t\t\t\t\t\t\t<a target=\"_blank\" class=\"icon-pinterest fa fa-pinterest\" href=\"http:\/\/pinterest.com\/pin\/create\/button\/?url=https%3A%2F%2Fwww.oddmuseum.it%2F%3Fp%3D1485&media=https:\/\/www.oddmuseum.it\/wp-content\/uploads\/2023\/08\/1894-scaled.jpg&description=1894\" title=\"Click to share this post on Pinterest\"><\/a><\/div>\r\n\t\t\t\t\t\t\t\t<\/div>\r\n\t\t\t\t\t\t   <\/div><\/figure><figure class=\"fpg-grid-item\"><img decoding=\"async\" class=\"fpg-thumbs\" src=\"https:\/\/www.oddmuseum.it\/wp-content\/uploads\/2023\/08\/1897-800x500.jpg\" alt=\"1897\"><div class=\"ac-container\">\t<h1 class=\"title\">1897<\/h1>\r\n\t\t\t\t\t\t\t\t<div class=\"ac-icon\">\r\n                           \t\t\t<div class=\"line-top\"><\/div>\r\n                            \t\t<div class=\"text\">Il 16 maggio viene inaugurato il Teatro Massimo con il Falstaff di Giuseppe Verdi.<\/div>\r\n                            \t\t<div class=\"line-bottom\"><\/div>\r\n\t\t\t\t\t\t\t\t\t<div class=\"ac-social-container\"><a target=\"_blank\" class=\"icon-facebook fa fa-facebook\" href=\"http:\/\/www.facebook.com\/sharer.php?u=https:\/\/www.oddmuseum.it\/?p=1488&amp;t=1897\" title=\"Click to share this post on Facebook\"><\/a>\r\n\t\t\t\t\t\t\t\t\t\t\t\t<a target=\"_blank\" class=\"icon-twitter fa fa-twitter\" href=\"http:\/\/twitter.com\/home?status=https:\/\/www.oddmuseum.it\/?p=1488\" title=\"Click to share this post on Twitter\"><\/a>\r\n        \t\t\t\t\t\t\t\t\t\t<a target=\"_blank\" class=\"icon-pinterest fa fa-pinterest\" href=\"http:\/\/pinterest.com\/pin\/create\/button\/?url=https%3A%2F%2Fwww.oddmuseum.it%2F%3Fp%3D1488&media=https:\/\/www.oddmuseum.it\/wp-content\/uploads\/2023\/08\/1897-scaled.jpg&description=1897\" title=\"Click to share this post on Pinterest\"><\/a><\/div>\r\n\t\t\t\t\t\t\t\t<\/div>\r\n\t\t\t\t\t\t   <\/div><\/figure><figure class=\"fpg-grid-item\"><img decoding=\"async\" class=\"fpg-thumbs\" src=\"https:\/\/www.oddmuseum.it\/wp-content\/uploads\/2023\/08\/1899-800x500.jpg\" alt=\"1899\"><div class=\"ac-container\">\t<h1 class=\"title\">1899<\/h1>\r\n\t\t\t\t\t\t\t\t<div class=\"ac-icon\">\r\n                           \t\t\t<div class=\"line-top\"><\/div>\r\n                            \t\t<div class=\"text\">Inaugurazione del \u201cConsorzio Agrario Siciliano\u201d al teatro Politeama. Il principale promotore dell\u2019iniziativa \u00e8 Ignazio Florio Jr.<\/div>\r\n                            \t\t<div class=\"line-bottom\"><\/div>\r\n\t\t\t\t\t\t\t\t\t<div class=\"ac-social-container\"><a target=\"_blank\" class=\"icon-facebook fa fa-facebook\" href=\"http:\/\/www.facebook.com\/sharer.php?u=https:\/\/www.oddmuseum.it\/?p=1494&amp;t=1899\" title=\"Click to share this post on Facebook\"><\/a>\r\n\t\t\t\t\t\t\t\t\t\t\t\t<a target=\"_blank\" class=\"icon-twitter fa fa-twitter\" href=\"http:\/\/twitter.com\/home?status=https:\/\/www.oddmuseum.it\/?p=1494\" title=\"Click to share this post on Twitter\"><\/a>\r\n        \t\t\t\t\t\t\t\t\t\t<a target=\"_blank\" class=\"icon-pinterest fa fa-pinterest\" href=\"http:\/\/pinterest.com\/pin\/create\/button\/?url=https%3A%2F%2Fwww.oddmuseum.it%2F%3Fp%3D1494&media=https:\/\/www.oddmuseum.it\/wp-content\/uploads\/2023\/08\/1899-scaled.jpg&description=1899\" title=\"Click to share this post on Pinterest\"><\/a><\/div>\r\n\t\t\t\t\t\t\t\t<\/div>\r\n\t\t\t\t\t\t   <\/div><\/figure><figure class=\"fpg-grid-item\"><img decoding=\"async\" class=\"fpg-thumbs\" src=\"https:\/\/www.oddmuseum.it\/wp-content\/uploads\/2023\/08\/1900-800x500.jpg\" alt=\"1900\"><div class=\"ac-container\">\t<h1 class=\"title\">1900<\/h1>\r\n\t\t\t\t\t\t\t\t<div class=\"ac-icon\">\r\n                           \t\t\t<div class=\"line-top\"><\/div>\r\n                            \t\t<div class=\"text\">Fondato da Ignazio Florio Jr. e diretto da Vincenzo Morello.<br>\nAltri avvenimenti:<br>\n- Fondazione dell'Anglo Palermitan FC<br>\n- Inaugurazione di villa Igiea<\/div>\r\n                            \t\t<div class=\"line-bottom\"><\/div>\r\n\t\t\t\t\t\t\t\t\t<div class=\"ac-social-container\"><a target=\"_blank\" class=\"icon-facebook fa fa-facebook\" href=\"http:\/\/www.facebook.com\/sharer.php?u=https:\/\/www.oddmuseum.it\/?p=1497&amp;t=1900\" title=\"Click to share this post on Facebook\"><\/a>\r\n\t\t\t\t\t\t\t\t\t\t\t\t<a target=\"_blank\" class=\"icon-twitter fa fa-twitter\" href=\"http:\/\/twitter.com\/home?status=https:\/\/www.oddmuseum.it\/?p=1497\" title=\"Click to share this post on Twitter\"><\/a>\r\n        \t\t\t\t\t\t\t\t\t\t<a target=\"_blank\" class=\"icon-pinterest fa fa-pinterest\" href=\"http:\/\/pinterest.com\/pin\/create\/button\/?url=https%3A%2F%2Fwww.oddmuseum.it%2F%3Fp%3D1497&media=https:\/\/www.oddmuseum.it\/wp-content\/uploads\/2023\/08\/1900-scaled.jpg&description=1900\" title=\"Click to share this post on Pinterest\"><\/a><\/div>\r\n\t\t\t\t\t\t\t\t<\/div>\r\n\t\t\t\t\t\t   <\/div><\/figure><figure class=\"fpg-grid-item\"><img decoding=\"async\" class=\"fpg-thumbs\" src=\"https:\/\/www.oddmuseum.it\/wp-content\/uploads\/2023\/08\/1901-800x500.jpg\" alt=\"1901\"><div class=\"ac-container\">\t<h1 class=\"title\">1901<\/h1>\r\n\t\t\t\t\t\t\t\t<div class=\"ac-icon\">\r\n                           \t\t\t<div class=\"line-top\"><\/div>\r\n                            \t\t<div class=\"text\">Giovanni Boldini dipinge il celeberrimo dipinto \u201cRitratto di Donna Franca Florio\u201d\n<\/div>\r\n                            \t\t<div class=\"line-bottom\"><\/div>\r\n\t\t\t\t\t\t\t\t\t<div class=\"ac-social-container\"><a target=\"_blank\" class=\"icon-facebook fa fa-facebook\" href=\"http:\/\/www.facebook.com\/sharer.php?u=https:\/\/www.oddmuseum.it\/?p=1500&amp;t=1901\" title=\"Click to share this post on Facebook\"><\/a>\r\n\t\t\t\t\t\t\t\t\t\t\t\t<a target=\"_blank\" class=\"icon-twitter fa fa-twitter\" href=\"http:\/\/twitter.com\/home?status=https:\/\/www.oddmuseum.it\/?p=1500\" title=\"Click to share this post on Twitter\"><\/a>\r\n        \t\t\t\t\t\t\t\t\t\t<a target=\"_blank\" class=\"icon-pinterest fa fa-pinterest\" href=\"http:\/\/pinterest.com\/pin\/create\/button\/?url=https%3A%2F%2Fwww.oddmuseum.it%2F%3Fp%3D1500&media=https:\/\/www.oddmuseum.it\/wp-content\/uploads\/2023\/08\/1901-scaled.jpg&description=1901\" title=\"Click to share this post on Pinterest\"><\/a><\/div>\r\n\t\t\t\t\t\t\t\t<\/div>\r\n\t\t\t\t\t\t   <\/div><\/figure><figure class=\"fpg-grid-item\"><img decoding=\"async\" class=\"fpg-thumbs\" src=\"https:\/\/www.oddmuseum.it\/wp-content\/uploads\/2023\/08\/1902-800x500.jpg\" alt=\"1902\"><div class=\"ac-container\">\t<h1 class=\"title\">1902<\/h1>\r\n\t\t\t\t\t\t\t\t<div class=\"ac-icon\">\r\n                           \t\t\t<div class=\"line-top\"><\/div>\r\n                            \t\t<div class=\"text\">Altri avvenimenti:<br>\n- Nomina di Franca Florio come dama di corte della regina<br>\n- Nomina di Pip Whitaker come presidente onorario dell\u2019Anglo Palermitan Football Club<\/div>\r\n                            \t\t<div class=\"line-bottom\"><\/div>\r\n\t\t\t\t\t\t\t\t\t<div class=\"ac-social-container\"><a target=\"_blank\" class=\"icon-facebook fa fa-facebook\" href=\"http:\/\/www.facebook.com\/sharer.php?u=https:\/\/www.oddmuseum.it\/?p=1503&amp;t=1902\" title=\"Click to share this post on Facebook\"><\/a>\r\n\t\t\t\t\t\t\t\t\t\t\t\t<a target=\"_blank\" class=\"icon-twitter fa fa-twitter\" href=\"http:\/\/twitter.com\/home?status=https:\/\/www.oddmuseum.it\/?p=1503\" title=\"Click to share this post on Twitter\"><\/a>\r\n        \t\t\t\t\t\t\t\t\t\t<a target=\"_blank\" class=\"icon-pinterest fa fa-pinterest\" href=\"http:\/\/pinterest.com\/pin\/create\/button\/?url=https%3A%2F%2Fwww.oddmuseum.it%2F%3Fp%3D1503&media=https:\/\/www.oddmuseum.it\/wp-content\/uploads\/2023\/08\/1902-scaled.jpg&description=1902\" title=\"Click to share this post on Pinterest\"><\/a><\/div>\r\n\t\t\t\t\t\t\t\t<\/div>\r\n\t\t\t\t\t\t   <\/div><\/figure><figure class=\"fpg-grid-item\"><img decoding=\"async\" class=\"fpg-thumbs\" src=\"https:\/\/www.oddmuseum.it\/wp-content\/uploads\/2023\/08\/1903-800x500.jpg\" alt=\"1903\"><div class=\"ac-container\">\t<h1 class=\"title\">1903<\/h1>\r\n\t\t\t\t\t\t\t\t<div class=\"ac-icon\">\r\n                           \t\t\t<div class=\"line-top\"><\/div>\r\n                            \t\t<div class=\"text\">Tra il 1902 e il 1903, Franca e Ignazio perdono 3 dei loro 5 figli.<br>\nAltri avvenimenti:<br>\n- Scioglimento del Consorzio Agrario Siciliano<\/div>\r\n                            \t\t<div class=\"line-bottom\"><\/div>\r\n\t\t\t\t\t\t\t\t\t<div class=\"ac-social-container\"><a target=\"_blank\" class=\"icon-facebook fa fa-facebook\" href=\"http:\/\/www.facebook.com\/sharer.php?u=https:\/\/www.oddmuseum.it\/?p=1506&amp;t=1903\" title=\"Click to share this post on Facebook\"><\/a>\r\n\t\t\t\t\t\t\t\t\t\t\t\t<a target=\"_blank\" class=\"icon-twitter fa fa-twitter\" href=\"http:\/\/twitter.com\/home?status=https:\/\/www.oddmuseum.it\/?p=1506\" title=\"Click to share this post on Twitter\"><\/a>\r\n        \t\t\t\t\t\t\t\t\t\t<a target=\"_blank\" class=\"icon-pinterest fa fa-pinterest\" href=\"http:\/\/pinterest.com\/pin\/create\/button\/?url=https%3A%2F%2Fwww.oddmuseum.it%2F%3Fp%3D1506&media=https:\/\/www.oddmuseum.it\/wp-content\/uploads\/2023\/08\/1903-scaled.jpg&description=1903\" title=\"Click to share this post on Pinterest\"><\/a><\/div>\r\n\t\t\t\t\t\t\t\t<\/div>\r\n\t\t\t\t\t\t   <\/div><\/figure><figure class=\"fpg-grid-item\"><img decoding=\"async\" class=\"fpg-thumbs\" src=\"https:\/\/www.oddmuseum.it\/wp-content\/uploads\/2023\/08\/1904-800x500.jpg\" alt=\"1904\"><div class=\"ac-container\">\t<h1 class=\"title\">1904<\/h1>\r\n\t\t\t\t\t\t\t\t<div class=\"ac-icon\">\r\n                           \t\t\t<div class=\"line-top\"><\/div>\r\n                            \t\t<div class=\"text\">L'imperatore tedesco Guglielmo II arriva a Palermo a bordo del suo yacht Hohenzollern e vi resta per qualche giorno, intrattenendosi con l\u2019\u00e9lite palermitana, tra i quali i Florio.\n<\/div>\r\n                            \t\t<div class=\"line-bottom\"><\/div>\r\n\t\t\t\t\t\t\t\t\t<div class=\"ac-social-container\"><a target=\"_blank\" class=\"icon-facebook fa fa-facebook\" href=\"http:\/\/www.facebook.com\/sharer.php?u=https:\/\/www.oddmuseum.it\/?p=1509&amp;t=1904\" title=\"Click to share this post on Facebook\"><\/a>\r\n\t\t\t\t\t\t\t\t\t\t\t\t<a target=\"_blank\" class=\"icon-twitter fa fa-twitter\" href=\"http:\/\/twitter.com\/home?status=https:\/\/www.oddmuseum.it\/?p=1509\" title=\"Click to share this post on Twitter\"><\/a>\r\n        \t\t\t\t\t\t\t\t\t\t<a target=\"_blank\" class=\"icon-pinterest fa fa-pinterest\" href=\"http:\/\/pinterest.com\/pin\/create\/button\/?url=https%3A%2F%2Fwww.oddmuseum.it%2F%3Fp%3D1509&media=https:\/\/www.oddmuseum.it\/wp-content\/uploads\/2023\/08\/1904-scaled.jpg&description=1904\" title=\"Click to share this post on Pinterest\"><\/a><\/div>\r\n\t\t\t\t\t\t\t\t<\/div>\r\n\t\t\t\t\t\t   <\/div><\/figure><figure class=\"fpg-grid-item\"><img decoding=\"async\" class=\"fpg-thumbs\" src=\"https:\/\/www.oddmuseum.it\/wp-content\/uploads\/2023\/08\/1905-800x500.jpg\" alt=\"1905\"><div class=\"ac-container\">\t<h1 class=\"title\">1905<\/h1>\r\n\t\t\t\t\t\t\t\t<div class=\"ac-icon\">\r\n                           \t\t\t<div class=\"line-top\"><\/div>\r\n                            \t\t<div class=\"text\">Altri avvenimenti:<br>\n- Si disputa il primo torneo di calcio siciliano della storia, la Whitaker Challenge Cup\n<\/div>\r\n                            \t\t<div class=\"line-bottom\"><\/div>\r\n\t\t\t\t\t\t\t\t\t<div class=\"ac-social-container\"><a target=\"_blank\" class=\"icon-facebook fa fa-facebook\" href=\"http:\/\/www.facebook.com\/sharer.php?u=https:\/\/www.oddmuseum.it\/?p=1512&amp;t=1905\" title=\"Click to share this post on Facebook\"><\/a>\r\n\t\t\t\t\t\t\t\t\t\t\t\t<a target=\"_blank\" class=\"icon-twitter fa fa-twitter\" href=\"http:\/\/twitter.com\/home?status=https:\/\/www.oddmuseum.it\/?p=1512\" title=\"Click to share this post on Twitter\"><\/a>\r\n        \t\t\t\t\t\t\t\t\t\t<a target=\"_blank\" class=\"icon-pinterest fa fa-pinterest\" href=\"http:\/\/pinterest.com\/pin\/create\/button\/?url=https%3A%2F%2Fwww.oddmuseum.it%2F%3Fp%3D1512&media=https:\/\/www.oddmuseum.it\/wp-content\/uploads\/2023\/08\/1905-scaled.jpg&description=1905\" title=\"Click to share this post on Pinterest\"><\/a><\/div>\r\n\t\t\t\t\t\t\t\t<\/div>\r\n\t\t\t\t\t\t   <\/div><\/figure><figure class=\"fpg-grid-item\"><img decoding=\"async\" class=\"fpg-thumbs\" src=\"https:\/\/www.oddmuseum.it\/wp-content\/uploads\/2023\/08\/1906-800x500.jpg\" alt=\"1906\"><div class=\"ac-container\">\t<h1 class=\"title\">1906<\/h1>\r\n\t\t\t\t\t\t\t\t<div class=\"ac-icon\">\r\n                           \t\t\t<div class=\"line-top\"><\/div>\r\n                            \t\t<div class=\"text\">Prima edizione della \u201cTarga Florio\u201d, gara automobilistica voluta da Vincenzo Florio.\n<\/div>\r\n                            \t\t<div class=\"line-bottom\"><\/div>\r\n\t\t\t\t\t\t\t\t\t<div class=\"ac-social-container\"><a target=\"_blank\" class=\"icon-facebook fa fa-facebook\" href=\"http:\/\/www.facebook.com\/sharer.php?u=https:\/\/www.oddmuseum.it\/?p=1515&amp;t=1906\" title=\"Click to share this post on Facebook\"><\/a>\r\n\t\t\t\t\t\t\t\t\t\t\t\t<a target=\"_blank\" class=\"icon-twitter fa fa-twitter\" href=\"http:\/\/twitter.com\/home?status=https:\/\/www.oddmuseum.it\/?p=1515\" title=\"Click to share this post on Twitter\"><\/a>\r\n        \t\t\t\t\t\t\t\t\t\t<a target=\"_blank\" class=\"icon-pinterest fa fa-pinterest\" href=\"http:\/\/pinterest.com\/pin\/create\/button\/?url=https%3A%2F%2Fwww.oddmuseum.it%2F%3Fp%3D1515&media=https:\/\/www.oddmuseum.it\/wp-content\/uploads\/2023\/08\/1906-scaled.jpg&description=1906\" title=\"Click to share this post on Pinterest\"><\/a><\/div>\r\n\t\t\t\t\t\t\t\t<\/div>\r\n\t\t\t\t\t\t   <\/div><\/figure><figure class=\"fpg-grid-item\"><img decoding=\"async\" class=\"fpg-thumbs\" src=\"https:\/\/www.oddmuseum.it\/wp-content\/uploads\/2023\/08\/1907-800x500.jpg\" alt=\"1907\"><div class=\"ac-container\">\t<h1 class=\"title\">1907<\/h1>\r\n\t\t\t\t\t\t\t\t<div class=\"ac-icon\">\r\n                           \t\t\t<div class=\"line-top\"><\/div>\r\n                            \t\t<div class=\"text\">Un'esplosione agghiacciante in via dei Lattarini ha distrutto una parte di Palermo: alberghi, case e attivit\u00e0 completamente rasi al suolo.<br><\/div>\r\n                            \t\t<div class=\"line-bottom\"><\/div>\r\n\t\t\t\t\t\t\t\t\t<div class=\"ac-social-container\"><a target=\"_blank\" class=\"icon-facebook fa fa-facebook\" href=\"http:\/\/www.facebook.com\/sharer.php?u=https:\/\/www.oddmuseum.it\/?p=1518&amp;t=1907\" title=\"Click to share this post on Facebook\"><\/a>\r\n\t\t\t\t\t\t\t\t\t\t\t\t<a target=\"_blank\" class=\"icon-twitter fa fa-twitter\" href=\"http:\/\/twitter.com\/home?status=https:\/\/www.oddmuseum.it\/?p=1518\" title=\"Click to share this post on Twitter\"><\/a>\r\n        \t\t\t\t\t\t\t\t\t\t<a target=\"_blank\" class=\"icon-pinterest fa fa-pinterest\" href=\"http:\/\/pinterest.com\/pin\/create\/button\/?url=https%3A%2F%2Fwww.oddmuseum.it%2F%3Fp%3D1518&media=https:\/\/www.oddmuseum.it\/wp-content\/uploads\/2023\/08\/1907-scaled.jpg&description=1907\" title=\"Click to share this post on Pinterest\"><\/a><\/div>\r\n\t\t\t\t\t\t\t\t<\/div>\r\n\t\t\t\t\t\t   <\/div><\/figure><figure class=\"fpg-grid-item\"><img decoding=\"async\" class=\"fpg-thumbs\" src=\"https:\/\/www.oddmuseum.it\/wp-content\/uploads\/2023\/08\/1908-800x500.jpg\" alt=\"1908\"><div class=\"ac-container\">\t<h1 class=\"title\">1908<\/h1>\r\n\t\t\t\t\t\t\t\t<div class=\"ac-icon\">\r\n                           \t\t\t<div class=\"line-top\"><\/div>\r\n                            \t\t<div class=\"text\">Una della pi\u00f9 gravi catastrofi naturali avvenute in Italia e in Europa nel XX secolo. Le vittime sono state pi\u00f9 di 100.000.\n<\/div>\r\n                            \t\t<div class=\"line-bottom\"><\/div>\r\n\t\t\t\t\t\t\t\t\t<div class=\"ac-social-container\"><a target=\"_blank\" class=\"icon-facebook fa fa-facebook\" href=\"http:\/\/www.facebook.com\/sharer.php?u=https:\/\/www.oddmuseum.it\/?p=1521&amp;t=1908\" title=\"Click to share this post on Facebook\"><\/a>\r\n\t\t\t\t\t\t\t\t\t\t\t\t<a target=\"_blank\" class=\"icon-twitter fa fa-twitter\" href=\"http:\/\/twitter.com\/home?status=https:\/\/www.oddmuseum.it\/?p=1521\" title=\"Click to share this post on Twitter\"><\/a>\r\n        \t\t\t\t\t\t\t\t\t\t<a target=\"_blank\" class=\"icon-pinterest fa fa-pinterest\" href=\"http:\/\/pinterest.com\/pin\/create\/button\/?url=https%3A%2F%2Fwww.oddmuseum.it%2F%3Fp%3D1521&media=https:\/\/www.oddmuseum.it\/wp-content\/uploads\/2023\/08\/1908-scaled.jpg&description=1908\" title=\"Click to share this post on Pinterest\"><\/a><\/div>\r\n\t\t\t\t\t\t\t\t<\/div>\r\n\t\t\t\t\t\t   <\/div><\/figure><figure class=\"fpg-grid-item\"><img decoding=\"async\" class=\"fpg-thumbs\" src=\"https:\/\/www.oddmuseum.it\/wp-content\/uploads\/2023\/08\/1909-800x500.jpg\" alt=\"1909\"><div class=\"ac-container\">\t<h1 class=\"title\">1909<\/h1>\r\n\t\t\t\t\t\t\t\t<div class=\"ac-icon\">\r\n                           \t\t\t<div class=\"line-top\"><\/div>\r\n                            \t\t<div class=\"text\">\u00c8 stato il primo torneo inter-regionale di calcio della Sicilia.<br>\nAltri avvenimenti:<br>\n- Assassinio di Joe Petrosino.<\/div>\r\n                            \t\t<div class=\"line-bottom\"><\/div>\r\n\t\t\t\t\t\t\t\t\t<div class=\"ac-social-container\"><a target=\"_blank\" class=\"icon-facebook fa fa-facebook\" href=\"http:\/\/www.facebook.com\/sharer.php?u=https:\/\/www.oddmuseum.it\/?p=1524&amp;t=1909\" title=\"Click to share this post on Facebook\"><\/a>\r\n\t\t\t\t\t\t\t\t\t\t\t\t<a target=\"_blank\" class=\"icon-twitter fa fa-twitter\" href=\"http:\/\/twitter.com\/home?status=https:\/\/www.oddmuseum.it\/?p=1524\" title=\"Click to share this post on Twitter\"><\/a>\r\n        \t\t\t\t\t\t\t\t\t\t<a target=\"_blank\" class=\"icon-pinterest fa fa-pinterest\" href=\"http:\/\/pinterest.com\/pin\/create\/button\/?url=https%3A%2F%2Fwww.oddmuseum.it%2F%3Fp%3D1524&media=https:\/\/www.oddmuseum.it\/wp-content\/uploads\/2023\/08\/1909-scaled.jpg&description=1909\" title=\"Click to share this post on Pinterest\"><\/a><\/div>\r\n\t\t\t\t\t\t\t\t<\/div>\r\n\t\t\t\t\t\t   <\/div><\/figure><figure class=\"fpg-grid-item\"><img decoding=\"async\" class=\"fpg-thumbs\" src=\"https:\/\/www.oddmuseum.it\/wp-content\/uploads\/2023\/08\/1910-800x500.jpg\" alt=\"1910\"><div class=\"ac-container\">\t<h1 class=\"title\">1910<\/h1>\r\n\t\t\t\t\t\t\t\t<div class=\"ac-icon\">\r\n                           \t\t\t<div class=\"line-top\"><\/div>\r\n                            \t\t<div class=\"text\">Una serie di eventi e manifestazioni sportive organizzate per celebrare i cinquant'anni dall'Unit\u00e0 d'Italia.<br>\nAltri avvenimenti:<br>\n- Inaugurazione della Galleria Civica d\u2019Arte Moderna.\n<\/div>\r\n                            \t\t<div class=\"line-bottom\"><\/div>\r\n\t\t\t\t\t\t\t\t\t<div class=\"ac-social-container\"><a target=\"_blank\" class=\"icon-facebook fa fa-facebook\" href=\"http:\/\/www.facebook.com\/sharer.php?u=https:\/\/www.oddmuseum.it\/?p=1527&amp;t=1910\" title=\"Click to share this post on Facebook\"><\/a>\r\n\t\t\t\t\t\t\t\t\t\t\t\t<a target=\"_blank\" class=\"icon-twitter fa fa-twitter\" href=\"http:\/\/twitter.com\/home?status=https:\/\/www.oddmuseum.it\/?p=1527\" title=\"Click to share this post on Twitter\"><\/a>\r\n        \t\t\t\t\t\t\t\t\t\t<a target=\"_blank\" class=\"icon-pinterest fa fa-pinterest\" href=\"http:\/\/pinterest.com\/pin\/create\/button\/?url=https%3A%2F%2Fwww.oddmuseum.it%2F%3Fp%3D1527&media=https:\/\/www.oddmuseum.it\/wp-content\/uploads\/2023\/08\/1910-scaled.jpg&description=1910\" title=\"Click to share this post on Pinterest\"><\/a><\/div>\r\n\t\t\t\t\t\t\t\t<\/div>\r\n\t\t\t\t\t\t   <\/div><\/figure><figure class=\"fpg-grid-item\"><img decoding=\"async\" class=\"fpg-thumbs\" src=\"https:\/\/www.oddmuseum.it\/wp-content\/uploads\/2023\/08\/1911-800x500.jpg\" alt=\"1911\"><div class=\"ac-container\">\t<h1 class=\"title\">1911<\/h1>\r\n\t\t\t\t\t\t\t\t<div class=\"ac-icon\">\r\n                           \t\t\t<div class=\"line-top\"><\/div>\r\n                            \t\t<div class=\"text\">Giulia Trigona e Vincenzo Patern\u00f2 del Cugno sono stati amanti per circa un anno. I due si incontrano in una camera d'albergo per dirsi addio, ma il barone Del Cugno uccide la donna brutalmente. <\/div>\r\n                            \t\t<div class=\"line-bottom\"><\/div>\r\n\t\t\t\t\t\t\t\t\t<div class=\"ac-social-container\"><a target=\"_blank\" class=\"icon-facebook fa fa-facebook\" href=\"http:\/\/www.facebook.com\/sharer.php?u=https:\/\/www.oddmuseum.it\/?p=1530&amp;t=1911\" title=\"Click to share this post on Facebook\"><\/a>\r\n\t\t\t\t\t\t\t\t\t\t\t\t<a target=\"_blank\" class=\"icon-twitter fa fa-twitter\" href=\"http:\/\/twitter.com\/home?status=https:\/\/www.oddmuseum.it\/?p=1530\" title=\"Click to share this post on Twitter\"><\/a>\r\n        \t\t\t\t\t\t\t\t\t\t<a target=\"_blank\" class=\"icon-pinterest fa fa-pinterest\" href=\"http:\/\/pinterest.com\/pin\/create\/button\/?url=https%3A%2F%2Fwww.oddmuseum.it%2F%3Fp%3D1530&media=https:\/\/www.oddmuseum.it\/wp-content\/uploads\/2023\/08\/1911-scaled.jpg&description=1911\" title=\"Click to share this post on Pinterest\"><\/a><\/div>\r\n\t\t\t\t\t\t\t\t<\/div>\r\n\t\t\t\t\t\t   <\/div><\/figure><figure class=\"fpg-grid-item\"><img decoding=\"async\" class=\"fpg-thumbs\" src=\"https:\/\/www.oddmuseum.it\/wp-content\/uploads\/2023\/08\/1912-800x500.jpg\" alt=\"1912\"><div class=\"ac-container\">\t<h1 class=\"title\">1912<\/h1>\r\n\t\t\t\t\t\t\t\t<div class=\"ac-icon\">\r\n                           \t\t\t<div class=\"line-top\"><\/div>\r\n                            \t\t<div class=\"text\">Il conte Arrivabene scopre della relazione tra Ignazio Florio e la moglie Vera e decide di regolare i conti. I due si sfidano poco fuori Porta Pia, con la sciabola.<\/div>\r\n                            \t\t<div class=\"line-bottom\"><\/div>\r\n\t\t\t\t\t\t\t\t\t<div class=\"ac-social-container\"><a target=\"_blank\" class=\"icon-facebook fa fa-facebook\" href=\"http:\/\/www.facebook.com\/sharer.php?u=https:\/\/www.oddmuseum.it\/?p=1533&amp;t=1912\" title=\"Click to share this post on Facebook\"><\/a>\r\n\t\t\t\t\t\t\t\t\t\t\t\t<a target=\"_blank\" class=\"icon-twitter fa fa-twitter\" href=\"http:\/\/twitter.com\/home?status=https:\/\/www.oddmuseum.it\/?p=1533\" title=\"Click to share this post on Twitter\"><\/a>\r\n        \t\t\t\t\t\t\t\t\t\t<a target=\"_blank\" class=\"icon-pinterest fa fa-pinterest\" href=\"http:\/\/pinterest.com\/pin\/create\/button\/?url=https%3A%2F%2Fwww.oddmuseum.it%2F%3Fp%3D1533&media=https:\/\/www.oddmuseum.it\/wp-content\/uploads\/2023\/08\/1912-scaled.jpg&description=1912\" title=\"Click to share this post on Pinterest\"><\/a><\/div>\r\n\t\t\t\t\t\t\t\t<\/div>\r\n\t\t\t\t\t\t   <\/div><\/figure><figure class=\"fpg-grid-item\"><img decoding=\"async\" class=\"fpg-thumbs\" src=\"https:\/\/www.oddmuseum.it\/wp-content\/uploads\/2023\/08\/1914-800x500.jpg\" alt=\"1914\"><div class=\"ac-container\">\t<h1 class=\"title\">1914<\/h1>\r\n\t\t\t\t\t\t\t\t<div class=\"ac-icon\">\r\n                           \t\t\t<div class=\"line-top\"><\/div>\r\n                            \t\t<div class=\"text\">Ignazio Florio Jr., a causa dei suoi gravi problemi finanziari, cede il quotidiano l\u2019Ora a Filippo Pecoraino, facoltoso imprenditore proprietario di mulini e pastifici.<\/div>\r\n                            \t\t<div class=\"line-bottom\"><\/div>\r\n\t\t\t\t\t\t\t\t\t<div class=\"ac-social-container\"><a target=\"_blank\" class=\"icon-facebook fa fa-facebook\" href=\"http:\/\/www.facebook.com\/sharer.php?u=https:\/\/www.oddmuseum.it\/?p=1537&amp;t=1914\" title=\"Click to share this post on Facebook\"><\/a>\r\n\t\t\t\t\t\t\t\t\t\t\t\t<a target=\"_blank\" class=\"icon-twitter fa fa-twitter\" href=\"http:\/\/twitter.com\/home?status=https:\/\/www.oddmuseum.it\/?p=1537\" title=\"Click to share this post on Twitter\"><\/a>\r\n        \t\t\t\t\t\t\t\t\t\t<a target=\"_blank\" class=\"icon-pinterest fa fa-pinterest\" href=\"http:\/\/pinterest.com\/pin\/create\/button\/?url=https%3A%2F%2Fwww.oddmuseum.it%2F%3Fp%3D1537&media=https:\/\/www.oddmuseum.it\/wp-content\/uploads\/2023\/08\/1914-scaled.jpg&description=1914\" title=\"Click to share this post on Pinterest\"><\/a><\/div>\r\n\t\t\t\t\t\t\t\t<\/div>\r\n\t\t\t\t\t\t   <\/div><\/figure><\/div><\/div>\t\t<\/div>\n\t\t\t\t<\/div>\n\t\t\t\t<\/div>\n\t\t\t\t\t\t\t<\/div>\n\t\t","protected":false},"excerpt":{"rendered":"<p>CONTESTO STORICO | ENG 1870 Iniziata convenzionalmente nel 1870, la seconda rivoluzione ha comportato una trasformazione radicale nella vita e<\/p>\n","protected":false},"author":1,"featured_media":0,"parent":0,"menu_order":0,"comment_status":"closed","ping_status":"closed","template":"","meta":{"footnotes":""},"class_list":["post-183","page","type-page","status-publish","hentry"],"_links":{"self":[{"href":"https:\/\/www.oddmuseum.it\/index.php?rest_route=\/wp\/v2\/pages\/183","targetHints":{"allow":["GET"]}}],"collection":[{"href":"https:\/\/www.oddmuseum.it\/index.php?rest_route=\/wp\/v2\/pages"}],"about":[{"href":"https:\/\/www.oddmuseum.it\/index.php?rest_route=\/wp\/v2\/types\/page"}],"author":[{"embeddable":true,"href":"https:\/\/www.oddmuseum.it\/index.php?rest_route=\/wp\/v2\/users\/1"}],"replies":[{"embeddable":true,"href":"https:\/\/www.oddmuseum.it\/index.php?rest_route=%2Fwp%2Fv2%2Fcomments&post=183"}],"version-history":[{"count":598,"href":"https:\/\/www.oddmuseum.it\/index.php?rest_route=\/wp\/v2\/pages\/183\/revisions"}],"predecessor-version":[{"id":2883,"href":"https:\/\/www.oddmuseum.it\/index.php?rest_route=\/wp\/v2\/pages\/183\/revisions\/2883"}],"wp:attachment":[{"href":"https:\/\/www.oddmuseum.it\/index.php?rest_route=%2Fwp%2Fv2%2Fmedia&parent=183"}],"curies":[{"name":"wp","href":"https:\/\/api.w.org\/{rel}","templated":true}]}}